{"id":11204,"date":"2025-11-16T08:11:52","date_gmt":"2025-11-16T08:11:52","guid":{"rendered":"https:\/\/diegogiusti.it\/?page_id=11204"},"modified":"2026-02-02T18:40:55","modified_gmt":"2026-02-02T18:40:55","slug":"realwedding-new-eleonora-e-francesco","status":"publish","type":"page","link":"https:\/\/diegogiusti.it\/en\/realwedding-new-eleonora-e-francesco\/","title":{"rendered":"realwedding new Eleonora e Francesco"},"content":{"rendered":"<p><section data-bb-version=\"5.5.3\" id=\"bt_bb_section69f200cfa2b4f\" class=\"bt_bb_section bt_bb_color_scheme_2 bt_bb_layout_boxed_1000 bt_bb_vertical_align_top bt_bb_top_spacing_medium bt_bb_bottom_spacing_medium\" style=\"; --section-primary-color:#181818; --section-secondary-color:#ffffff;\" data-bt-override-class=\"{&quot;bt_bb_top_spacing_&quot;:{&quot;current_class&quot;:&quot;bt_bb_top_spacing_medium&quot;,&quot;def&quot;:&quot;medium&quot;},&quot;bt_bb_bottom_spacing_&quot;:{&quot;current_class&quot;:&quot;bt_bb_bottom_spacing_medium&quot;,&quot;def&quot;:&quot;medium&quot;},&quot;bt_bb_animation_&quot;:{&quot;current_class&quot;:&quot;bt_bb_animation_no_animation&quot;,&quot;def&quot;:&quot;no_animation&quot;}}\"><div class=\"bt_bb_port\"><div class=\"bt_bb_cell\"><div class=\"bt_bb_cell_inner\"><div class=\"bt_bb_row\"  data-bt-override-class=\"{}\"><div class=\"bt_bb_row_holder\" ><div  class=\"bt_bb_column col-xxl-12 col-xl-12 bt_bb_vertical_align_middle bt_bb_align_center bt_bb_padding_normal bt_bb_animation_fade_in move_up animate\" style=\"; --column-width:12;\" data-width=\"12\" data-bt-override-class=\"{}\"><div class=\"bt_bb_column_content\"><div class=\"bt_bb_column_content_inner\"><div class=\"bt_bb_separator bt_bb_border_style_none bt_bb_bottom_spacing_small\" data-bt-override-class=\"null\"><\/div><header data-bb-version=\"5.6.3\" class=\"bt_bb_headline bt_bb_color_scheme_4 bt_bb_dash_none bt_bb_size_large bt_bb_align_center\" style=\"; --headline-primary-color:#8c857a; --headline-secondary-color:#ffffff;\" data-bt-override-class=\"{&quot;bt_bb_size_&quot;:{&quot;current_class&quot;:&quot;bt_bb_size_large&quot;,&quot;def&quot;:&quot;large&quot;},&quot;bt_bb_align_&quot;:{&quot;current_class&quot;:&quot;bt_bb_align_center&quot;,&quot;def&quot;:&quot;center&quot;}}\"><h1 class=\"bt_bb_headline_tag\"><span class=\"bt_bb_headline_content\"><span>A FAIRYTALE WEDDING IN A TUSCAN VILLAGE<\/span><\/span><\/h1><\/header><div data-bb-version=\"5.5.3\" class=\"bt_bb_separator bt_bb_border_style_none bt_bb_top_spacing_none bt_bb_bottom_spacing_none bt_bb_hidden_xs bt_bb_hidden_ms bt_bb_hidden_sm\" data-bt-override-class=\"{&quot;bt_bb_top_spacing_&quot;:{&quot;current_class&quot;:&quot;bt_bb_top_spacing_none&quot;,&quot;def&quot;:&quot;none&quot;},&quot;bt_bb_bottom_spacing_&quot;:{&quot;current_class&quot;:&quot;bt_bb_bottom_spacing_none&quot;,&quot;def&quot;:&quot;none&quot;}}\"><\/div><\/div><\/div><\/div><\/div><\/div><\/div><!-- cell_inner --><\/div><!-- cell --><\/div><!-- port --><\/section><section data-bb-version=\"5.4.7\" id=\"bt_bb_section69f200cfa2f30\" class=\"bt_bb_section bt_bb_layout_boxed_1200 bt_bb_vertical_align_top bt_bb_top_spacing_normal bt_bb_bottom_spacing_none\"  data-bt-override-class=\"{&quot;bt_bb_top_spacing_&quot;:{&quot;current_class&quot;:&quot;bt_bb_top_spacing_normal&quot;,&quot;def&quot;:&quot;normal&quot;},&quot;bt_bb_bottom_spacing_&quot;:{&quot;current_class&quot;:&quot;bt_bb_bottom_spacing_none&quot;,&quot;def&quot;:&quot;none&quot;},&quot;bt_bb_animation_&quot;:{&quot;current_class&quot;:&quot;bt_bb_animation_no_animation&quot;,&quot;def&quot;:&quot;no_animation&quot;}}\"><div class=\"bt_bb_port\"><div class=\"bt_bb_cell\"><div class=\"bt_bb_cell_inner\"><div class=\"bt_bb_row\"  data-bt-override-class=\"{}\"><div class=\"bt_bb_row_holder\" ><div data-bb-version=\"5.4.7\"  class=\"bt_bb_column col-xxl-12 col-xl-12 col-xs-12 col-sm-12 col-md-12 col-lg-12 bt_bb_vertical_align_top bt_bb_align_left bt_bb_padding_normal\" style=\"; --column-width:12;\" data-width=\"12\" data-bt-override-class=\"{}\"><div class=\"bt_bb_column_content\"><div class=\"bt_bb_column_content_inner\"><div data-bb-version=\"5.4.7\" class=\"bt_bb_separator bt_bb_border_style_none bt_bb_top_spacing_small bt_bb_bottom_spacing_small\" data-bt-override-class=\"{&quot;bt_bb_top_spacing_&quot;:{&quot;current_class&quot;:&quot;bt_bb_top_spacing_small&quot;,&quot;def&quot;:&quot;small&quot;},&quot;bt_bb_bottom_spacing_&quot;:{&quot;current_class&quot;:&quot;bt_bb_bottom_spacing_small&quot;,&quot;def&quot;:&quot;small&quot;}}\"><\/div><div data-bb-version=\"5.5.3\" class=\"bt_bb_slider bt_bb_height_auto bt_bb_show_dots_bottom bt_bb_multiple_slides bt_bb_animation_slide animate bt_bb_navigation_color_light\"><div class=\"slick-slider\"  data-slick='{ \"lazyLoad\": \"progressive\", \"cssEase\": \"ease-out\", \"speed\": \"300\", \"adaptiveHeight\": true, \"dots\": true, \"prevArrow\": \"&lt;button type=\\\"button\\\" class=\\\"slick-prev\\\" aria-label=\\\"Previous\\\" tabindex=\\\"0\\\" role=\\\"button\\\"&gt;&lt;\/button&gt;\", \"nextArrow\": \"&lt;button type=\\\"button\\\" class=\\\"slick-next\\\" aria-label=\\\"Next\\\" tabindex=\\\"0\\\" role=\\\"button\\\"&gt;&lt;\/button&gt;\",\"slidesToShow\": 1, \"autoplay\": true, \"autoplaySpeed\": 3800}' ><div class=\"bt_bb_slider_item\" data-src-full=\"https:\/\/diegogiusti.it\/wp-content\/uploads\/2025\/11\/Diego-Giusti-fotografo-matrimonio-a-Livorno-Eleonora-e-Francesco-3.webp\"><img src=\"https:\/\/diegogiusti.it\/wp-content\/uploads\/2025\/11\/Diego-Giusti-fotografo-matrimonio-a-Livorno-Eleonora-e-Francesco-3.webp\" alt=\"Diego Giusti fotografo matrimonio a Livorno- Eleonora e Francesco-3\"  title=\"Diego Giusti fotografo matrimonio a Livorno- Eleonora e Francesco-3\"><\/div><div class=\"bt_bb_slider_item\" data-src-full=\"https:\/\/diegogiusti.it\/wp-content\/uploads\/2025\/11\/Diego-Giusti-fotografo-matrimonio-a-Livorno-Eleonora-e-Francesco-43.webp\"><img src=\"https:\/\/diegogiusti.it\/wp-content\/uploads\/2025\/11\/Diego-Giusti-fotografo-matrimonio-a-Livorno-Eleonora-e-Francesco-43.webp\" alt=\"Diego Giusti fotografo matrimonio a Livorno- Eleonora e Francesco-43\"  title=\"Diego Giusti fotografo matrimonio a Livorno- Eleonora e Francesco-43\"><\/div><div class=\"bt_bb_slider_item\" data-src-full=\"https:\/\/diegogiusti.it\/wp-content\/uploads\/2025\/11\/Diego-Giusti-fotografo-matrimonio-a-Livorno-Eleonora-e-Francesco-48.webp\"><img src=\"https:\/\/diegogiusti.it\/wp-content\/uploads\/2025\/11\/Diego-Giusti-fotografo-matrimonio-a-Livorno-Eleonora-e-Francesco-48.webp\" alt=\"Diego Giusti fotografo matrimonio a Livorno- Eleonora e Francesco-48\"  title=\"Diego Giusti fotografo matrimonio a Livorno- Eleonora e Francesco-48\"><\/div><\/div><\/div><div data-bb-version=\"5.4.7\" class=\"bt_bb_separator bt_bb_border_style_none bt_bb_top_spacing_small bt_bb_bottom_spacing_small\" data-bt-override-class=\"{&quot;bt_bb_top_spacing_&quot;:{&quot;current_class&quot;:&quot;bt_bb_top_spacing_small&quot;,&quot;def&quot;:&quot;small&quot;},&quot;bt_bb_bottom_spacing_&quot;:{&quot;current_class&quot;:&quot;bt_bb_bottom_spacing_small&quot;,&quot;def&quot;:&quot;small&quot;}}\"><\/div><\/div><\/div><\/div><\/div><\/div><\/div><!-- cell_inner --><\/div><!-- cell --><\/div><!-- port --><\/section><section data-bb-version=\"5.0.0\" id=\"bt_bb_section69f200cfa454a\" class=\"bt_bb_section bt_bb_layout_boxed_1200 bt_bb_vertical_align_top bt_bb_top_spacing_normal bt_bb_bottom_spacing_normal\"  data-bt-override-class=\"{&quot;bt_bb_top_spacing_&quot;:{&quot;current_class&quot;:&quot;bt_bb_top_spacing_normal&quot;,&quot;def&quot;:&quot;normal&quot;},&quot;bt_bb_bottom_spacing_&quot;:{&quot;current_class&quot;:&quot;bt_bb_bottom_spacing_normal&quot;,&quot;def&quot;:&quot;normal&quot;}}\"><div class=\"bt_bb_port\"><div class=\"bt_bb_cell\"><div class=\"bt_bb_cell_inner\"><div class=\"bt_bb_row\"  data-bt-override-class=\"{}\"><div class=\"bt_bb_row_holder\" ><div data-bb-version=\"5.0.0\"  class=\"bt_bb_column col-xxl-8 col-xl-8 col-xs-12 col-sm-12 col-md-12 col-lg-8 bt_bb_vertical_align_top bt_bb_align_center bt_bb_padding_normal\" style=\"; --column-width:8;\" data-width=\"8\" data-bt-override-class=\"{&quot;bt_bb_align_&quot;:{&quot;current_class&quot;:&quot;bt_bb_align_center&quot;,&quot;def&quot;:&quot;center&quot;},&quot;bt_bb_padding_&quot;:{&quot;current_class&quot;:&quot;bt_bb_padding_normal&quot;,&quot;def&quot;:&quot;normal&quot;}}\"><div class=\"bt_bb_column_content\"><div class=\"bt_bb_column_content_inner\"><div data-bb-version=\"5.0.0\"  class=\"bt_bb_text\" ><\/p>\n<p style=\"text-align: left;\">Organizzare e raccontare un <strong data-start=\"346\" data-end=\"371\">matrimonio in Toscana<\/strong> significa immergersi in una delle regioni pi\u00f9 romantiche d\u2019Italia: colline morbide, borghi antichi, laghi nascosti e location dal fascino senza tempo. Il matrimonio di <strong data-start=\"540\" data-end=\"564\">Eleonora e Francesco<\/strong> si \u00e8 svolto proprio in uno di questi luoghi incantevoli, nel cuore della campagna toscana, all\u2019interno di un <strong data-start=\"674\" data-end=\"707\">antico borgo vicino a Pisa<\/strong>. Un luogo dove il profumo del legno, le pietre originali e le luci del tramonto trasformano ogni fotografia in un racconto autentico.\u00a0<\/p>\n<p style=\"text-align: left;\" data-start=\"843\" data-end=\"1431\">How <strong data-start=\"848\" data-end=\"886\">wedding photographer<\/strong>, conosco bene questi scenari: li scelgo, li studio, li vivo insieme alle coppie. Ogni location toscana ha una sua anima, e saperla interpretare attraverso la luce, le prospettive e i momenti spontanei \u00e8 ci\u00f2 che rende unico il mio stile. Per questo motivo fotografare il matrimonio di Eleonora e Francesco \u00e8 stato un privilegio doppio: non solo per la bellezza del luogo, ma perch\u00e9 Eleonora \u00e8 mia sorella. Raccontare la loro storia \u00e8 stato un viaggio personale ed emotivo, vissuto con attenzione, discrezione e un grande senso di responsabilit\u00e0.\u00a0<\/p>\n<p style=\"text-align: left;\" data-start=\"1433\" data-end=\"1822\">La preparazione degli sposi si \u00e8 svolta all\u2019interno del borgo: una <strong data-start=\"1500\" data-end=\"1530\">suite elegante e raffinata<\/strong> per Eleonora, circondata dalle amiche pi\u00f9 care, e una stanza dal gusto pi\u00f9 <strong data-start=\"1606\" data-end=\"1628\">rustico e naturale<\/strong> per Francesco, in perfetta armonia con i colori del suo abito. Due ambienti diversi ma complementari, perfetti per raccontare la loro unione attraverso immagini autentiche e senza pose forzate.\u00a0La <strong data-start=\"1827\" data-end=\"1849\">cerimonia sul lago<\/strong> \u00e8 stata uno dei momenti pi\u00f9 romantici della giornata. Un piccolo specchio d\u2019acqua immerso nella natura toscana, ideale per chi sogna un <strong data-start=\"1986\" data-end=\"2021\">matrimonio elegante e romantico<\/strong> all\u2019aperto.<\/p>\n<p style=\"text-align: left;\" data-start=\"1433\" data-end=\"1822\">Gli invitati, stupiti dalla bellezza della location, hanno vissuto con emozione ogni parola scambiata dagli sposi, mentre il paesaggio diventava una cornice naturale perfetta.\u00a0La cena, organizzata sotto un lungo tavolo imperiale illuminato da luci soffuse, ha trasformato il borgo in un\u2019atmosfera magica. Gli allestimenti floreali di Carla Home Flower, la musica di Marco Reset e il servizio impeccabile di Aurora Catering hanno completato un ricevimento raffinato e coinvolgente.<\/p>\n<p>\n<\/div><\/div><\/div><\/div><div data-bb-version=\"5.4.7\"  class=\"bt_bb_column col-xxl-4 col-xl-4 col-xs-12 col-sm-12 col-md-12 col-lg-4 bt_bb_vertical_align_top bt_bb_align_left bt_bb_padding_10\" style=\"; --column-width:4;\" data-width=\"4\" data-bt-override-class=\"{&quot;bt_bb_align_&quot;:{&quot;current_class&quot;:&quot;bt_bb_align_left&quot;,&quot;def&quot;:&quot;left&quot;},&quot;bt_bb_padding_&quot;:{&quot;current_class&quot;:&quot;bt_bb_padding_10&quot;,&quot;def&quot;:&quot;10&quot;},&quot;bt_bb_animation_&quot;:{&quot;current_class&quot;:&quot;bt_bb_animation_no_animation&quot;,&quot;def&quot;:&quot;no_animation&quot;}}\"><div class=\"bt_bb_column_content\"><div class=\"bt_bb_column_content_inner\"><div  class=\"bt_bb_text\" style=\"max-width: 490px; margin: 0 auto;\"><\/p>\n<p>REGIONE:\u00a0 \u00a0 \u00a0 \u00a0 \u00a0Toscana<\/p>\n<p style=\"text-align: left;\">LOCATION:\u00a0 \u00a0 \u00a0 \u00a0Valle di Badia<\/p>\n<p style=\"text-align: left;\">DATA:\u00a0 \u00a0 \u00a0 \u00a0 \u00a0 \u00a0 \u00a0 \u00a0 \u00a0Giugno 2025<\/p>\n<p style=\"text-align: left;\">STILE:\u00a0 \u00a0 \u00a0 \u00a0 \u00a0 \u00a0 \u00a0 \u00a0 Elegante<\/p>\n<p>\n<\/div><div data-bb-version=\"5.4.7\" class=\"bt_bb_separator bt_bb_border_style_none bt_bb_top_spacing_normal bt_bb_bottom_spacing_none\" data-bt-override-class=\"{&quot;bt_bb_top_spacing_&quot;:{&quot;current_class&quot;:&quot;bt_bb_top_spacing_normal&quot;,&quot;def&quot;:&quot;normal&quot;},&quot;bt_bb_bottom_spacing_&quot;:{&quot;current_class&quot;:&quot;bt_bb_bottom_spacing_none&quot;,&quot;def&quot;:&quot;none&quot;}}\"><\/div><div class=\"bt_bb_raw_content\"><!DOCTYPE html>\n<html lang=\"it\">\n<head>\n  <meta charset=\"UTF-8\">\n  <meta name=\"viewport\" content=\"width=device-width, initial-scale=1.0\">\n  <title>Icone Social Personalizzate<\/title>\n\n  <link rel=\"stylesheet\" href=\"https:\/\/cdnjs.cloudflare.com\/ajax\/libs\/font-awesome\/6.4.0\/css\/all.min.css\">\n\n  <style>\n    .social-icons {\n      display: flex;\n      justify-content: flex-start;\n      gap: 10px;\n    }\n\n    .social-icons a {\n      font-size: 1.2em;\n      color: #333; \n      transition: color 0.3s ease;\n      text-decoration: none;\n      \/* Rimossi tutti gli stili che creano il cerchio *\/\n      background: none; \/* Assicura che non ci sia sfondo *\/\n      border: none; \/* Rimuove eventuali bordi *\/\n      padding: 0; \/* Rimuove padding extra *\/\n    }\n\n    \/* Stile al passaggio del mouse *\/\n    .social-icons a:hover {\n      color: #007bff; \n      background: none; \/* Assicura che non compaia sfondo al hover *\/\n    }\n\n    \/* Assicura che le icone non abbiano cerchi *\/\n    .social-icons a i {\n      background: none;\n      border: none;\n    }\n  <\/style>\n\n<\/head>\n<body>\n\n  <div class=\"social-icons\">\n    <a href=\"https:\/\/www.facebook.com\/diego.giusti.906\" target=\"_blank\">\n      <i class=\"fa-brands fa-facebook\"><\/i>\n    <\/a>\n    <a href=\"https:\/\/www.instagram.com\/diegogiusti_fotografo\/\" target=\"_blank\">\n      <i class=\"fa-brands fa-instagram\"><\/i>\n    <\/a>\n  <\/div>\n<\/body>\n<\/html><\/div><\/div><\/div><\/div><\/div><\/div><\/div><!-- cell_inner --><\/div><!-- cell --><\/div><!-- port --><\/section><section data-bb-version=\"5.4.7\" id=\"bt_bb_section69f200cfa4ba5\" class=\"bt_bb_section bt_bb_layout_boxed_1200 bt_bb_vertical_align_top bt_bb_top_spacing_normal bt_bb_bottom_spacing_none\"  data-bt-override-class=\"{&quot;bt_bb_top_spacing_&quot;:{&quot;current_class&quot;:&quot;bt_bb_top_spacing_normal&quot;,&quot;def&quot;:&quot;normal&quot;},&quot;bt_bb_bottom_spacing_&quot;:{&quot;current_class&quot;:&quot;bt_bb_bottom_spacing_none&quot;,&quot;def&quot;:&quot;none&quot;},&quot;bt_bb_animation_&quot;:{&quot;current_class&quot;:&quot;bt_bb_animation_no_animation&quot;,&quot;def&quot;:&quot;no_animation&quot;}}\"><div class=\"bt_bb_port\"><div class=\"bt_bb_cell\"><div class=\"bt_bb_cell_inner\"><div class=\"bt_bb_row\"  data-bt-override-class=\"{}\"><div class=\"bt_bb_row_holder\" ><div data-bb-version=\"5.4.7\"  class=\"bt_bb_column col-xxl-12 col-xl-12 col-xs-12 col-sm-12 col-md-12 col-lg-12 bt_bb_vertical_align_top bt_bb_align_left bt_bb_padding_normal\" style=\"; --column-width:12;\" data-width=\"12\" data-bt-override-class=\"{}\"><div class=\"bt_bb_column_content\"><div class=\"bt_bb_column_content_inner\"><div data-bb-version=\"5.4.7\" class=\"bt_bb_separator bt_bb_border_style_none bt_bb_top_spacing_small bt_bb_bottom_spacing_small\" data-bt-override-class=\"{&quot;bt_bb_top_spacing_&quot;:{&quot;current_class&quot;:&quot;bt_bb_top_spacing_small&quot;,&quot;def&quot;:&quot;small&quot;},&quot;bt_bb_bottom_spacing_&quot;:{&quot;current_class&quot;:&quot;bt_bb_bottom_spacing_small&quot;,&quot;def&quot;:&quot;small&quot;}}\"><\/div><div data-bb-version=\"5.5.3\" class=\"bt_bb_css_image_grid bt_bb_columns_4 bt_bb_gap_small bt_bb_shape_inherit\" data-columns=\"4\"><div class=\"bt_bb_css_image_grid_content\"><div class=\"bt_bb_css_image_grid_item bt_bb_tile_format_11\" data-src-full=\"https:\/\/diegogiusti.it\/wp-content\/uploads\/2025\/11\/Diego-Giusti-fotografo-matrimonio-a-Livorno-Eleonora-e-Francesco-52.webp\" title=\"Diego Giusti fotografo matrimonio a Livorno- Eleonora e Francesco-52\"><div class=\"bt_bb_css_image_grid_item_inner\"><div class=\"bt_bb_css_image_grid_item_inner_image\"><img src=\"https:\/\/diegogiusti.it\/wp-content\/uploads\/2025\/11\/Diego-Giusti-fotografo-matrimonio-a-Livorno-Eleonora-e-Francesco-52-1280x853.webp\" data-src-full=\"https:\/\/diegogiusti.it\/wp-content\/uploads\/2025\/11\/Diego-Giusti-fotografo-matrimonio-a-Livorno-Eleonora-e-Francesco-52.webp\" title=\"Diego Giusti fotografo matrimonio a Livorno- Eleonora e Francesco-52\" alt=\"Diego Giusti fotografo matrimonio a Livorno- Eleonora e Francesco-52\"\/><\/div><div class=\"bt_bb_css_image_grid_item_inner_content\"><\/div><\/div><\/div><div class=\"bt_bb_css_image_grid_item bt_bb_tile_format_11\" data-src-full=\"https:\/\/diegogiusti.it\/wp-content\/uploads\/2025\/11\/Diego-Giusti-fotografo-matrimonio-a-Livorno-Eleonora-e-Francesco-68.webp\" title=\"Diego Giusti fotografo matrimonio a Livorno- Eleonora e Francesco-68\"><div class=\"bt_bb_css_image_grid_item_inner\"><div class=\"bt_bb_css_image_grid_item_inner_image\"><img src=\"https:\/\/diegogiusti.it\/wp-content\/uploads\/2025\/11\/Diego-Giusti-fotografo-matrimonio-a-Livorno-Eleonora-e-Francesco-68-1280x853.webp\" data-src-full=\"https:\/\/diegogiusti.it\/wp-content\/uploads\/2025\/11\/Diego-Giusti-fotografo-matrimonio-a-Livorno-Eleonora-e-Francesco-68.webp\" title=\"Diego Giusti fotografo matrimonio a Livorno- Eleonora e Francesco-68\" alt=\"Diego Giusti fotografo matrimonio a Livorno- Eleonora e Francesco-68\"\/><\/div><div class=\"bt_bb_css_image_grid_item_inner_content\"><\/div><\/div><\/div><div class=\"bt_bb_css_image_grid_item bt_bb_tile_format_11\" data-src-full=\"https:\/\/diegogiusti.it\/wp-content\/uploads\/2025\/11\/Diego-Giusti-fotografo-matrimonio-a-Livorno-Eleonora-e-Francesco-98.webp\" title=\"Diego Giusti fotografo matrimonio a Livorno- Eleonora e Francesco-98\"><div class=\"bt_bb_css_image_grid_item_inner\"><div class=\"bt_bb_css_image_grid_item_inner_image\"><img src=\"https:\/\/diegogiusti.it\/wp-content\/uploads\/2025\/11\/Diego-Giusti-fotografo-matrimonio-a-Livorno-Eleonora-e-Francesco-98-1280x853.webp\" data-src-full=\"https:\/\/diegogiusti.it\/wp-content\/uploads\/2025\/11\/Diego-Giusti-fotografo-matrimonio-a-Livorno-Eleonora-e-Francesco-98.webp\" title=\"Diego Giusti fotografo matrimonio a Livorno- Eleonora e Francesco-98\" alt=\"Diego Giusti fotografo matrimonio a Livorno- Eleonora e Francesco-98\"\/><\/div><div class=\"bt_bb_css_image_grid_item_inner_content\"><\/div><\/div><\/div><div class=\"bt_bb_css_image_grid_item bt_bb_tile_format_11\" data-src-full=\"https:\/\/diegogiusti.it\/wp-content\/uploads\/2025\/11\/Diego-Giusti-fotografo-matrimonio-a-Livorno-Eleonora-e-Francesco-101.webp\" title=\"Diego Giusti fotografo matrimonio a Livorno- Eleonora e Francesco-101\"><div class=\"bt_bb_css_image_grid_item_inner\"><div class=\"bt_bb_css_image_grid_item_inner_image\"><img src=\"https:\/\/diegogiusti.it\/wp-content\/uploads\/2025\/11\/Diego-Giusti-fotografo-matrimonio-a-Livorno-Eleonora-e-Francesco-101-1280x853.webp\" data-src-full=\"https:\/\/diegogiusti.it\/wp-content\/uploads\/2025\/11\/Diego-Giusti-fotografo-matrimonio-a-Livorno-Eleonora-e-Francesco-101.webp\" title=\"Diego Giusti fotografo matrimonio a Livorno- Eleonora e Francesco-101\" alt=\"Diego Giusti fotografo matrimonio a Livorno- Eleonora e Francesco-101\"\/><\/div><div class=\"bt_bb_css_image_grid_item_inner_content\"><\/div><\/div><\/div><div class=\"bt_bb_css_image_grid_item bt_bb_tile_format_11\" data-src-full=\"https:\/\/diegogiusti.it\/wp-content\/uploads\/2025\/11\/Diego-Giusti-fotografo-matrimonio-a-Livorno-Eleonora-e-Francesco-119.webp\" title=\"Diego Giusti fotografo matrimonio a Livorno- Eleonora e Francesco-119\"><div class=\"bt_bb_css_image_grid_item_inner\"><div class=\"bt_bb_css_image_grid_item_inner_image\"><img src=\"https:\/\/diegogiusti.it\/wp-content\/uploads\/2025\/11\/Diego-Giusti-fotografo-matrimonio-a-Livorno-Eleonora-e-Francesco-119-1280x852.webp\" data-src-full=\"https:\/\/diegogiusti.it\/wp-content\/uploads\/2025\/11\/Diego-Giusti-fotografo-matrimonio-a-Livorno-Eleonora-e-Francesco-119.webp\" title=\"Diego Giusti fotografo matrimonio a Livorno- Eleonora e Francesco-119\" alt=\"Diego Giusti fotografo matrimonio a Livorno- Eleonora e Francesco-119\"\/><\/div><div class=\"bt_bb_css_image_grid_item_inner_content\"><\/div><\/div><\/div><div class=\"bt_bb_css_image_grid_item bt_bb_tile_format_11\" data-src-full=\"https:\/\/diegogiusti.it\/wp-content\/uploads\/2025\/11\/Diego-Giusti-fotografo-matrimonio-a-Livorno-Eleonora-e-Francesco-134.webp\" title=\"Diego Giusti fotografo matrimonio a Livorno- Eleonora e Francesco-134\"><div class=\"bt_bb_css_image_grid_item_inner\"><div class=\"bt_bb_css_image_grid_item_inner_image\"><img src=\"https:\/\/diegogiusti.it\/wp-content\/uploads\/2025\/11\/Diego-Giusti-fotografo-matrimonio-a-Livorno-Eleonora-e-Francesco-134-1280x853.webp\" data-src-full=\"https:\/\/diegogiusti.it\/wp-content\/uploads\/2025\/11\/Diego-Giusti-fotografo-matrimonio-a-Livorno-Eleonora-e-Francesco-134.webp\" title=\"Diego Giusti fotografo matrimonio a Livorno- Eleonora e Francesco-134\" alt=\"Diego Giusti fotografo matrimonio a Livorno- Eleonora e Francesco-134\"\/><\/div><div class=\"bt_bb_css_image_grid_item_inner_content\"><\/div><\/div><\/div><div class=\"bt_bb_css_image_grid_item bt_bb_tile_format_11\" data-src-full=\"https:\/\/diegogiusti.it\/wp-content\/uploads\/2025\/11\/Diego-Giusti-fotografo-matrimonio-a-Livorno-Eleonora-e-Francesco-147.webp\" title=\"Diego Giusti fotografo matrimonio a Livorno- Eleonora e Francesco-147\"><div class=\"bt_bb_css_image_grid_item_inner\"><div class=\"bt_bb_css_image_grid_item_inner_image\"><img src=\"https:\/\/diegogiusti.it\/wp-content\/uploads\/2025\/11\/Diego-Giusti-fotografo-matrimonio-a-Livorno-Eleonora-e-Francesco-147-1280x853.webp\" data-src-full=\"https:\/\/diegogiusti.it\/wp-content\/uploads\/2025\/11\/Diego-Giusti-fotografo-matrimonio-a-Livorno-Eleonora-e-Francesco-147.webp\" title=\"Diego Giusti fotografo matrimonio a Livorno- Eleonora e Francesco-147\" alt=\"Diego Giusti fotografo matrimonio a Livorno- Eleonora e Francesco-147\"\/><\/div><div class=\"bt_bb_css_image_grid_item_inner_content\"><\/div><\/div><\/div><div class=\"bt_bb_css_image_grid_item bt_bb_tile_format_11\" data-src-full=\"https:\/\/diegogiusti.it\/wp-content\/uploads\/2025\/11\/Diego-Giusti-fotografo-matrimonio-a-Livorno-Eleonora-e-Francesco-150.webp\" title=\"Diego Giusti fotografo matrimonio a Livorno- Eleonora e Francesco-150\"><div class=\"bt_bb_css_image_grid_item_inner\"><div class=\"bt_bb_css_image_grid_item_inner_image\"><img src=\"https:\/\/diegogiusti.it\/wp-content\/uploads\/2025\/11\/Diego-Giusti-fotografo-matrimonio-a-Livorno-Eleonora-e-Francesco-150-1280x853.webp\" data-src-full=\"https:\/\/diegogiusti.it\/wp-content\/uploads\/2025\/11\/Diego-Giusti-fotografo-matrimonio-a-Livorno-Eleonora-e-Francesco-150.webp\" title=\"Diego Giusti fotografo matrimonio a Livorno- Eleonora e Francesco-150\" alt=\"Diego Giusti fotografo matrimonio a Livorno- Eleonora e Francesco-150\"\/><\/div><div class=\"bt_bb_css_image_grid_item_inner_content\"><\/div><\/div><\/div><div class=\"bt_bb_css_image_grid_item bt_bb_tile_format_11\" data-src-full=\"https:\/\/diegogiusti.it\/wp-content\/uploads\/2025\/11\/Diego-Giusti-fotografo-matrimonio-a-Livorno-Eleonora-e-Francesco-164.webp\" title=\"Diego Giusti fotografo matrimonio a Livorno- Eleonora e Francesco-164\"><div class=\"bt_bb_css_image_grid_item_inner\"><div class=\"bt_bb_css_image_grid_item_inner_image\"><img src=\"https:\/\/diegogiusti.it\/wp-content\/uploads\/2025\/11\/Diego-Giusti-fotografo-matrimonio-a-Livorno-Eleonora-e-Francesco-164-1280x853.webp\" data-src-full=\"https:\/\/diegogiusti.it\/wp-content\/uploads\/2025\/11\/Diego-Giusti-fotografo-matrimonio-a-Livorno-Eleonora-e-Francesco-164.webp\" title=\"Diego Giusti fotografo matrimonio a Livorno- Eleonora e Francesco-164\" alt=\"Diego Giusti fotografo matrimonio a Livorno- Eleonora e Francesco-164\"\/><\/div><div class=\"bt_bb_css_image_grid_item_inner_content\"><\/div><\/div><\/div><div class=\"bt_bb_css_image_grid_item bt_bb_tile_format_11\" data-src-full=\"https:\/\/diegogiusti.it\/wp-content\/uploads\/2025\/11\/Diego-Giusti-fotografo-matrimonio-a-Livorno-Eleonora-e-Francesco-176.webp\" title=\"Diego Giusti fotografo matrimonio a Livorno- Eleonora e Francesco-176\"><div class=\"bt_bb_css_image_grid_item_inner\"><div class=\"bt_bb_css_image_grid_item_inner_image\"><img src=\"https:\/\/diegogiusti.it\/wp-content\/uploads\/2025\/11\/Diego-Giusti-fotografo-matrimonio-a-Livorno-Eleonora-e-Francesco-176-1280x853.webp\" data-src-full=\"https:\/\/diegogiusti.it\/wp-content\/uploads\/2025\/11\/Diego-Giusti-fotografo-matrimonio-a-Livorno-Eleonora-e-Francesco-176.webp\" title=\"Diego Giusti fotografo matrimonio a Livorno- Eleonora e Francesco-176\" alt=\"Diego Giusti fotografo matrimonio a Livorno- Eleonora e Francesco-176\"\/><\/div><div class=\"bt_bb_css_image_grid_item_inner_content\"><\/div><\/div><\/div><div class=\"bt_bb_css_image_grid_item bt_bb_tile_format_11\" data-src-full=\"https:\/\/diegogiusti.it\/wp-content\/uploads\/2025\/11\/Diego-Giusti-fotografo-matrimonio-a-Livorno-Eleonora-e-Francesco-182.webp\" title=\"Diego Giusti fotografo matrimonio a Livorno- Eleonora e Francesco-182\"><div class=\"bt_bb_css_image_grid_item_inner\"><div class=\"bt_bb_css_image_grid_item_inner_image\"><img src=\"https:\/\/diegogiusti.it\/wp-content\/uploads\/2025\/11\/Diego-Giusti-fotografo-matrimonio-a-Livorno-Eleonora-e-Francesco-182-1280x853.webp\" data-src-full=\"https:\/\/diegogiusti.it\/wp-content\/uploads\/2025\/11\/Diego-Giusti-fotografo-matrimonio-a-Livorno-Eleonora-e-Francesco-182.webp\" title=\"Diego Giusti fotografo matrimonio a Livorno- Eleonora e Francesco-182\" alt=\"Diego Giusti fotografo matrimonio a Livorno- Eleonora e Francesco-182\"\/><\/div><div class=\"bt_bb_css_image_grid_item_inner_content\"><\/div><\/div><\/div><div class=\"bt_bb_css_image_grid_item bt_bb_tile_format_11\" data-src-full=\"https:\/\/diegogiusti.it\/wp-content\/uploads\/2025\/11\/Diego-Giusti-fotografo-matrimonio-a-Livorno-Eleonora-e-Francesco-196.webp\" title=\"Diego Giusti fotografo matrimonio a Livorno- Eleonora e Francesco-196\"><div class=\"bt_bb_css_image_grid_item_inner\"><div class=\"bt_bb_css_image_grid_item_inner_image\"><img src=\"https:\/\/diegogiusti.it\/wp-content\/uploads\/2025\/11\/Diego-Giusti-fotografo-matrimonio-a-Livorno-Eleonora-e-Francesco-196-1280x853.webp\" data-src-full=\"https:\/\/diegogiusti.it\/wp-content\/uploads\/2025\/11\/Diego-Giusti-fotografo-matrimonio-a-Livorno-Eleonora-e-Francesco-196.webp\" title=\"Diego Giusti fotografo matrimonio a Livorno- Eleonora e Francesco-196\" alt=\"Diego Giusti fotografo matrimonio a Livorno- Eleonora e Francesco-196\"\/><\/div><div class=\"bt_bb_css_image_grid_item_inner_content\"><\/div><\/div><\/div><div class=\"bt_bb_css_image_grid_item bt_bb_tile_format_11\" data-src-full=\"https:\/\/diegogiusti.it\/wp-content\/uploads\/2025\/11\/Diego-Giusti-fotografo-matrimonio-a-Livorno-Eleonora-e-Francesco-219.webp\" title=\"Diego Giusti fotografo matrimonio a Livorno- Eleonora e Francesco-219\"><div class=\"bt_bb_css_image_grid_item_inner\"><div class=\"bt_bb_css_image_grid_item_inner_image\"><img src=\"https:\/\/diegogiusti.it\/wp-content\/uploads\/2025\/11\/Diego-Giusti-fotografo-matrimonio-a-Livorno-Eleonora-e-Francesco-219-1280x853.webp\" data-src-full=\"https:\/\/diegogiusti.it\/wp-content\/uploads\/2025\/11\/Diego-Giusti-fotografo-matrimonio-a-Livorno-Eleonora-e-Francesco-219.webp\" title=\"Diego Giusti fotografo matrimonio a Livorno- Eleonora e Francesco-219\" alt=\"Diego Giusti fotografo matrimonio a Livorno- Eleonora e Francesco-219\"\/><\/div><div class=\"bt_bb_css_image_grid_item_inner_content\"><\/div><\/div><\/div><div class=\"bt_bb_css_image_grid_item bt_bb_tile_format_11\" data-src-full=\"https:\/\/diegogiusti.it\/wp-content\/uploads\/2025\/11\/Diego-Giusti-fotografo-matrimonio-a-Livorno-Eleonora-e-Francesco-224.webp\" title=\"Diego Giusti fotografo matrimonio a Livorno- Eleonora e Francesco-224\"><div class=\"bt_bb_css_image_grid_item_inner\"><div class=\"bt_bb_css_image_grid_item_inner_image\"><img src=\"https:\/\/diegogiusti.it\/wp-content\/uploads\/2025\/11\/Diego-Giusti-fotografo-matrimonio-a-Livorno-Eleonora-e-Francesco-224-1280x853.webp\" data-src-full=\"https:\/\/diegogiusti.it\/wp-content\/uploads\/2025\/11\/Diego-Giusti-fotografo-matrimonio-a-Livorno-Eleonora-e-Francesco-224.webp\" title=\"Diego Giusti fotografo matrimonio a Livorno- Eleonora e Francesco-224\" alt=\"Diego Giusti fotografo matrimonio a Livorno- Eleonora e Francesco-224\"\/><\/div><div class=\"bt_bb_css_image_grid_item_inner_content\"><\/div><\/div><\/div><div class=\"bt_bb_css_image_grid_item bt_bb_tile_format_11\" data-src-full=\"https:\/\/diegogiusti.it\/wp-content\/uploads\/2025\/11\/Diego-Giusti-fotografo-matrimonio-a-Livorno-Eleonora-e-Francesco-261.webp\" title=\"Diego Giusti fotografo matrimonio a Livorno- Eleonora e Francesco-261\"><div class=\"bt_bb_css_image_grid_item_inner\"><div class=\"bt_bb_css_image_grid_item_inner_image\"><img src=\"https:\/\/diegogiusti.it\/wp-content\/uploads\/2025\/11\/Diego-Giusti-fotografo-matrimonio-a-Livorno-Eleonora-e-Francesco-261-1280x853.webp\" data-src-full=\"https:\/\/diegogiusti.it\/wp-content\/uploads\/2025\/11\/Diego-Giusti-fotografo-matrimonio-a-Livorno-Eleonora-e-Francesco-261.webp\" title=\"Diego Giusti fotografo matrimonio a Livorno- Eleonora e Francesco-261\" alt=\"Diego Giusti fotografo matrimonio a Livorno- Eleonora e Francesco-261\"\/><\/div><div class=\"bt_bb_css_image_grid_item_inner_content\"><\/div><\/div><\/div><div class=\"bt_bb_css_image_grid_item bt_bb_tile_format_11\" data-src-full=\"https:\/\/diegogiusti.it\/wp-content\/uploads\/2025\/11\/Diego-Giusti-fotografo-matrimonio-a-Livorno-Eleonora-e-Francesco-296.webp\" title=\"Diego Giusti fotografo matrimonio a Livorno- Eleonora e Francesco-296\"><div class=\"bt_bb_css_image_grid_item_inner\"><div class=\"bt_bb_css_image_grid_item_inner_image\"><img src=\"https:\/\/diegogiusti.it\/wp-content\/uploads\/2025\/11\/Diego-Giusti-fotografo-matrimonio-a-Livorno-Eleonora-e-Francesco-296-1280x853.webp\" data-src-full=\"https:\/\/diegogiusti.it\/wp-content\/uploads\/2025\/11\/Diego-Giusti-fotografo-matrimonio-a-Livorno-Eleonora-e-Francesco-296.webp\" title=\"Diego Giusti fotografo matrimonio a Livorno- Eleonora e Francesco-296\" alt=\"Diego Giusti fotografo matrimonio a Livorno- Eleonora e Francesco-296\"\/><\/div><div class=\"bt_bb_css_image_grid_item_inner_content\"><\/div><\/div><\/div><div class=\"bt_bb_css_image_grid_item bt_bb_tile_format_11\" data-src-full=\"https:\/\/diegogiusti.it\/wp-content\/uploads\/2025\/11\/Diego-Giusti-fotografo-matrimonio-a-Livorno-Eleonora-e-Francesco-307.webp\" title=\"Diego Giusti fotografo matrimonio a Livorno- Eleonora e Francesco-307\"><div class=\"bt_bb_css_image_grid_item_inner\"><div class=\"bt_bb_css_image_grid_item_inner_image\"><img src=\"https:\/\/diegogiusti.it\/wp-content\/uploads\/2025\/11\/Diego-Giusti-fotografo-matrimonio-a-Livorno-Eleonora-e-Francesco-307-1280x852.webp\" data-src-full=\"https:\/\/diegogiusti.it\/wp-content\/uploads\/2025\/11\/Diego-Giusti-fotografo-matrimonio-a-Livorno-Eleonora-e-Francesco-307.webp\" title=\"Diego Giusti fotografo matrimonio a Livorno- Eleonora e Francesco-307\" alt=\"Diego Giusti fotografo matrimonio a Livorno- Eleonora e Francesco-307\"\/><\/div><div class=\"bt_bb_css_image_grid_item_inner_content\"><\/div><\/div><\/div><div class=\"bt_bb_css_image_grid_item bt_bb_tile_format_11\" data-src-full=\"https:\/\/diegogiusti.it\/wp-content\/uploads\/2025\/11\/Diego-Giusti-fotografo-matrimonio-a-Livorno-Eleonora-e-Francesco-318.webp\" title=\"Diego Giusti fotografo matrimonio a Livorno- Eleonora e Francesco-318\"><div class=\"bt_bb_css_image_grid_item_inner\"><div class=\"bt_bb_css_image_grid_item_inner_image\"><img src=\"https:\/\/diegogiusti.it\/wp-content\/uploads\/2025\/11\/Diego-Giusti-fotografo-matrimonio-a-Livorno-Eleonora-e-Francesco-318-1280x852.webp\" data-src-full=\"https:\/\/diegogiusti.it\/wp-content\/uploads\/2025\/11\/Diego-Giusti-fotografo-matrimonio-a-Livorno-Eleonora-e-Francesco-318.webp\" title=\"Diego Giusti fotografo matrimonio a Livorno- Eleonora e Francesco-318\" alt=\"Diego Giusti fotografo matrimonio a Livorno- Eleonora e Francesco-318\"\/><\/div><div class=\"bt_bb_css_image_grid_item_inner_content\"><\/div><\/div><\/div><div class=\"bt_bb_css_image_grid_item bt_bb_tile_format_11\" data-src-full=\"https:\/\/diegogiusti.it\/wp-content\/uploads\/2025\/11\/Diego-Giusti-fotografo-matrimonio-a-Livorno-Eleonora-e-Francesco-326.webp\" title=\"Diego Giusti fotografo matrimonio a Livorno- Eleonora e Francesco-326\"><div class=\"bt_bb_css_image_grid_item_inner\"><div class=\"bt_bb_css_image_grid_item_inner_image\"><img src=\"https:\/\/diegogiusti.it\/wp-content\/uploads\/2025\/11\/Diego-Giusti-fotografo-matrimonio-a-Livorno-Eleonora-e-Francesco-326-1280x852.webp\" data-src-full=\"https:\/\/diegogiusti.it\/wp-content\/uploads\/2025\/11\/Diego-Giusti-fotografo-matrimonio-a-Livorno-Eleonora-e-Francesco-326.webp\" title=\"Diego Giusti fotografo matrimonio a Livorno- Eleonora e Francesco-326\" alt=\"Diego Giusti fotografo matrimonio a Livorno- Eleonora e Francesco-326\"\/><\/div><div class=\"bt_bb_css_image_grid_item_inner_content\"><\/div><\/div><\/div><div class=\"bt_bb_css_image_grid_item bt_bb_tile_format_11\" data-src-full=\"https:\/\/diegogiusti.it\/wp-content\/uploads\/2025\/11\/Diego-Giusti-fotografo-matrimonio-a-Livorno-Eleonora-e-Francesco-332.webp\" title=\"Diego Giusti fotografo matrimonio a Livorno- Eleonora e Francesco-332\"><div class=\"bt_bb_css_image_grid_item_inner\"><div class=\"bt_bb_css_image_grid_item_inner_image\"><img src=\"https:\/\/diegogiusti.it\/wp-content\/uploads\/2025\/11\/Diego-Giusti-fotografo-matrimonio-a-Livorno-Eleonora-e-Francesco-332-1280x852.webp\" data-src-full=\"https:\/\/diegogiusti.it\/wp-content\/uploads\/2025\/11\/Diego-Giusti-fotografo-matrimonio-a-Livorno-Eleonora-e-Francesco-332.webp\" title=\"Diego Giusti fotografo matrimonio a Livorno- Eleonora e Francesco-332\" alt=\"Diego Giusti fotografo matrimonio a Livorno- Eleonora e Francesco-332\"\/><\/div><div class=\"bt_bb_css_image_grid_item_inner_content\"><\/div><\/div><\/div><div class=\"bt_bb_css_image_grid_item bt_bb_tile_format_11\" data-src-full=\"https:\/\/diegogiusti.it\/wp-content\/uploads\/2025\/11\/Diego-Giusti-fotografo-matrimonio-a-Livorno-Eleonora-e-Francesco-375.webp\" title=\"Diego Giusti fotografo matrimonio a Livorno- Eleonora e Francesco-375\"><div class=\"bt_bb_css_image_grid_item_inner\"><div class=\"bt_bb_css_image_grid_item_inner_image\"><img src=\"https:\/\/diegogiusti.it\/wp-content\/uploads\/2025\/11\/Diego-Giusti-fotografo-matrimonio-a-Livorno-Eleonora-e-Francesco-375-1280x852.webp\" data-src-full=\"https:\/\/diegogiusti.it\/wp-content\/uploads\/2025\/11\/Diego-Giusti-fotografo-matrimonio-a-Livorno-Eleonora-e-Francesco-375.webp\" title=\"Diego Giusti fotografo matrimonio a Livorno- Eleonora e Francesco-375\" alt=\"Diego Giusti fotografo matrimonio a Livorno- Eleonora e Francesco-375\"\/><\/div><div class=\"bt_bb_css_image_grid_item_inner_content\"><\/div><\/div><\/div><div class=\"bt_bb_css_image_grid_item bt_bb_tile_format_11\" data-src-full=\"https:\/\/diegogiusti.it\/wp-content\/uploads\/2025\/11\/Diego-Giusti-fotografo-matrimonio-a-Livorno-Eleonora-e-Francesco-405.webp\" title=\"Diego Giusti fotografo matrimonio a Livorno- Eleonora e Francesco-405\"><div class=\"bt_bb_css_image_grid_item_inner\"><div class=\"bt_bb_css_image_grid_item_inner_image\"><img src=\"https:\/\/diegogiusti.it\/wp-content\/uploads\/2025\/11\/Diego-Giusti-fotografo-matrimonio-a-Livorno-Eleonora-e-Francesco-405-1280x853.webp\" data-src-full=\"https:\/\/diegogiusti.it\/wp-content\/uploads\/2025\/11\/Diego-Giusti-fotografo-matrimonio-a-Livorno-Eleonora-e-Francesco-405.webp\" title=\"Diego Giusti fotografo matrimonio a Livorno- Eleonora e Francesco-405\" alt=\"Diego Giusti fotografo matrimonio a Livorno- Eleonora e Francesco-405\"\/><\/div><div class=\"bt_bb_css_image_grid_item_inner_content\"><\/div><\/div><\/div><div class=\"bt_bb_css_image_grid_item bt_bb_tile_format_11\" data-src-full=\"https:\/\/diegogiusti.it\/wp-content\/uploads\/2025\/11\/Diego-Giusti-fotografo-matrimonio-a-Livorno-Eleonora-e-Francesco-411.webp\" title=\"Diego Giusti fotografo matrimonio a Livorno- Eleonora e Francesco-411\"><div class=\"bt_bb_css_image_grid_item_inner\"><div class=\"bt_bb_css_image_grid_item_inner_image\"><img src=\"https:\/\/diegogiusti.it\/wp-content\/uploads\/2025\/11\/Diego-Giusti-fotografo-matrimonio-a-Livorno-Eleonora-e-Francesco-411-1280x852.webp\" data-src-full=\"https:\/\/diegogiusti.it\/wp-content\/uploads\/2025\/11\/Diego-Giusti-fotografo-matrimonio-a-Livorno-Eleonora-e-Francesco-411.webp\" title=\"Diego Giusti fotografo matrimonio a Livorno- Eleonora e Francesco-411\" alt=\"Diego Giusti fotografo matrimonio a Livorno- Eleonora e Francesco-411\"\/><\/div><div class=\"bt_bb_css_image_grid_item_inner_content\"><\/div><\/div><\/div><div class=\"bt_bb_css_image_grid_item bt_bb_tile_format_11\" data-src-full=\"https:\/\/diegogiusti.it\/wp-content\/uploads\/2025\/11\/Diego-Giusti-fotografo-matrimonio-a-Livorno-Eleonora-e-Francesco-412.webp\" title=\"Diego Giusti fotografo matrimonio a Livorno- Eleonora e Francesco-412\"><div class=\"bt_bb_css_image_grid_item_inner\"><div class=\"bt_bb_css_image_grid_item_inner_image\"><img src=\"https:\/\/diegogiusti.it\/wp-content\/uploads\/2025\/11\/Diego-Giusti-fotografo-matrimonio-a-Livorno-Eleonora-e-Francesco-412-1280x852.webp\" data-src-full=\"https:\/\/diegogiusti.it\/wp-content\/uploads\/2025\/11\/Diego-Giusti-fotografo-matrimonio-a-Livorno-Eleonora-e-Francesco-412.webp\" title=\"Diego Giusti fotografo matrimonio a Livorno- Eleonora e Francesco-412\" alt=\"Diego Giusti fotografo matrimonio a Livorno- Eleonora e Francesco-412\"\/><\/div><div class=\"bt_bb_css_image_grid_item_inner_content\"><\/div><\/div><\/div><div class=\"bt_bb_css_image_grid_item bt_bb_tile_format_11\" data-src-full=\"https:\/\/diegogiusti.it\/wp-content\/uploads\/2025\/11\/Diego-Giusti-fotografo-matrimonio-a-Livorno-Eleonora-e-Francesco-443.webp\" title=\"Diego Giusti fotografo matrimonio a Livorno- Eleonora e Francesco-443\"><div class=\"bt_bb_css_image_grid_item_inner\"><div class=\"bt_bb_css_image_grid_item_inner_image\"><img src=\"https:\/\/diegogiusti.it\/wp-content\/uploads\/2025\/11\/Diego-Giusti-fotografo-matrimonio-a-Livorno-Eleonora-e-Francesco-443-1280x852.webp\" data-src-full=\"https:\/\/diegogiusti.it\/wp-content\/uploads\/2025\/11\/Diego-Giusti-fotografo-matrimonio-a-Livorno-Eleonora-e-Francesco-443.webp\" title=\"Diego Giusti fotografo matrimonio a Livorno- Eleonora e Francesco-443\" alt=\"Diego Giusti fotografo matrimonio a Livorno- Eleonora e Francesco-443\"\/><\/div><div class=\"bt_bb_css_image_grid_item_inner_content\"><\/div><\/div><\/div><div class=\"bt_bb_css_image_grid_item bt_bb_tile_format_11\" data-src-full=\"https:\/\/diegogiusti.it\/wp-content\/uploads\/2025\/11\/Diego-Giusti-fotografo-matrimonio-a-Livorno-Eleonora-e-Francesco-445.webp\" title=\"Diego Giusti fotografo matrimonio a Livorno- Eleonora e Francesco-445\"><div class=\"bt_bb_css_image_grid_item_inner\"><div class=\"bt_bb_css_image_grid_item_inner_image\"><img src=\"https:\/\/diegogiusti.it\/wp-content\/uploads\/2025\/11\/Diego-Giusti-fotografo-matrimonio-a-Livorno-Eleonora-e-Francesco-445-1280x853.webp\" data-src-full=\"https:\/\/diegogiusti.it\/wp-content\/uploads\/2025\/11\/Diego-Giusti-fotografo-matrimonio-a-Livorno-Eleonora-e-Francesco-445.webp\" title=\"Diego Giusti fotografo matrimonio a Livorno- Eleonora e Francesco-445\" alt=\"Diego Giusti fotografo matrimonio a Livorno- Eleonora e Francesco-445\"\/><\/div><div class=\"bt_bb_css_image_grid_item_inner_content\"><\/div><\/div><\/div><div class=\"bt_bb_css_image_grid_item bt_bb_tile_format_11\" data-src-full=\"https:\/\/diegogiusti.it\/wp-content\/uploads\/2025\/11\/Diego-Giusti-fotografo-matrimonio-a-Livorno-Eleonora-e-Francesco-458.webp\" title=\"Diego Giusti fotografo matrimonio a Livorno- Eleonora e Francesco-458\"><div class=\"bt_bb_css_image_grid_item_inner\"><div class=\"bt_bb_css_image_grid_item_inner_image\"><img src=\"https:\/\/diegogiusti.it\/wp-content\/uploads\/2025\/11\/Diego-Giusti-fotografo-matrimonio-a-Livorno-Eleonora-e-Francesco-458-1280x852.webp\" data-src-full=\"https:\/\/diegogiusti.it\/wp-content\/uploads\/2025\/11\/Diego-Giusti-fotografo-matrimonio-a-Livorno-Eleonora-e-Francesco-458.webp\" title=\"Diego Giusti fotografo matrimonio a Livorno- Eleonora e Francesco-458\" alt=\"Diego Giusti fotografo matrimonio a Livorno- Eleonora e Francesco-458\"\/><\/div><div class=\"bt_bb_css_image_grid_item_inner_content\"><\/div><\/div><\/div><div class=\"bt_bb_css_image_grid_item bt_bb_tile_format_11\" data-src-full=\"https:\/\/diegogiusti.it\/wp-content\/uploads\/2025\/11\/Diego-Giusti-fotografo-matrimonio-a-Livorno-Eleonora-e-Francesco-465.webp\" title=\"Diego Giusti fotografo matrimonio a Livorno- Eleonora e Francesco-465\"><div class=\"bt_bb_css_image_grid_item_inner\"><div class=\"bt_bb_css_image_grid_item_inner_image\"><img src=\"https:\/\/diegogiusti.it\/wp-content\/uploads\/2025\/11\/Diego-Giusti-fotografo-matrimonio-a-Livorno-Eleonora-e-Francesco-465-1280x853.webp\" data-src-full=\"https:\/\/diegogiusti.it\/wp-content\/uploads\/2025\/11\/Diego-Giusti-fotografo-matrimonio-a-Livorno-Eleonora-e-Francesco-465.webp\" title=\"Diego Giusti fotografo matrimonio a Livorno- Eleonora e Francesco-465\" alt=\"Diego Giusti fotografo matrimonio a Livorno- Eleonora e Francesco-465\"\/><\/div><div class=\"bt_bb_css_image_grid_item_inner_content\"><\/div><\/div><\/div><div class=\"bt_bb_css_image_grid_item bt_bb_tile_format_11\" data-src-full=\"https:\/\/diegogiusti.it\/wp-content\/uploads\/2025\/11\/Diego-Giusti-fotografo-matrimonio-a-Livorno-Eleonora-e-Francesco-485.webp\" title=\"Diego Giusti fotografo matrimonio a Livorno- Eleonora e Francesco-485\"><div class=\"bt_bb_css_image_grid_item_inner\"><div class=\"bt_bb_css_image_grid_item_inner_image\"><img src=\"https:\/\/diegogiusti.it\/wp-content\/uploads\/2025\/11\/Diego-Giusti-fotografo-matrimonio-a-Livorno-Eleonora-e-Francesco-485-1280x852.webp\" data-src-full=\"https:\/\/diegogiusti.it\/wp-content\/uploads\/2025\/11\/Diego-Giusti-fotografo-matrimonio-a-Livorno-Eleonora-e-Francesco-485.webp\" title=\"Diego Giusti fotografo matrimonio a Livorno- Eleonora e Francesco-485\" alt=\"Diego Giusti fotografo matrimonio a Livorno- Eleonora e Francesco-485\"\/><\/div><div class=\"bt_bb_css_image_grid_item_inner_content\"><\/div><\/div><\/div><div class=\"bt_bb_css_image_grid_item bt_bb_tile_format_11\" data-src-full=\"https:\/\/diegogiusti.it\/wp-content\/uploads\/2025\/11\/Diego-Giusti-fotografo-matrimonio-a-Livorno-Eleonora-e-Francesco-495.webp\" title=\"Diego Giusti fotografo matrimonio a Livorno- Eleonora e Francesco-495\"><div class=\"bt_bb_css_image_grid_item_inner\"><div class=\"bt_bb_css_image_grid_item_inner_image\"><img src=\"https:\/\/diegogiusti.it\/wp-content\/uploads\/2025\/11\/Diego-Giusti-fotografo-matrimonio-a-Livorno-Eleonora-e-Francesco-495-1280x852.webp\" data-src-full=\"https:\/\/diegogiusti.it\/wp-content\/uploads\/2025\/11\/Diego-Giusti-fotografo-matrimonio-a-Livorno-Eleonora-e-Francesco-495.webp\" title=\"Diego Giusti fotografo matrimonio a Livorno- Eleonora e Francesco-495\" alt=\"Diego Giusti fotografo matrimonio a Livorno- Eleonora e Francesco-495\"\/><\/div><div class=\"bt_bb_css_image_grid_item_inner_content\"><\/div><\/div><\/div><div class=\"bt_bb_css_image_grid_item bt_bb_tile_format_11\" data-src-full=\"https:\/\/diegogiusti.it\/wp-content\/uploads\/2025\/11\/Diego-Giusti-fotografo-matrimonio-a-Livorno-Eleonora-e-Francesco-516.webp\" title=\"Diego Giusti fotografo matrimonio a Livorno- Eleonora e Francesco-516\"><div class=\"bt_bb_css_image_grid_item_inner\"><div class=\"bt_bb_css_image_grid_item_inner_image\"><img src=\"https:\/\/diegogiusti.it\/wp-content\/uploads\/2025\/11\/Diego-Giusti-fotografo-matrimonio-a-Livorno-Eleonora-e-Francesco-516-1280x852.webp\" data-src-full=\"https:\/\/diegogiusti.it\/wp-content\/uploads\/2025\/11\/Diego-Giusti-fotografo-matrimonio-a-Livorno-Eleonora-e-Francesco-516.webp\" title=\"Diego Giusti fotografo matrimonio a Livorno- Eleonora e Francesco-516\" alt=\"Diego Giusti fotografo matrimonio a Livorno- Eleonora e Francesco-516\"\/><\/div><div class=\"bt_bb_css_image_grid_item_inner_content\"><\/div><\/div><\/div><div class=\"bt_bb_css_image_grid_item bt_bb_tile_format_11\" data-src-full=\"https:\/\/diegogiusti.it\/wp-content\/uploads\/2025\/11\/Diego-Giusti-fotografo-matrimonio-a-Livorno-Eleonora-e-Francesco-517.webp\" title=\"Diego Giusti fotografo matrimonio a Livorno- Eleonora e Francesco-517\"><div class=\"bt_bb_css_image_grid_item_inner\"><div class=\"bt_bb_css_image_grid_item_inner_image\"><img src=\"https:\/\/diegogiusti.it\/wp-content\/uploads\/2025\/11\/Diego-Giusti-fotografo-matrimonio-a-Livorno-Eleonora-e-Francesco-517-1280x853.webp\" data-src-full=\"https:\/\/diegogiusti.it\/wp-content\/uploads\/2025\/11\/Diego-Giusti-fotografo-matrimonio-a-Livorno-Eleonora-e-Francesco-517.webp\" title=\"Diego Giusti fotografo matrimonio a Livorno- Eleonora e Francesco-517\" alt=\"Diego Giusti fotografo matrimonio a Livorno- Eleonora e Francesco-517\"\/><\/div><div class=\"bt_bb_css_image_grid_item_inner_content\"><\/div><\/div><\/div><\/div><\/div><div data-bb-version=\"5.4.7\" class=\"bt_bb_separator bt_bb_border_style_none bt_bb_top_spacing_small bt_bb_bottom_spacing_small\" data-bt-override-class=\"{&quot;bt_bb_top_spacing_&quot;:{&quot;current_class&quot;:&quot;bt_bb_top_spacing_small&quot;,&quot;def&quot;:&quot;small&quot;},&quot;bt_bb_bottom_spacing_&quot;:{&quot;current_class&quot;:&quot;bt_bb_bottom_spacing_small&quot;,&quot;def&quot;:&quot;small&quot;}}\"><\/div><\/div><\/div><\/div><\/div><\/div><\/div><!-- cell_inner --><\/div><!-- cell --><\/div><!-- port --><\/section><section data-bb-version=\"5.0.0\" id=\"bt_bb_section69f200cfaf58f\" class=\"bt_bb_section bt_bb_layout_boxed_1200 bt_bb_vertical_align_top bt_bb_top_spacing_normal bt_bb_bottom_spacing_normal\"  data-bt-override-class=\"{&quot;bt_bb_top_spacing_&quot;:{&quot;current_class&quot;:&quot;bt_bb_top_spacing_normal&quot;,&quot;def&quot;:&quot;normal&quot;},&quot;bt_bb_bottom_spacing_&quot;:{&quot;current_class&quot;:&quot;bt_bb_bottom_spacing_normal&quot;,&quot;def&quot;:&quot;normal&quot;}}\"><div class=\"bt_bb_port\"><div class=\"bt_bb_cell\"><div class=\"bt_bb_cell_inner\"><div class=\"bt_bb_row\"  data-bt-override-class=\"{}\"><div class=\"bt_bb_row_holder\" ><div data-bb-version=\"5.0.0\"  class=\"bt_bb_column col-xxl-12 col-xl-12 col-xs-12 col-sm-12 col-md-12 col-lg-12 bt_bb_vertical_align_top bt_bb_align_center bt_bb_padding_normal\" style=\"; --column-width:12;\" data-width=\"12\" data-bt-override-class=\"{&quot;bt_bb_align_&quot;:{&quot;current_class&quot;:&quot;bt_bb_align_center&quot;,&quot;def&quot;:&quot;center&quot;},&quot;bt_bb_padding_&quot;:{&quot;current_class&quot;:&quot;bt_bb_padding_normal&quot;,&quot;def&quot;:&quot;normal&quot;}}\"><div class=\"bt_bb_column_content\"><div class=\"bt_bb_column_content_inner\"><div data-bb-version=\"5.0.0\"  class=\"bt_bb_text\" ><\/p>\n<h3 style=\"text-align: center;\">Ti \u00e8 piaciuto il mio racconto fotografico?<\/h3>\n<p>\n<\/div><div data-bb-version=\"5.0.0\" class=\"bt_bb_separator bt_bb_border_style_none bt_bb_top_spacing_small bt_bb_bottom_spacing_small\" data-bt-override-class=\"{&quot;bt_bb_top_spacing_&quot;:{&quot;current_class&quot;:&quot;bt_bb_top_spacing_small&quot;,&quot;def&quot;:&quot;small&quot;},&quot;bt_bb_bottom_spacing_&quot;:{&quot;current_class&quot;:&quot;bt_bb_bottom_spacing_small&quot;,&quot;def&quot;:&quot;small&quot;}}\"><\/div><div data-bb-version=\"5.0.0\" class=\"bt_bb_button bt_bb_icon_position_left bt_bb_style_outline bt_bb_size_normal bt_bb_width_inline bt_bb_shape_inherit bt_bb_target_self bt_bb_text_transform_inherit bt_bb_align_center btWithText\" data-bt-override-class=\"{&quot;bt_bb_size_&quot;:{&quot;current_class&quot;:&quot;bt_bb_size_normal&quot;,&quot;def&quot;:&quot;normal&quot;},&quot;bt_bb_align_&quot;:{&quot;current_class&quot;:&quot;bt_bb_align_center&quot;,&quot;def&quot;:&quot;center&quot;}}\"><a href=\"https:\/\/diegogiusti.it\/en\/contatti-miglior-fotografo-matrimonio-livorno-toscana\/\" target=\"_self\" class=\"bt_bb_link\" title=\"Contattami e prenota una consulenza\"><span class=\"bt_bb_button_text\" >Contattami e prenota una consulenza<\/span><\/a><\/div><\/div><\/div><\/div><\/div><\/div><\/div><!-- cell_inner --><\/div><!-- cell --><\/div><!-- port --><\/section><section data-bb-version=\"5.4.7\" id=\"bt_bb_section69f200cfafa32\" class=\"bt_bb_section bt_bb_layout_boxed_1200\"  data-bt-override-class=\"null\"><div class=\"bt_bb_port\"><div class=\"bt_bb_cell\"><div class=\"bt_bb_cell_inner\"><div class=\"bt_bb_row\"  data-bt-override-class=\"{}\"><div class=\"bt_bb_row_holder\" ><div data-bb-version=\"5.4.7\"  class=\"bt_bb_column col-xxl-4 col-xl-4 col-xs-12 col-sm-12 col-md-12 col-lg-4 bt_bb_vertical_align_top bt_bb_align_left bt_bb_padding_normal\" style=\"; --column-width:4;\" data-width=\"4\" data-bt-override-class=\"{}\"><div class=\"bt_bb_column_content\"><div class=\"bt_bb_column_content_inner\"><div class=\"bt_bb_raw_content\"><!DOCTYPE html>\n<html lang=\"it\">\n<head>\n    <meta charset=\"UTF-8\">\n    <meta name=\"viewport\" content=\"width=device-width, initial-scale=1.0\">\n    <title>Foto e Testo con Link<\/title>\n    <style>\n        .container {\n            display: flex;\n            align-items: center;\n            gap: 30px;\n            max-width: 1000px;\n            margin: 0 auto;\n            padding: 20px;\n            font-family: Arial, sans-serif;\n            min-height: 200px;\n        }\n\n        .foto {\n            flex: 0 0 200px;\n        }\n\n        .foto-link {\n            display: block;\n            text-decoration: none;\n            transition: transform 0.3s ease;\n        }\n\n        .foto-link:hover {\n            transform: scale(1.05);\n        }\n\n        .foto-link img {\n            width: 100%;\n            height: auto;\n            border-radius: 8px;\n            box-shadow: 0 4px 8px rgba(0,0,0,0.1);\n            transition: box-shadow 0.3s ease;\n        }\n\n        .foto-link:hover img {\n            box-shadow: 0 6px 12px rgba(0,0,0,0.2);\n        }\n\n        .testo {\n            flex: 1;\n        }\n\n        .testo-link {\n            text-decoration: none;\n            color: inherit;\n            display: block;\n        }\n\n        .testo-link:hover h2 {\n            color: #0066cc;\n        }\n\n        .testo-link:hover .testo-content {\n            background-color: #f8f9fa;\n            border-radius: 8px;\n            padding: 15px;\n            margin: -15px;\n        }\n\n        .testo h2 {\n            color: #333;\n            margin-bottom: 15px;\n            transition: color 0.3s ease;\n        }\n\n        .testo p {\n            line-height: 1.6;\n            color: #666;\n            margin-bottom: 15px;\n            transition: color 0.3s ease;\n        }\n\n        .testo-link:hover p {\n            color: #333;\n        }\n\n        \/* Responsive per mobile *\/\n        @media (max-width: 768px) {\n            .container {\n                flex-direction: column;\n                align-items: flex-start;\n                gap: 20px;\n            }\n            \n            .foto {\n                flex: 0 0 auto;\n                width: 100%;\n                max-width: 250px;\n                margin: 0 auto;\n            }\n        }\n    <\/style>\n<\/head>\n<body>\n    <div class=\"container\">\n        <div class=\"foto\">\n            <a href=\"https:\/\/diegogiusti.it\/en\/realwedding-new-arianna-e-lorenzo\/\" class=\"foto-link\" target=\"_blank\">\n                <img src=\"https:\/\/diegogiusti.it\/wp-content\/uploads\/2025\/11\/Diego-Giusti-fotografo-matrimonio-a-Livorno-Arianna-e-Lorenzo-6.webp\" alt=\"Foto descrittiva\">\n            <\/a>\n        <\/div>\n        <div class=\"testo\">\n            <a href=\"https:\/\/diegogiusti.it\/en\/realwedding-new-arianna-e-lorenzo\/\" class=\"testo-link\" target=\"_blank\">\n                <div class=\"testo-content\">\n                    <h6>Matrimonio elegante e romantico in toscana<\/h6>\n                <\/div>\n            <\/a>\n        <\/div>\n    <\/div>\n<\/body>\n<\/html><\/div><\/div><\/div><\/div><div data-bb-version=\"5.4.7\"  class=\"bt_bb_column col-xxl-4 col-xl-4 col-xs-12 col-sm-12 col-md-12 col-lg-4 bt_bb_vertical_align_top bt_bb_align_left bt_bb_padding_normal\" style=\"; --column-width:4;\" data-width=\"4\" data-bt-override-class=\"{}\"><div class=\"bt_bb_column_content\"><div class=\"bt_bb_column_content_inner\"><\/div><\/div><\/div><div data-bb-version=\"5.4.7\"  class=\"bt_bb_column col-xxl-4 col-xl-4 col-xs-12 col-sm-12 col-md-12 col-lg-4 bt_bb_vertical_align_top bt_bb_align_left bt_bb_padding_normal\" style=\"; --column-width:4;\" data-width=\"4\" data-bt-override-class=\"{}\"><div class=\"bt_bb_column_content\"><div class=\"bt_bb_column_content_inner\"><div class=\"bt_bb_raw_content\"><!DOCTYPE html>\n<html lang=\"it\">\n<head>\n    <meta charset=\"UTF-8\">\n    <meta name=\"viewport\" content=\"width=device-width, initial-scale=1.0\">\n    <title>Foto e Testo con Link<\/title>\n    <style>\n        .container {\n            display: flex;\n            align-items: center;\n            gap: 30px;\n            max-width: 1000px;\n            margin: 0 auto;\n            padding: 20px;\n            font-family: Arial, sans-serif;\n            min-height: 200px;\n        }\n\n        .foto {\n            flex: 0 0 200px;\n        }\n\n        .foto-link {\n            display: block;\n            text-decoration: none;\n            transition: transform 0.3s ease;\n        }\n\n        .foto-link:hover {\n            transform: scale(1.05);\n        }\n\n        .foto-link img {\n            width: 100%;\n            height: auto;\n            border-radius: 8px;\n            box-shadow: 0 4px 8px rgba(0,0,0,0.1);\n            transition: box-shadow 0.3s ease;\n        }\n\n        .foto-link:hover img {\n            box-shadow: 0 6px 12px rgba(0,0,0,0.2);\n        }\n\n        .testo {\n            flex: 1;\n        }\n\n        .testo-link {\n            text-decoration: none;\n            color: inherit;\n            display: block;\n        }\n\n        .testo-link:hover h2 {\n            color: #0066cc;\n        }\n\n        .testo-link:hover .testo-content {\n            background-color: #f8f9fa;\n            border-radius: 8px;\n            padding: 15px;\n            margin: -15px;\n        }\n\n        .testo h2 {\n            color: #333;\n            margin-bottom: 15px;\n            transition: color 0.3s ease;\n        }\n\n        .testo p {\n            line-height: 1.6;\n            color: #666;\n            margin-bottom: 15px;\n            transition: color 0.3s ease;\n        }\n\n        .testo-link:hover p {\n            color: #333;\n        }\n\n        \/* Responsive per mobile *\/\n        @media (max-width: 768px) {\n            .container {\n                flex-direction: column;\n                align-items: flex-start;\n                gap: 20px;\n            }\n            \n            .foto {\n                flex: 0 0 auto;\n                width: 100%;\n                max-width: 250px;\n                margin: 0 auto;\n            }\n        }\n    <\/style>\n<\/head>\n<body>\n    <div class=\"container\">\n        <div class=\"foto\">\n            <a href=\"https:\/\/diegogiusti.it\/en\/realwedding-new-elisabetta-e-samiel\/\" class=\"foto-link\" target=\"_blank\">\n                <img src=\"https:\/\/diegogiusti.it\/wp-content\/uploads\/2025\/11\/Diego-Giusti-realwedding-2025-matrimonio-Elisabetta-Samiel-i-007.webp\" alt=\"Foto descrittiva\">\n            <\/a>\n        <\/div>\n        <div class=\"testo\">\n            <a href=\"https:\/\/diegogiusti.it\/en\/realwedding-new-elisabetta-e-samiel\/\" class=\"testo-link\" target=\"_blank\">\n                <div class=\"testo-content\">\n                    <h6>Un ponte tra due culture destinate ad incontrarsi<\/h6>\n                <\/div>\n            <\/a>\n        <\/div>\n    <\/div>\n<\/body>\n<\/html><\/div><\/div><\/div><\/div><\/div><\/div><\/div><!-- cell_inner --><\/div><!-- cell --><\/div><!-- port --><\/section><\/p>","protected":false},"excerpt":{"rendered":"","protected":false},"author":2,"featured_media":0,"parent":0,"menu_order":0,"comment_status":"closed","ping_status":"closed","template":"","meta":[],"yoast_head":"<!-- This site is optimized with the Yoast SEO plugin v21.1 - https:\/\/yoast.com\/wordpress\/plugins\/seo\/ -->\n<title>realwedding new Eleonora e Francesco - Diego Giusti Fotografo matrimoni Toscana<\/title>\n<meta name=\"description\" content=\"Servizio fotografico matrimoniale di Diego Giusti per una cerimonia nella splendida villa del 1400 di Corliano a San Giuliano Terme\" \/>\n<meta name=\"robots\" content=\"index, follow, max-snippet:-1, max-image-preview:large, max-video-preview:-1\" \/>\n<link rel=\"canonical\" href=\"https:\/\/diegogiusti.it\/en\/realwedding-new-eleonora-e-francesco\/\" \/>\n<meta property=\"og:locale\" content=\"en_GB\" \/>\n<meta property=\"og:type\" content=\"article\" \/>\n<meta property=\"og:title\" content=\"realwedding new Eleonora e Francesco - Diego Giusti Fotografo matrimoni Toscana\" \/>\n<meta property=\"og:description\" content=\"Servizio fotografico matrimoniale di Diego Giusti per una cerimonia nella splendida villa del 1400 di Corliano a San Giuliano Terme\" \/>\n<meta property=\"og:url\" content=\"https:\/\/diegogiusti.it\/en\/realwedding-new-eleonora-e-francesco\/\" \/>\n<meta property=\"og:site_name\" content=\"Diego Giusti Fotografo matrimoni Toscana\" \/>\n<meta property=\"article:publisher\" content=\"https:\/\/www.facebook.com\/diego.giusti.fotografo.livorno\" \/>\n<meta property=\"article:modified_time\" content=\"2026-02-02T18:40:55+00:00\" \/>\n<meta name=\"twitter:card\" content=\"summary_large_image\" \/>\n<meta name=\"twitter:label1\" content=\"Estimated reading time\" \/>\n\t<meta name=\"twitter:data1\" content=\"6 minutes\" \/>\n<script type=\"application\/ld+json\" class=\"yoast-schema-graph\">{\"@context\":\"https:\/\/schema.org\",\"@graph\":[{\"@type\":\"WebPage\",\"@id\":\"https:\/\/diegogiusti.it\/realwedding-new-eleonora-e-francesco\/\",\"url\":\"https:\/\/diegogiusti.it\/realwedding-new-eleonora-e-francesco\/\",\"name\":\"realwedding new Eleonora e Francesco - Diego Giusti Fotografo matrimoni Toscana\",\"isPartOf\":{\"@id\":\"https:\/\/diegogiusti.it\/#website\"},\"datePublished\":\"2025-11-16T08:11:52+00:00\",\"dateModified\":\"2026-02-02T18:40:55+00:00\",\"description\":\"Servizio fotografico matrimoniale di Diego Giusti per una cerimonia nella splendida villa del 1400 di Corliano a San Giuliano Terme\",\"breadcrumb\":{\"@id\":\"https:\/\/diegogiusti.it\/realwedding-new-eleonora-e-francesco\/#breadcrumb\"},\"inLanguage\":\"en-GB\",\"potentialAction\":[{\"@type\":\"ReadAction\",\"target\":[\"https:\/\/diegogiusti.it\/realwedding-new-eleonora-e-francesco\/\"]}]},{\"@type\":\"BreadcrumbList\",\"@id\":\"https:\/\/diegogiusti.it\/realwedding-new-eleonora-e-francesco\/#breadcrumb\",\"itemListElement\":[{\"@type\":\"ListItem\",\"position\":1,\"name\":\"Home\",\"item\":\"https:\/\/diegogiusti.it\/\"},{\"@type\":\"ListItem\",\"position\":2,\"name\":\"realwedding new Eleonora e Francesco\"}]},{\"@type\":\"WebSite\",\"@id\":\"https:\/\/diegogiusti.it\/#website\",\"url\":\"https:\/\/diegogiusti.it\/\",\"name\":\"Diego Giusti Fotografo matrimoni Toscana\",\"description\":\"Diego Giusti Fotografo per Matrimoni a Livorno\",\"publisher\":{\"@id\":\"https:\/\/diegogiusti.it\/#organization\"},\"potentialAction\":[{\"@type\":\"SearchAction\",\"target\":{\"@type\":\"EntryPoint\",\"urlTemplate\":\"https:\/\/diegogiusti.it\/?s={search_term_string}\"},\"query-input\":\"required name=search_term_string\"}],\"inLanguage\":\"en-GB\"},{\"@type\":\"Organization\",\"@id\":\"https:\/\/diegogiusti.it\/#organization\",\"name\":\"Diego Giusti Fotografo matrimoni Toscana\",\"url\":\"https:\/\/diegogiusti.it\/\",\"logo\":{\"@type\":\"ImageObject\",\"inLanguage\":\"en-GB\",\"@id\":\"https:\/\/diegogiusti.it\/#\/schema\/logo\/image\/\",\"url\":\"https:\/\/diegogiusti.it\/wp-content\/uploads\/2022\/10\/Diego-Giusti-logo_fotografo-matrimoni2.png\",\"contentUrl\":\"https:\/\/diegogiusti.it\/wp-content\/uploads\/2022\/10\/Diego-Giusti-logo_fotografo-matrimoni2.png\",\"width\":1653,\"height\":413,\"caption\":\"Diego Giusti Fotografo matrimoni Toscana\"},\"image\":{\"@id\":\"https:\/\/diegogiusti.it\/#\/schema\/logo\/image\/\"},\"sameAs\":[\"https:\/\/www.facebook.com\/diego.giusti.fotografo.livorno\",\"https:\/\/www.instagram.com\/diegogiusti_fotografo\/\"]}]}<\/script>\n<!-- \/ Yoast SEO plugin. -->","yoast_head_json":{"title":"realwedding new Eleonora e Francesco - Diego Giusti Fotografo matrimoni Toscana","description":"Servizio fotografico matrimoniale di Diego Giusti per una cerimonia nella splendida villa del 1400 di Corliano a San Giuliano Terme","robots":{"index":"index","follow":"follow","max-snippet":"max-snippet:-1","max-image-preview":"max-image-preview:large","max-video-preview":"max-video-preview:-1"},"canonical":"https:\/\/diegogiusti.it\/en\/realwedding-new-eleonora-e-francesco\/","og_locale":"en_GB","og_type":"article","og_title":"realwedding new Eleonora e Francesco - Diego Giusti Fotografo matrimoni Toscana","og_description":"Servizio fotografico matrimoniale di Diego Giusti per una cerimonia nella splendida villa del 1400 di Corliano a San Giuliano Terme","og_url":"https:\/\/diegogiusti.it\/en\/realwedding-new-eleonora-e-francesco\/","og_site_name":"Diego Giusti Fotografo matrimoni Toscana","article_publisher":"https:\/\/www.facebook.com\/diego.giusti.fotografo.livorno","article_modified_time":"2026-02-02T18:40:55+00:00","twitter_card":"summary_large_image","twitter_misc":{"Estimated reading time":"6 minutes"},"schema":{"@context":"https:\/\/schema.org","@graph":[{"@type":"WebPage","@id":"https:\/\/diegogiusti.it\/realwedding-new-eleonora-e-francesco\/","url":"https:\/\/diegogiusti.it\/realwedding-new-eleonora-e-francesco\/","name":"realwedding new Eleonora e Francesco - Diego Giusti Fotografo matrimoni Toscana","isPartOf":{"@id":"https:\/\/diegogiusti.it\/#website"},"datePublished":"2025-11-16T08:11:52+00:00","dateModified":"2026-02-02T18:40:55+00:00","description":"Servizio fotografico matrimoniale di Diego Giusti per una cerimonia nella splendida villa del 1400 di Corliano a San Giuliano Terme","breadcrumb":{"@id":"https:\/\/diegogiusti.it\/realwedding-new-eleonora-e-francesco\/#breadcrumb"},"inLanguage":"en-GB","potentialAction":[{"@type":"ReadAction","target":["https:\/\/diegogiusti.it\/realwedding-new-eleonora-e-francesco\/"]}]},{"@type":"BreadcrumbList","@id":"https:\/\/diegogiusti.it\/realwedding-new-eleonora-e-francesco\/#breadcrumb","itemListElement":[{"@type":"ListItem","position":1,"name":"Home","item":"https:\/\/diegogiusti.it\/"},{"@type":"ListItem","position":2,"name":"realwedding new Eleonora e Francesco"}]},{"@type":"WebSite","@id":"https:\/\/diegogiusti.it\/#website","url":"https:\/\/diegogiusti.it\/","name":"Diego Giusti Fotografo matrimoni Toscana","description":"Diego Giusti Wedding Photographer in Livorno","publisher":{"@id":"https:\/\/diegogiusti.it\/#organization"},"potentialAction":[{"@type":"SearchAction","target":{"@type":"EntryPoint","urlTemplate":"https:\/\/diegogiusti.it\/?s={search_term_string}"},"query-input":"required name=search_term_string"}],"inLanguage":"en-GB"},{"@type":"Organization","@id":"https:\/\/diegogiusti.it\/#organization","name":"Diego Giusti Fotografo matrimoni Toscana","url":"https:\/\/diegogiusti.it\/","logo":{"@type":"ImageObject","inLanguage":"en-GB","@id":"https:\/\/diegogiusti.it\/#\/schema\/logo\/image\/","url":"https:\/\/diegogiusti.it\/wp-content\/uploads\/2022\/10\/Diego-Giusti-logo_fotografo-matrimoni2.png","contentUrl":"https:\/\/diegogiusti.it\/wp-content\/uploads\/2022\/10\/Diego-Giusti-logo_fotografo-matrimoni2.png","width":1653,"height":413,"caption":"Diego Giusti Fotografo matrimoni Toscana"},"image":{"@id":"https:\/\/diegogiusti.it\/#\/schema\/logo\/image\/"},"sameAs":["https:\/\/www.facebook.com\/diego.giusti.fotografo.livorno","https:\/\/www.instagram.com\/diegogiusti_fotografo\/"]}]}},"_links":{"self":[{"href":"https:\/\/diegogiusti.it\/en\/wp-json\/wp\/v2\/pages\/11204"}],"collection":[{"href":"https:\/\/diegogiusti.it\/en\/wp-json\/wp\/v2\/pages"}],"about":[{"href":"https:\/\/diegogiusti.it\/en\/wp-json\/wp\/v2\/types\/page"}],"author":[{"embeddable":true,"href":"https:\/\/diegogiusti.it\/en\/wp-json\/wp\/v2\/users\/2"}],"replies":[{"embeddable":true,"href":"https:\/\/diegogiusti.it\/en\/wp-json\/wp\/v2\/comments?post=11204"}],"version-history":[{"count":12,"href":"https:\/\/diegogiusti.it\/en\/wp-json\/wp\/v2\/pages\/11204\/revisions"}],"predecessor-version":[{"id":11579,"href":"https:\/\/diegogiusti.it\/en\/wp-json\/wp\/v2\/pages\/11204\/revisions\/11579"}],"wp:attachment":[{"href":"https:\/\/diegogiusti.it\/en\/wp-json\/wp\/v2\/media?parent=11204"}],"curies":[{"name":"wp","href":"https:\/\/api.w.org\/{rel}","templated":true}]}}