{"id":11165,"date":"2026-01-30T09:24:11","date_gmt":"2026-01-30T09:24:11","guid":{"rendered":"https:\/\/diegogiusti.it\/?page_id=11165"},"modified":"2026-02-02T18:41:30","modified_gmt":"2026-02-02T18:41:30","slug":"realwedding-new-elisabetta-e-samiel","status":"publish","type":"page","link":"https:\/\/diegogiusti.it\/en\/realwedding-new-elisabetta-e-samiel\/","title":{"rendered":"realwedding new Elisabetta e Samiel"},"content":{"rendered":"<p><section data-bb-version=\"5.5.3\" id=\"bt_bb_section69f20dc418b9b\" class=\"bt_bb_section bt_bb_color_scheme_2 bt_bb_layout_boxed_1000 bt_bb_vertical_align_top bt_bb_top_spacing_medium bt_bb_bottom_spacing_medium\" style=\"; --section-primary-color:#181818; --section-secondary-color:#ffffff;\" data-bt-override-class=\"{&quot;bt_bb_top_spacing_&quot;:{&quot;current_class&quot;:&quot;bt_bb_top_spacing_medium&quot;,&quot;def&quot;:&quot;medium&quot;},&quot;bt_bb_bottom_spacing_&quot;:{&quot;current_class&quot;:&quot;bt_bb_bottom_spacing_medium&quot;,&quot;def&quot;:&quot;medium&quot;},&quot;bt_bb_animation_&quot;:{&quot;current_class&quot;:&quot;bt_bb_animation_no_animation&quot;,&quot;def&quot;:&quot;no_animation&quot;}}\"><div class=\"bt_bb_port\"><div class=\"bt_bb_cell\"><div class=\"bt_bb_cell_inner\"><div class=\"bt_bb_row\"  data-bt-override-class=\"{}\"><div class=\"bt_bb_row_holder\" ><div  class=\"bt_bb_column col-xxl-12 col-xl-12 bt_bb_vertical_align_middle bt_bb_align_center bt_bb_padding_normal bt_bb_animation_fade_in move_up animate\" style=\"; --column-width:12;\" data-width=\"12\" data-bt-override-class=\"{}\"><div class=\"bt_bb_column_content\"><div class=\"bt_bb_column_content_inner\"><div class=\"bt_bb_separator bt_bb_border_style_none bt_bb_bottom_spacing_small\" data-bt-override-class=\"null\"><\/div><header data-bb-version=\"5.6.3\" class=\"bt_bb_headline bt_bb_color_scheme_4 bt_bb_dash_none bt_bb_size_large bt_bb_align_center\" style=\"; --headline-primary-color:#8c857a; --headline-secondary-color:#ffffff;\" data-bt-override-class=\"{&quot;bt_bb_size_&quot;:{&quot;current_class&quot;:&quot;bt_bb_size_large&quot;,&quot;def&quot;:&quot;large&quot;},&quot;bt_bb_align_&quot;:{&quot;current_class&quot;:&quot;bt_bb_align_center&quot;,&quot;def&quot;:&quot;center&quot;}}\"><h1 class=\"bt_bb_headline_tag\"><span class=\"bt_bb_headline_content\"><span>UN PONTE TRA DUE CULTURE DESTINATE AD INCONTRASI<\/span><\/span><\/h1><\/header><div data-bb-version=\"5.5.3\" class=\"bt_bb_separator bt_bb_border_style_none bt_bb_top_spacing_none bt_bb_bottom_spacing_none bt_bb_hidden_xs bt_bb_hidden_ms bt_bb_hidden_sm\" data-bt-override-class=\"{&quot;bt_bb_top_spacing_&quot;:{&quot;current_class&quot;:&quot;bt_bb_top_spacing_none&quot;,&quot;def&quot;:&quot;none&quot;},&quot;bt_bb_bottom_spacing_&quot;:{&quot;current_class&quot;:&quot;bt_bb_bottom_spacing_none&quot;,&quot;def&quot;:&quot;none&quot;}}\"><\/div><\/div><\/div><\/div><\/div><\/div><\/div><!-- cell_inner --><\/div><!-- cell --><\/div><!-- port --><\/section><section data-bb-version=\"5.4.7\" id=\"bt_bb_section69f20dc418e8c\" class=\"bt_bb_section bt_bb_layout_boxed_1200 bt_bb_vertical_align_top bt_bb_top_spacing_normal bt_bb_bottom_spacing_none\"  data-bt-override-class=\"{&quot;bt_bb_top_spacing_&quot;:{&quot;current_class&quot;:&quot;bt_bb_top_spacing_normal&quot;,&quot;def&quot;:&quot;normal&quot;},&quot;bt_bb_bottom_spacing_&quot;:{&quot;current_class&quot;:&quot;bt_bb_bottom_spacing_none&quot;,&quot;def&quot;:&quot;none&quot;},&quot;bt_bb_animation_&quot;:{&quot;current_class&quot;:&quot;bt_bb_animation_no_animation&quot;,&quot;def&quot;:&quot;no_animation&quot;}}\"><div class=\"bt_bb_port\"><div class=\"bt_bb_cell\"><div class=\"bt_bb_cell_inner\"><div class=\"bt_bb_row\"  data-bt-override-class=\"{}\"><div class=\"bt_bb_row_holder\" ><div data-bb-version=\"5.4.7\"  class=\"bt_bb_column col-xxl-12 col-xl-12 col-xs-12 col-sm-12 col-md-12 col-lg-12 bt_bb_vertical_align_top bt_bb_align_left bt_bb_padding_normal\" style=\"; --column-width:12;\" data-width=\"12\" data-bt-override-class=\"{}\"><div class=\"bt_bb_column_content\"><div class=\"bt_bb_column_content_inner\"><div data-bb-version=\"5.4.7\" class=\"bt_bb_separator bt_bb_border_style_none bt_bb_top_spacing_small bt_bb_bottom_spacing_small\" data-bt-override-class=\"{&quot;bt_bb_top_spacing_&quot;:{&quot;current_class&quot;:&quot;bt_bb_top_spacing_small&quot;,&quot;def&quot;:&quot;small&quot;},&quot;bt_bb_bottom_spacing_&quot;:{&quot;current_class&quot;:&quot;bt_bb_bottom_spacing_small&quot;,&quot;def&quot;:&quot;small&quot;}}\"><\/div><div data-bb-version=\"5.5.3\" class=\"bt_bb_slider bt_bb_height_auto bt_bb_show_dots_bottom bt_bb_multiple_slides bt_bb_animation_slide animate bt_bb_navigation_color_light\"><div class=\"slick-slider\"  data-slick='{ \"lazyLoad\": \"progressive\", \"cssEase\": \"ease-out\", \"speed\": \"300\", \"adaptiveHeight\": true, \"dots\": true, \"prevArrow\": \"&lt;button type=\\\"button\\\" class=\\\"slick-prev\\\" aria-label=\\\"Previous\\\" tabindex=\\\"0\\\" role=\\\"button\\\"&gt;&lt;\/button&gt;\", \"nextArrow\": \"&lt;button type=\\\"button\\\" class=\\\"slick-next\\\" aria-label=\\\"Next\\\" tabindex=\\\"0\\\" role=\\\"button\\\"&gt;&lt;\/button&gt;\",\"slidesToShow\": 1, \"autoplay\": true, \"autoplaySpeed\": 3800}' ><div class=\"bt_bb_slider_item\" data-src-full=\"https:\/\/diegogiusti.it\/wp-content\/uploads\/2025\/11\/Diego-Giusti-realwedding-2025-matrimonio-Elisabetta-Samiel-i-007.webp\"><img src=\"https:\/\/diegogiusti.it\/wp-content\/uploads\/2025\/11\/Diego-Giusti-realwedding-2025-matrimonio-Elisabetta-Samiel-i-007.webp\" alt=\"Diego-Giusti-realwedding-2025-matrimonio Elisabetta-Samiel-i-007\"  title=\"Diego-Giusti-realwedding-2025-matrimonio Elisabetta-Samiel-i-007\"><\/div><div class=\"bt_bb_slider_item\" data-src-full=\"https:\/\/diegogiusti.it\/wp-content\/uploads\/2025\/11\/Diego-Giusti-realwedding-2025-matrimonio-Elisabetta-Samiel-i-012.webp\"><img src=\"https:\/\/diegogiusti.it\/wp-content\/uploads\/2025\/11\/Diego-Giusti-realwedding-2025-matrimonio-Elisabetta-Samiel-i-012.webp\" alt=\"Diego-Giusti-realwedding-2025-matrimonio Elisabetta-Samiel-i-012\"  title=\"Diego-Giusti-realwedding-2025-matrimonio Elisabetta-Samiel-i-012\"><\/div><div class=\"bt_bb_slider_item\" data-src-full=\"https:\/\/diegogiusti.it\/wp-content\/uploads\/2025\/11\/Diego-Giusti-realwedding-2025-matrimonio-Elisabetta-Samiel-i-013.webp\"><img src=\"https:\/\/diegogiusti.it\/wp-content\/uploads\/2025\/11\/Diego-Giusti-realwedding-2025-matrimonio-Elisabetta-Samiel-i-013.webp\" alt=\"Diego-Giusti-realwedding-2025-matrimonio Elisabetta-Samiel-i-013\"  title=\"Diego-Giusti-realwedding-2025-matrimonio Elisabetta-Samiel-i-013\"><\/div><\/div><\/div><div data-bb-version=\"5.4.7\" class=\"bt_bb_separator bt_bb_border_style_none bt_bb_top_spacing_small bt_bb_bottom_spacing_small\" data-bt-override-class=\"{&quot;bt_bb_top_spacing_&quot;:{&quot;current_class&quot;:&quot;bt_bb_top_spacing_small&quot;,&quot;def&quot;:&quot;small&quot;},&quot;bt_bb_bottom_spacing_&quot;:{&quot;current_class&quot;:&quot;bt_bb_bottom_spacing_small&quot;,&quot;def&quot;:&quot;small&quot;}}\"><\/div><\/div><\/div><\/div><\/div><\/div><\/div><!-- cell_inner --><\/div><!-- cell --><\/div><!-- port --><\/section><section data-bb-version=\"5.0.0\" id=\"bt_bb_section69f20dc419ebe\" class=\"bt_bb_section bt_bb_layout_boxed_1200 bt_bb_vertical_align_top bt_bb_top_spacing_normal bt_bb_bottom_spacing_normal\"  data-bt-override-class=\"{&quot;bt_bb_top_spacing_&quot;:{&quot;current_class&quot;:&quot;bt_bb_top_spacing_normal&quot;,&quot;def&quot;:&quot;normal&quot;},&quot;bt_bb_bottom_spacing_&quot;:{&quot;current_class&quot;:&quot;bt_bb_bottom_spacing_normal&quot;,&quot;def&quot;:&quot;normal&quot;}}\"><div class=\"bt_bb_port\"><div class=\"bt_bb_cell\"><div class=\"bt_bb_cell_inner\"><div class=\"bt_bb_row\"  data-bt-override-class=\"{}\"><div class=\"bt_bb_row_holder\" ><div data-bb-version=\"5.0.0\"  class=\"bt_bb_column col-xxl-8 col-xl-8 col-xs-12 col-sm-12 col-md-12 col-lg-8 bt_bb_vertical_align_top bt_bb_align_center bt_bb_padding_normal\" style=\"; --column-width:8;\" data-width=\"8\" data-bt-override-class=\"{&quot;bt_bb_align_&quot;:{&quot;current_class&quot;:&quot;bt_bb_align_center&quot;,&quot;def&quot;:&quot;center&quot;},&quot;bt_bb_padding_&quot;:{&quot;current_class&quot;:&quot;bt_bb_padding_normal&quot;,&quot;def&quot;:&quot;normal&quot;}}\"><div class=\"bt_bb_column_content\"><div class=\"bt_bb_column_content_inner\"><div data-bb-version=\"5.0.0\"  class=\"bt_bb_text\" ><\/p>\n<p style=\"text-align: left;\" data-start=\"240\" data-end=\"563\">Il matrimonio di <strong data-start=\"257\" data-end=\"280\">Elisabetta e Samiel<\/strong> si \u00e8 svolto presso la <strong data-start=\"303\" data-end=\"323\">Fattoria 7 Passi<\/strong>, una delle location pi\u00f9 suggestive tra Livorno e le colline toscane. Come <strong data-start=\"398\" data-end=\"436\">fotografo di matrimonio in Toscana<\/strong>, amo lavorare in luoghi dove natura, luce e atmosfera si fondono in modo naturale, e questa giornata \u00e8 stata davvero speciale.<\/p>\n<p style=\"text-align: left;\" data-start=\"565\" data-end=\"952\">Elisabetta, livornese, ed energica; Samiel, di origini eritree, dolce e fiero. Insieme hanno unito due culture diverse, trasformando il loro matrimonio in un racconto fatto di colori, tradizioni e sorrisi arrivati da ogni parte del mondo. Gli ospiti provenivano dall\u2019Eritrea, dalla Svizzera, dall\u2019Olanda e dalla Germania, portando con s\u00e9 abiti tradizionali, danze e una gioia contagiosa. La cerimonia , \u00e8 stata intensa e autentica: sguardi che si capivano anche senza parole, emozioni condivise da chi non parlava la stessa lingua ma era l\u00ec per lo stesso motivo \u2014 l\u2019amore.<\/p>\n<p style=\"text-align: left;\" data-start=\"1176\" data-end=\"1408\">Uno dei momenti pi\u00f9 belli \u00e8 stato il <strong data-start=\"1213\" data-end=\"1239\">cambio d\u2019abito eritreo<\/strong> di Elisabetta e Samiel: oro, ricami, applausi, canti e un ingresso che ha fatto vibrare la festa. Una vera celebrazione di due mondi che si incontrano e si riconoscono.\u00a0La <strong data-start=\"1413\" data-end=\"1433\">Fattoria 7 Passi<\/strong>, con i suoi spazi aperti e il suo carattere rustico ed elegante, \u00e8 stata la cornice perfetta per una festa piena di musica, tavolate all\u2019aperto e un tramonto rosa che sembrava voler benedire ogni cosa.<\/p>\n<p style=\"text-align: left;\" data-start=\"1637\" data-end=\"1868\">Ringrazio di cuore Elisabetta e Samiel per avermi dato la possibilit\u00e0 di raccontare una storia cos\u00ec ricca e luminosa. Fotografare il loro matrimonio \u00e8 stato un privilegio e un viaggio attraverso due culture unite dalla stessa luce.<\/p>\n<p>\n<\/div><\/div><\/div><\/div><div data-bb-version=\"5.4.7\"  class=\"bt_bb_column col-xxl-4 col-xl-4 col-xs-12 col-sm-12 col-md-12 col-lg-4 bt_bb_vertical_align_top bt_bb_align_left bt_bb_padding_10\" style=\"; --column-width:4;\" data-width=\"4\" data-bt-override-class=\"{&quot;bt_bb_align_&quot;:{&quot;current_class&quot;:&quot;bt_bb_align_left&quot;,&quot;def&quot;:&quot;left&quot;},&quot;bt_bb_padding_&quot;:{&quot;current_class&quot;:&quot;bt_bb_padding_10&quot;,&quot;def&quot;:&quot;10&quot;},&quot;bt_bb_animation_&quot;:{&quot;current_class&quot;:&quot;bt_bb_animation_no_animation&quot;,&quot;def&quot;:&quot;no_animation&quot;}}\"><div class=\"bt_bb_column_content\"><div class=\"bt_bb_column_content_inner\"><div  class=\"bt_bb_text\" style=\"max-width: 490px; margin: 0 auto;\"><\/p>\n<p>REGIONE:\u00a0 \u00a0 \u00a0 \u00a0 \u00a0Toscana<\/p>\n<p style=\"text-align: left;\">LOCATION:\u00a0 \u00a0 \u00a0 \u00a0Fattoria Sette Passi<\/p>\n<p style=\"text-align: left;\">DATA:\u00a0 \u00a0 \u00a0 \u00a0 \u00a0 \u00a0 \u00a0 \u00a0 \u00a0Maggio 2025<\/p>\n<p style=\"text-align: left;\">STILE:\u00a0 \u00a0 \u00a0 \u00a0 \u00a0 \u00a0 \u00a0 \u00a0 Etnico<\/p>\n<p>\n<\/div><div data-bb-version=\"5.4.7\" class=\"bt_bb_separator bt_bb_border_style_none bt_bb_top_spacing_normal bt_bb_bottom_spacing_none\" data-bt-override-class=\"{&quot;bt_bb_top_spacing_&quot;:{&quot;current_class&quot;:&quot;bt_bb_top_spacing_normal&quot;,&quot;def&quot;:&quot;normal&quot;},&quot;bt_bb_bottom_spacing_&quot;:{&quot;current_class&quot;:&quot;bt_bb_bottom_spacing_none&quot;,&quot;def&quot;:&quot;none&quot;}}\"><\/div><div class=\"bt_bb_raw_content\"><!DOCTYPE html>\n<html lang=\"it\">\n<head>\n  <meta charset=\"UTF-8\">\n  <meta name=\"viewport\" content=\"width=device-width, initial-scale=1.0\">\n  <title>Icone Social Personalizzate<\/title>\n\n  <link rel=\"stylesheet\" href=\"https:\/\/cdnjs.cloudflare.com\/ajax\/libs\/font-awesome\/6.4.0\/css\/all.min.css\">\n\n  <style>\n    .social-icons {\n      display: flex;\n      justify-content: flex-start;\n      gap: 10px;\n    }\n\n    .social-icons a {\n      font-size: 1.2em;\n      color: #333; \n      transition: color 0.3s ease;\n      text-decoration: none;\n      \/* Rimossi tutti gli stili che creano il cerchio *\/\n      background: none; \/* Assicura che non ci sia sfondo *\/\n      border: none; \/* Rimuove eventuali bordi *\/\n      padding: 0; \/* Rimuove padding extra *\/\n    }\n\n    \/* Stile al passaggio del mouse *\/\n    .social-icons a:hover {\n      color: #007bff; \n      background: none; \/* Assicura che non compaia sfondo al hover *\/\n    }\n\n    \/* Assicura che le icone non abbiano cerchi *\/\n    .social-icons a i {\n      background: none;\n      border: none;\n    }\n  <\/style>\n\n<\/head>\n<body>\n\n  <div class=\"social-icons\">\n    <a href=\"https:\/\/www.facebook.com\/diego.giusti.906\" target=\"_blank\">\n      <i class=\"fa-brands fa-facebook\"><\/i>\n    <\/a>\n    <a href=\"https:\/\/www.instagram.com\/diegogiusti_fotografo\/\" target=\"_blank\">\n      <i class=\"fa-brands fa-instagram\"><\/i>\n    <\/a>\n  <\/div>\n<\/body>\n<\/html><\/div><\/div><\/div><\/div><\/div><\/div><\/div><!-- cell_inner --><\/div><!-- cell --><\/div><!-- port --><\/section><section data-bb-version=\"5.4.7\" id=\"bt_bb_section69f20dc41a3ff\" class=\"bt_bb_section bt_bb_layout_boxed_1200 bt_bb_vertical_align_top bt_bb_top_spacing_normal bt_bb_bottom_spacing_none\"  data-bt-override-class=\"{&quot;bt_bb_top_spacing_&quot;:{&quot;current_class&quot;:&quot;bt_bb_top_spacing_normal&quot;,&quot;def&quot;:&quot;normal&quot;},&quot;bt_bb_bottom_spacing_&quot;:{&quot;current_class&quot;:&quot;bt_bb_bottom_spacing_none&quot;,&quot;def&quot;:&quot;none&quot;},&quot;bt_bb_animation_&quot;:{&quot;current_class&quot;:&quot;bt_bb_animation_no_animation&quot;,&quot;def&quot;:&quot;no_animation&quot;}}\"><div class=\"bt_bb_port\"><div class=\"bt_bb_cell\"><div class=\"bt_bb_cell_inner\"><div class=\"bt_bb_row\"  data-bt-override-class=\"{}\"><div class=\"bt_bb_row_holder\" ><div data-bb-version=\"5.4.7\"  class=\"bt_bb_column col-xxl-12 col-xl-12 col-xs-12 col-sm-12 col-md-12 col-lg-12 bt_bb_vertical_align_top bt_bb_align_left bt_bb_padding_normal\" style=\"; --column-width:12;\" data-width=\"12\" data-bt-override-class=\"{}\"><div class=\"bt_bb_column_content\"><div class=\"bt_bb_column_content_inner\"><div data-bb-version=\"5.4.7\" class=\"bt_bb_separator bt_bb_border_style_none bt_bb_top_spacing_small bt_bb_bottom_spacing_small\" data-bt-override-class=\"{&quot;bt_bb_top_spacing_&quot;:{&quot;current_class&quot;:&quot;bt_bb_top_spacing_small&quot;,&quot;def&quot;:&quot;small&quot;},&quot;bt_bb_bottom_spacing_&quot;:{&quot;current_class&quot;:&quot;bt_bb_bottom_spacing_small&quot;,&quot;def&quot;:&quot;small&quot;}}\"><\/div><div data-bb-version=\"5.5.3\" class=\"bt_bb_css_image_grid bt_bb_columns_4 bt_bb_gap_small bt_bb_shape_inherit\" data-columns=\"4\"><div class=\"bt_bb_css_image_grid_content\"><div class=\"bt_bb_css_image_grid_item bt_bb_tile_format_11\" data-src-full=\"https:\/\/diegogiusti.it\/wp-content\/uploads\/2025\/11\/Diego-Giusti-realwedding-2025-matrimonio-Elisabetta-Samiel-i-014.webp\" title=\"Diego-Giusti-realwedding-2025-matrimonio Elisabetta-Samiel-i-014\"><div class=\"bt_bb_css_image_grid_item_inner\"><div class=\"bt_bb_css_image_grid_item_inner_image\"><img src=\"https:\/\/diegogiusti.it\/wp-content\/uploads\/2025\/11\/Diego-Giusti-realwedding-2025-matrimonio-Elisabetta-Samiel-i-014-1280x853.webp\" data-src-full=\"https:\/\/diegogiusti.it\/wp-content\/uploads\/2025\/11\/Diego-Giusti-realwedding-2025-matrimonio-Elisabetta-Samiel-i-014.webp\" title=\"Diego-Giusti-realwedding-2025-matrimonio Elisabetta-Samiel-i-014\" alt=\"Diego-Giusti-realwedding-2025-matrimonio Elisabetta-Samiel-i-014\"\/><\/div><div class=\"bt_bb_css_image_grid_item_inner_content\"><\/div><\/div><\/div><div class=\"bt_bb_css_image_grid_item bt_bb_tile_format_11\" data-src-full=\"https:\/\/diegogiusti.it\/wp-content\/uploads\/2025\/11\/Diego-Giusti-realwedding-2025-matrimonio-Elisabetta-Samiel-i-018.webp\" title=\"Diego-Giusti-realwedding-2025-matrimonio Elisabetta-Samiel-i-018\"><div class=\"bt_bb_css_image_grid_item_inner\"><div class=\"bt_bb_css_image_grid_item_inner_image\"><img src=\"https:\/\/diegogiusti.it\/wp-content\/uploads\/2025\/11\/Diego-Giusti-realwedding-2025-matrimonio-Elisabetta-Samiel-i-018-1280x852.webp\" data-src-full=\"https:\/\/diegogiusti.it\/wp-content\/uploads\/2025\/11\/Diego-Giusti-realwedding-2025-matrimonio-Elisabetta-Samiel-i-018.webp\" title=\"Diego-Giusti-realwedding-2025-matrimonio Elisabetta-Samiel-i-018\" alt=\"Diego-Giusti-realwedding-2025-matrimonio Elisabetta-Samiel-i-018\"\/><\/div><div class=\"bt_bb_css_image_grid_item_inner_content\"><\/div><\/div><\/div><div class=\"bt_bb_css_image_grid_item bt_bb_tile_format_11\" data-src-full=\"https:\/\/diegogiusti.it\/wp-content\/uploads\/2025\/11\/Diego-Giusti-realwedding-2025-matrimonio-Elisabetta-Samiel-i-019.webp\" title=\"Diego-Giusti-realwedding-2025-matrimonio Elisabetta-Samiel-i-019\"><div class=\"bt_bb_css_image_grid_item_inner\"><div class=\"bt_bb_css_image_grid_item_inner_image\"><img src=\"https:\/\/diegogiusti.it\/wp-content\/uploads\/2025\/11\/Diego-Giusti-realwedding-2025-matrimonio-Elisabetta-Samiel-i-019-1280x852.webp\" data-src-full=\"https:\/\/diegogiusti.it\/wp-content\/uploads\/2025\/11\/Diego-Giusti-realwedding-2025-matrimonio-Elisabetta-Samiel-i-019.webp\" title=\"Diego-Giusti-realwedding-2025-matrimonio Elisabetta-Samiel-i-019\" alt=\"Diego-Giusti-realwedding-2025-matrimonio Elisabetta-Samiel-i-019\"\/><\/div><div class=\"bt_bb_css_image_grid_item_inner_content\"><\/div><\/div><\/div><div class=\"bt_bb_css_image_grid_item bt_bb_tile_format_11\" data-src-full=\"https:\/\/diegogiusti.it\/wp-content\/uploads\/2025\/11\/Diego-Giusti-realwedding-2025-matrimonio-Elisabetta-Samiel-i-020.webp\" title=\"Diego-Giusti-realwedding-2025-matrimonio Elisabetta-Samiel-i-020\"><div class=\"bt_bb_css_image_grid_item_inner\"><div class=\"bt_bb_css_image_grid_item_inner_image\"><img src=\"https:\/\/diegogiusti.it\/wp-content\/uploads\/2025\/11\/Diego-Giusti-realwedding-2025-matrimonio-Elisabetta-Samiel-i-020-1280x853.webp\" data-src-full=\"https:\/\/diegogiusti.it\/wp-content\/uploads\/2025\/11\/Diego-Giusti-realwedding-2025-matrimonio-Elisabetta-Samiel-i-020.webp\" title=\"Diego-Giusti-realwedding-2025-matrimonio Elisabetta-Samiel-i-020\" alt=\"Diego-Giusti-realwedding-2025-matrimonio Elisabetta-Samiel-i-020\"\/><\/div><div class=\"bt_bb_css_image_grid_item_inner_content\"><\/div><\/div><\/div><div class=\"bt_bb_css_image_grid_item bt_bb_tile_format_11\" data-src-full=\"https:\/\/diegogiusti.it\/wp-content\/uploads\/2025\/11\/Diego-Giusti-realwedding-2025-matrimonio-Elisabetta-Samiel-i-021.webp\" title=\"Diego-Giusti-realwedding-2025-matrimonio Elisabetta-Samiel-i-021\"><div class=\"bt_bb_css_image_grid_item_inner\"><div class=\"bt_bb_css_image_grid_item_inner_image\"><img src=\"https:\/\/diegogiusti.it\/wp-content\/uploads\/2025\/11\/Diego-Giusti-realwedding-2025-matrimonio-Elisabetta-Samiel-i-021-1280x853.webp\" data-src-full=\"https:\/\/diegogiusti.it\/wp-content\/uploads\/2025\/11\/Diego-Giusti-realwedding-2025-matrimonio-Elisabetta-Samiel-i-021.webp\" title=\"Diego-Giusti-realwedding-2025-matrimonio Elisabetta-Samiel-i-021\" alt=\"Diego-Giusti-realwedding-2025-matrimonio Elisabetta-Samiel-i-021\"\/><\/div><div class=\"bt_bb_css_image_grid_item_inner_content\"><\/div><\/div><\/div><div class=\"bt_bb_css_image_grid_item bt_bb_tile_format_11\" data-src-full=\"https:\/\/diegogiusti.it\/wp-content\/uploads\/2025\/11\/Diego-Giusti-realwedding-2025-matrimonio-Elisabetta-Samiel-i-025.webp\" title=\"Diego-Giusti-realwedding-2025-matrimonio Elisabetta-Samiel-i-025\"><div class=\"bt_bb_css_image_grid_item_inner\"><div class=\"bt_bb_css_image_grid_item_inner_image\"><img src=\"https:\/\/diegogiusti.it\/wp-content\/uploads\/2025\/11\/Diego-Giusti-realwedding-2025-matrimonio-Elisabetta-Samiel-i-025-1280x852.webp\" data-src-full=\"https:\/\/diegogiusti.it\/wp-content\/uploads\/2025\/11\/Diego-Giusti-realwedding-2025-matrimonio-Elisabetta-Samiel-i-025.webp\" title=\"Diego-Giusti-realwedding-2025-matrimonio Elisabetta-Samiel-i-025\" alt=\"Diego-Giusti-realwedding-2025-matrimonio Elisabetta-Samiel-i-025\"\/><\/div><div class=\"bt_bb_css_image_grid_item_inner_content\"><\/div><\/div><\/div><div class=\"bt_bb_css_image_grid_item bt_bb_tile_format_11\" data-src-full=\"https:\/\/diegogiusti.it\/wp-content\/uploads\/2025\/11\/Diego-Giusti-realwedding-2025-matrimonio-Elisabetta-Samiel-i-029.webp\" title=\"Diego-Giusti-realwedding-2025-matrimonio Elisabetta-Samiel-i-029\"><div class=\"bt_bb_css_image_grid_item_inner\"><div class=\"bt_bb_css_image_grid_item_inner_image\"><img src=\"https:\/\/diegogiusti.it\/wp-content\/uploads\/2025\/11\/Diego-Giusti-realwedding-2025-matrimonio-Elisabetta-Samiel-i-029-1280x852.webp\" data-src-full=\"https:\/\/diegogiusti.it\/wp-content\/uploads\/2025\/11\/Diego-Giusti-realwedding-2025-matrimonio-Elisabetta-Samiel-i-029.webp\" title=\"Diego-Giusti-realwedding-2025-matrimonio Elisabetta-Samiel-i-029\" alt=\"Diego-Giusti-realwedding-2025-matrimonio Elisabetta-Samiel-i-029\"\/><\/div><div class=\"bt_bb_css_image_grid_item_inner_content\"><\/div><\/div><\/div><div class=\"bt_bb_css_image_grid_item bt_bb_tile_format_11\" data-src-full=\"https:\/\/diegogiusti.it\/wp-content\/uploads\/2025\/11\/Diego-Giusti-realwedding-2025-matrimonio-Elisabetta-Samiel-i-032.webp\" title=\"Diego-Giusti-realwedding-2025-matrimonio Elisabetta-Samiel-i-032\"><div class=\"bt_bb_css_image_grid_item_inner\"><div class=\"bt_bb_css_image_grid_item_inner_image\"><img src=\"https:\/\/diegogiusti.it\/wp-content\/uploads\/2025\/11\/Diego-Giusti-realwedding-2025-matrimonio-Elisabetta-Samiel-i-032-1280x853.webp\" data-src-full=\"https:\/\/diegogiusti.it\/wp-content\/uploads\/2025\/11\/Diego-Giusti-realwedding-2025-matrimonio-Elisabetta-Samiel-i-032.webp\" title=\"Diego-Giusti-realwedding-2025-matrimonio Elisabetta-Samiel-i-032\" alt=\"Diego-Giusti-realwedding-2025-matrimonio Elisabetta-Samiel-i-032\"\/><\/div><div class=\"bt_bb_css_image_grid_item_inner_content\"><\/div><\/div><\/div><div class=\"bt_bb_css_image_grid_item bt_bb_tile_format_11\" data-src-full=\"https:\/\/diegogiusti.it\/wp-content\/uploads\/2025\/11\/Diego-Giusti-realwedding-2025-matrimonio-Elisabetta-Samiel-i-037.webp\" title=\"Diego-Giusti-realwedding-2025-matrimonio Elisabetta-Samiel-i-037\"><div class=\"bt_bb_css_image_grid_item_inner\"><div class=\"bt_bb_css_image_grid_item_inner_image\"><img src=\"https:\/\/diegogiusti.it\/wp-content\/uploads\/2025\/11\/Diego-Giusti-realwedding-2025-matrimonio-Elisabetta-Samiel-i-037-1280x852.webp\" data-src-full=\"https:\/\/diegogiusti.it\/wp-content\/uploads\/2025\/11\/Diego-Giusti-realwedding-2025-matrimonio-Elisabetta-Samiel-i-037.webp\" title=\"Diego-Giusti-realwedding-2025-matrimonio Elisabetta-Samiel-i-037\" alt=\"Diego-Giusti-realwedding-2025-matrimonio Elisabetta-Samiel-i-037\"\/><\/div><div class=\"bt_bb_css_image_grid_item_inner_content\"><\/div><\/div><\/div><div class=\"bt_bb_css_image_grid_item bt_bb_tile_format_11\" data-src-full=\"https:\/\/diegogiusti.it\/wp-content\/uploads\/2025\/11\/Diego-Giusti-realwedding-2025-matrimonio-Elisabetta-Samiel-i-044.webp\" title=\"Diego-Giusti-realwedding-2025-matrimonio Elisabetta-Samiel-i-044\"><div class=\"bt_bb_css_image_grid_item_inner\"><div class=\"bt_bb_css_image_grid_item_inner_image\"><img src=\"https:\/\/diegogiusti.it\/wp-content\/uploads\/2025\/11\/Diego-Giusti-realwedding-2025-matrimonio-Elisabetta-Samiel-i-044-1280x852.webp\" data-src-full=\"https:\/\/diegogiusti.it\/wp-content\/uploads\/2025\/11\/Diego-Giusti-realwedding-2025-matrimonio-Elisabetta-Samiel-i-044.webp\" title=\"Diego-Giusti-realwedding-2025-matrimonio Elisabetta-Samiel-i-044\" alt=\"Diego-Giusti-realwedding-2025-matrimonio Elisabetta-Samiel-i-044\"\/><\/div><div class=\"bt_bb_css_image_grid_item_inner_content\"><\/div><\/div><\/div><div class=\"bt_bb_css_image_grid_item bt_bb_tile_format_11\" data-src-full=\"https:\/\/diegogiusti.it\/wp-content\/uploads\/2025\/11\/Diego-Giusti-realwedding-2025-matrimonio-Elisabetta-Samiel-i-054.webp\" title=\"Diego-Giusti-realwedding-2025-matrimonio Elisabetta-Samiel-i-054\"><div class=\"bt_bb_css_image_grid_item_inner\"><div class=\"bt_bb_css_image_grid_item_inner_image\"><img src=\"https:\/\/diegogiusti.it\/wp-content\/uploads\/2025\/11\/Diego-Giusti-realwedding-2025-matrimonio-Elisabetta-Samiel-i-054-1280x852.webp\" data-src-full=\"https:\/\/diegogiusti.it\/wp-content\/uploads\/2025\/11\/Diego-Giusti-realwedding-2025-matrimonio-Elisabetta-Samiel-i-054.webp\" title=\"Diego-Giusti-realwedding-2025-matrimonio Elisabetta-Samiel-i-054\" alt=\"Diego-Giusti-realwedding-2025-matrimonio Elisabetta-Samiel-i-054\"\/><\/div><div class=\"bt_bb_css_image_grid_item_inner_content\"><\/div><\/div><\/div><div class=\"bt_bb_css_image_grid_item bt_bb_tile_format_11\" data-src-full=\"https:\/\/diegogiusti.it\/wp-content\/uploads\/2025\/11\/Diego-Giusti-realwedding-2025-matrimonio-Elisabetta-Samiel-i-061.webp\" title=\"Diego-Giusti-realwedding-2025-matrimonio Elisabetta-Samiel-i-061\"><div class=\"bt_bb_css_image_grid_item_inner\"><div class=\"bt_bb_css_image_grid_item_inner_image\"><img src=\"https:\/\/diegogiusti.it\/wp-content\/uploads\/2025\/11\/Diego-Giusti-realwedding-2025-matrimonio-Elisabetta-Samiel-i-061-1280x853.webp\" data-src-full=\"https:\/\/diegogiusti.it\/wp-content\/uploads\/2025\/11\/Diego-Giusti-realwedding-2025-matrimonio-Elisabetta-Samiel-i-061.webp\" title=\"Diego-Giusti-realwedding-2025-matrimonio Elisabetta-Samiel-i-061\" alt=\"Diego-Giusti-realwedding-2025-matrimonio Elisabetta-Samiel-i-061\"\/><\/div><div class=\"bt_bb_css_image_grid_item_inner_content\"><\/div><\/div><\/div><div class=\"bt_bb_css_image_grid_item bt_bb_tile_format_11\" data-src-full=\"https:\/\/diegogiusti.it\/wp-content\/uploads\/2025\/11\/Diego-Giusti-realwedding-2025-matrimonio-Elisabetta-Samiel-i-063.webp\" title=\"Diego-Giusti-realwedding-2025-matrimonio Elisabetta-Samiel-i-063\"><div class=\"bt_bb_css_image_grid_item_inner\"><div class=\"bt_bb_css_image_grid_item_inner_image\"><img src=\"https:\/\/diegogiusti.it\/wp-content\/uploads\/2025\/11\/Diego-Giusti-realwedding-2025-matrimonio-Elisabetta-Samiel-i-063-1280x852.webp\" data-src-full=\"https:\/\/diegogiusti.it\/wp-content\/uploads\/2025\/11\/Diego-Giusti-realwedding-2025-matrimonio-Elisabetta-Samiel-i-063.webp\" title=\"Diego-Giusti-realwedding-2025-matrimonio Elisabetta-Samiel-i-063\" alt=\"Diego-Giusti-realwedding-2025-matrimonio Elisabetta-Samiel-i-063\"\/><\/div><div class=\"bt_bb_css_image_grid_item_inner_content\"><\/div><\/div><\/div><div class=\"bt_bb_css_image_grid_item bt_bb_tile_format_11\" data-src-full=\"https:\/\/diegogiusti.it\/wp-content\/uploads\/2025\/11\/Diego-Giusti-realwedding-2025-matrimonio-Elisabetta-Samiel-i-065.webp\" title=\"Diego-Giusti-realwedding-2025-matrimonio Elisabetta-Samiel-i-065\"><div class=\"bt_bb_css_image_grid_item_inner\"><div class=\"bt_bb_css_image_grid_item_inner_image\"><img src=\"https:\/\/diegogiusti.it\/wp-content\/uploads\/2025\/11\/Diego-Giusti-realwedding-2025-matrimonio-Elisabetta-Samiel-i-065-1280x852.webp\" data-src-full=\"https:\/\/diegogiusti.it\/wp-content\/uploads\/2025\/11\/Diego-Giusti-realwedding-2025-matrimonio-Elisabetta-Samiel-i-065.webp\" title=\"Diego-Giusti-realwedding-2025-matrimonio Elisabetta-Samiel-i-065\" alt=\"Diego-Giusti-realwedding-2025-matrimonio Elisabetta-Samiel-i-065\"\/><\/div><div class=\"bt_bb_css_image_grid_item_inner_content\"><\/div><\/div><\/div><div class=\"bt_bb_css_image_grid_item bt_bb_tile_format_11\" data-src-full=\"https:\/\/diegogiusti.it\/wp-content\/uploads\/2025\/11\/Diego-Giusti-realwedding-2025-matrimonio-Elisabetta-Samiel-i-069.webp\" title=\"Diego-Giusti-realwedding-2025-matrimonio Elisabetta-Samiel-i-069\"><div class=\"bt_bb_css_image_grid_item_inner\"><div class=\"bt_bb_css_image_grid_item_inner_image\"><img src=\"https:\/\/diegogiusti.it\/wp-content\/uploads\/2025\/11\/Diego-Giusti-realwedding-2025-matrimonio-Elisabetta-Samiel-i-069-1280x852.webp\" data-src-full=\"https:\/\/diegogiusti.it\/wp-content\/uploads\/2025\/11\/Diego-Giusti-realwedding-2025-matrimonio-Elisabetta-Samiel-i-069.webp\" title=\"Diego-Giusti-realwedding-2025-matrimonio Elisabetta-Samiel-i-069\" alt=\"Diego-Giusti-realwedding-2025-matrimonio Elisabetta-Samiel-i-069\"\/><\/div><div class=\"bt_bb_css_image_grid_item_inner_content\"><\/div><\/div><\/div><div class=\"bt_bb_css_image_grid_item bt_bb_tile_format_11\" data-src-full=\"https:\/\/diegogiusti.it\/wp-content\/uploads\/2025\/11\/Diego-Giusti-realwedding-2025-matrimonio-Elisabetta-Samiel-i-075.webp\" title=\"Diego-Giusti-realwedding-2025-matrimonio Elisabetta-Samiel-i-075\"><div class=\"bt_bb_css_image_grid_item_inner\"><div class=\"bt_bb_css_image_grid_item_inner_image\"><img src=\"https:\/\/diegogiusti.it\/wp-content\/uploads\/2025\/11\/Diego-Giusti-realwedding-2025-matrimonio-Elisabetta-Samiel-i-075-1280x852.webp\" data-src-full=\"https:\/\/diegogiusti.it\/wp-content\/uploads\/2025\/11\/Diego-Giusti-realwedding-2025-matrimonio-Elisabetta-Samiel-i-075.webp\" title=\"Diego-Giusti-realwedding-2025-matrimonio Elisabetta-Samiel-i-075\" alt=\"Diego-Giusti-realwedding-2025-matrimonio Elisabetta-Samiel-i-075\"\/><\/div><div class=\"bt_bb_css_image_grid_item_inner_content\"><\/div><\/div><\/div><div class=\"bt_bb_css_image_grid_item bt_bb_tile_format_11\" data-src-full=\"https:\/\/diegogiusti.it\/wp-content\/uploads\/2025\/11\/Diego-Giusti-realwedding-2025-matrimonio-Elisabetta-Samiel-i-077.webp\" title=\"Diego-Giusti-realwedding-2025-matrimonio Elisabetta-Samiel-i-077\"><div class=\"bt_bb_css_image_grid_item_inner\"><div class=\"bt_bb_css_image_grid_item_inner_image\"><img src=\"https:\/\/diegogiusti.it\/wp-content\/uploads\/2025\/11\/Diego-Giusti-realwedding-2025-matrimonio-Elisabetta-Samiel-i-077-1280x852.webp\" data-src-full=\"https:\/\/diegogiusti.it\/wp-content\/uploads\/2025\/11\/Diego-Giusti-realwedding-2025-matrimonio-Elisabetta-Samiel-i-077.webp\" title=\"Diego-Giusti-realwedding-2025-matrimonio Elisabetta-Samiel-i-077\" alt=\"Diego-Giusti-realwedding-2025-matrimonio Elisabetta-Samiel-i-077\"\/><\/div><div class=\"bt_bb_css_image_grid_item_inner_content\"><\/div><\/div><\/div><div class=\"bt_bb_css_image_grid_item bt_bb_tile_format_11\" data-src-full=\"https:\/\/diegogiusti.it\/wp-content\/uploads\/2025\/11\/Diego-Giusti-realwedding-2025-matrimonio-Elisabetta-Samiel-i-079.webp\" title=\"Diego-Giusti-realwedding-2025-matrimonio Elisabetta-Samiel-i-079\"><div class=\"bt_bb_css_image_grid_item_inner\"><div class=\"bt_bb_css_image_grid_item_inner_image\"><img src=\"https:\/\/diegogiusti.it\/wp-content\/uploads\/2025\/11\/Diego-Giusti-realwedding-2025-matrimonio-Elisabetta-Samiel-i-079-1280x852.webp\" data-src-full=\"https:\/\/diegogiusti.it\/wp-content\/uploads\/2025\/11\/Diego-Giusti-realwedding-2025-matrimonio-Elisabetta-Samiel-i-079.webp\" title=\"Diego-Giusti-realwedding-2025-matrimonio Elisabetta-Samiel-i-079\" alt=\"Diego-Giusti-realwedding-2025-matrimonio Elisabetta-Samiel-i-079\"\/><\/div><div class=\"bt_bb_css_image_grid_item_inner_content\"><\/div><\/div><\/div><div class=\"bt_bb_css_image_grid_item bt_bb_tile_format_11\" data-src-full=\"https:\/\/diegogiusti.it\/wp-content\/uploads\/2025\/11\/Diego-Giusti-realwedding-2025-matrimonio-Elisabetta-Samiel-i-081.webp\" title=\"Diego-Giusti-realwedding-2025-matrimonio Elisabetta-Samiel-i-081\"><div class=\"bt_bb_css_image_grid_item_inner\"><div class=\"bt_bb_css_image_grid_item_inner_image\"><img src=\"https:\/\/diegogiusti.it\/wp-content\/uploads\/2025\/11\/Diego-Giusti-realwedding-2025-matrimonio-Elisabetta-Samiel-i-081-1280x852.webp\" data-src-full=\"https:\/\/diegogiusti.it\/wp-content\/uploads\/2025\/11\/Diego-Giusti-realwedding-2025-matrimonio-Elisabetta-Samiel-i-081.webp\" title=\"Diego-Giusti-realwedding-2025-matrimonio Elisabetta-Samiel-i-081\" alt=\"Diego-Giusti-realwedding-2025-matrimonio Elisabetta-Samiel-i-081\"\/><\/div><div class=\"bt_bb_css_image_grid_item_inner_content\"><\/div><\/div><\/div><div class=\"bt_bb_css_image_grid_item bt_bb_tile_format_11\" data-src-full=\"https:\/\/diegogiusti.it\/wp-content\/uploads\/2025\/11\/Diego-Giusti-realwedding-2025-matrimonio-Elisabetta-Samiel-i-085.webp\" title=\"Diego-Giusti-realwedding-2025-matrimonio Elisabetta-Samiel-i-085\"><div class=\"bt_bb_css_image_grid_item_inner\"><div class=\"bt_bb_css_image_grid_item_inner_image\"><img src=\"https:\/\/diegogiusti.it\/wp-content\/uploads\/2025\/11\/Diego-Giusti-realwedding-2025-matrimonio-Elisabetta-Samiel-i-085-1280x852.webp\" data-src-full=\"https:\/\/diegogiusti.it\/wp-content\/uploads\/2025\/11\/Diego-Giusti-realwedding-2025-matrimonio-Elisabetta-Samiel-i-085.webp\" title=\"Diego-Giusti-realwedding-2025-matrimonio Elisabetta-Samiel-i-085\" alt=\"Diego-Giusti-realwedding-2025-matrimonio Elisabetta-Samiel-i-085\"\/><\/div><div class=\"bt_bb_css_image_grid_item_inner_content\"><\/div><\/div><\/div><div class=\"bt_bb_css_image_grid_item bt_bb_tile_format_11\" data-src-full=\"https:\/\/diegogiusti.it\/wp-content\/uploads\/2025\/11\/Diego-Giusti-realwedding-2025-matrimonio-Elisabetta-Samiel-i-087.webp\" title=\"Diego-Giusti-realwedding-2025-matrimonio Elisabetta-Samiel-i-087\"><div class=\"bt_bb_css_image_grid_item_inner\"><div class=\"bt_bb_css_image_grid_item_inner_image\"><img src=\"https:\/\/diegogiusti.it\/wp-content\/uploads\/2025\/11\/Diego-Giusti-realwedding-2025-matrimonio-Elisabetta-Samiel-i-087-1280x852.webp\" data-src-full=\"https:\/\/diegogiusti.it\/wp-content\/uploads\/2025\/11\/Diego-Giusti-realwedding-2025-matrimonio-Elisabetta-Samiel-i-087.webp\" title=\"Diego-Giusti-realwedding-2025-matrimonio Elisabetta-Samiel-i-087\" alt=\"Diego-Giusti-realwedding-2025-matrimonio Elisabetta-Samiel-i-087\"\/><\/div><div class=\"bt_bb_css_image_grid_item_inner_content\"><\/div><\/div><\/div><div class=\"bt_bb_css_image_grid_item bt_bb_tile_format_11\" data-src-full=\"https:\/\/diegogiusti.it\/wp-content\/uploads\/2025\/11\/Diego-Giusti-realwedding-2025-matrimonio-Elisabetta-Samiel-i-097.webp\" title=\"Diego-Giusti-realwedding-2025-matrimonio Elisabetta-Samiel-i-097\"><div class=\"bt_bb_css_image_grid_item_inner\"><div class=\"bt_bb_css_image_grid_item_inner_image\"><img src=\"https:\/\/diegogiusti.it\/wp-content\/uploads\/2025\/11\/Diego-Giusti-realwedding-2025-matrimonio-Elisabetta-Samiel-i-097-1280x853.webp\" data-src-full=\"https:\/\/diegogiusti.it\/wp-content\/uploads\/2025\/11\/Diego-Giusti-realwedding-2025-matrimonio-Elisabetta-Samiel-i-097.webp\" title=\"Diego-Giusti-realwedding-2025-matrimonio Elisabetta-Samiel-i-097\" alt=\"Diego-Giusti-realwedding-2025-matrimonio Elisabetta-Samiel-i-097\"\/><\/div><div class=\"bt_bb_css_image_grid_item_inner_content\"><\/div><\/div><\/div><div class=\"bt_bb_css_image_grid_item bt_bb_tile_format_11\" data-src-full=\"https:\/\/diegogiusti.it\/wp-content\/uploads\/2025\/11\/Diego-Giusti-realwedding-2025-matrimonio-Elisabetta-Samiel-i-101.webp\" title=\"Diego-Giusti-realwedding-2025-matrimonio Elisabetta-Samiel-i-101\"><div class=\"bt_bb_css_image_grid_item_inner\"><div class=\"bt_bb_css_image_grid_item_inner_image\"><img src=\"https:\/\/diegogiusti.it\/wp-content\/uploads\/2025\/11\/Diego-Giusti-realwedding-2025-matrimonio-Elisabetta-Samiel-i-101-1280x852.webp\" data-src-full=\"https:\/\/diegogiusti.it\/wp-content\/uploads\/2025\/11\/Diego-Giusti-realwedding-2025-matrimonio-Elisabetta-Samiel-i-101.webp\" title=\"Diego-Giusti-realwedding-2025-matrimonio Elisabetta-Samiel-i-101\" alt=\"Diego-Giusti-realwedding-2025-matrimonio Elisabetta-Samiel-i-101\"\/><\/div><div class=\"bt_bb_css_image_grid_item_inner_content\"><\/div><\/div><\/div><div class=\"bt_bb_css_image_grid_item bt_bb_tile_format_11\" data-src-full=\"https:\/\/diegogiusti.it\/wp-content\/uploads\/2025\/11\/Diego-Giusti-realwedding-2025-matrimonio-Elisabetta-Samiel-i-102.webp\" title=\"Diego-Giusti-realwedding-2025-matrimonio Elisabetta-Samiel-i-102\"><div class=\"bt_bb_css_image_grid_item_inner\"><div class=\"bt_bb_css_image_grid_item_inner_image\"><img src=\"https:\/\/diegogiusti.it\/wp-content\/uploads\/2025\/11\/Diego-Giusti-realwedding-2025-matrimonio-Elisabetta-Samiel-i-102-1280x852.webp\" data-src-full=\"https:\/\/diegogiusti.it\/wp-content\/uploads\/2025\/11\/Diego-Giusti-realwedding-2025-matrimonio-Elisabetta-Samiel-i-102.webp\" title=\"Diego-Giusti-realwedding-2025-matrimonio Elisabetta-Samiel-i-102\" alt=\"Diego-Giusti-realwedding-2025-matrimonio Elisabetta-Samiel-i-102\"\/><\/div><div class=\"bt_bb_css_image_grid_item_inner_content\"><\/div><\/div><\/div><div class=\"bt_bb_css_image_grid_item bt_bb_tile_format_11\" data-src-full=\"https:\/\/diegogiusti.it\/wp-content\/uploads\/2025\/11\/Diego-Giusti-realwedding-2025-matrimonio-Elisabetta-Samiel-i-104.webp\" title=\"Diego-Giusti-realwedding-2025-matrimonio Elisabetta-Samiel-i-104\"><div class=\"bt_bb_css_image_grid_item_inner\"><div class=\"bt_bb_css_image_grid_item_inner_image\"><img src=\"https:\/\/diegogiusti.it\/wp-content\/uploads\/2025\/11\/Diego-Giusti-realwedding-2025-matrimonio-Elisabetta-Samiel-i-104-1280x852.webp\" data-src-full=\"https:\/\/diegogiusti.it\/wp-content\/uploads\/2025\/11\/Diego-Giusti-realwedding-2025-matrimonio-Elisabetta-Samiel-i-104.webp\" title=\"Diego-Giusti-realwedding-2025-matrimonio Elisabetta-Samiel-i-104\" alt=\"Diego-Giusti-realwedding-2025-matrimonio Elisabetta-Samiel-i-104\"\/><\/div><div class=\"bt_bb_css_image_grid_item_inner_content\"><\/div><\/div><\/div><div class=\"bt_bb_css_image_grid_item bt_bb_tile_format_11\" data-src-full=\"https:\/\/diegogiusti.it\/wp-content\/uploads\/2025\/11\/Diego-Giusti-realwedding-2025-matrimonio-Elisabetta-Samiel-i-105.webp\" title=\"Diego-Giusti-realwedding-2025-matrimonio Elisabetta-Samiel-i-105\"><div class=\"bt_bb_css_image_grid_item_inner\"><div class=\"bt_bb_css_image_grid_item_inner_image\"><img src=\"https:\/\/diegogiusti.it\/wp-content\/uploads\/2025\/11\/Diego-Giusti-realwedding-2025-matrimonio-Elisabetta-Samiel-i-105-1280x852.webp\" data-src-full=\"https:\/\/diegogiusti.it\/wp-content\/uploads\/2025\/11\/Diego-Giusti-realwedding-2025-matrimonio-Elisabetta-Samiel-i-105.webp\" title=\"Diego-Giusti-realwedding-2025-matrimonio Elisabetta-Samiel-i-105\" alt=\"Diego-Giusti-realwedding-2025-matrimonio Elisabetta-Samiel-i-105\"\/><\/div><div class=\"bt_bb_css_image_grid_item_inner_content\"><\/div><\/div><\/div><div class=\"bt_bb_css_image_grid_item bt_bb_tile_format_11\" data-src-full=\"https:\/\/diegogiusti.it\/wp-content\/uploads\/2025\/11\/Diego-Giusti-realwedding-2025-matrimonio-Elisabetta-Samiel-i-107.webp\" title=\"Diego-Giusti-realwedding-2025-matrimonio Elisabetta-Samiel-i-107\"><div class=\"bt_bb_css_image_grid_item_inner\"><div class=\"bt_bb_css_image_grid_item_inner_image\"><img src=\"https:\/\/diegogiusti.it\/wp-content\/uploads\/2025\/11\/Diego-Giusti-realwedding-2025-matrimonio-Elisabetta-Samiel-i-107-1280x852.webp\" data-src-full=\"https:\/\/diegogiusti.it\/wp-content\/uploads\/2025\/11\/Diego-Giusti-realwedding-2025-matrimonio-Elisabetta-Samiel-i-107.webp\" title=\"Diego-Giusti-realwedding-2025-matrimonio Elisabetta-Samiel-i-107\" alt=\"Diego-Giusti-realwedding-2025-matrimonio Elisabetta-Samiel-i-107\"\/><\/div><div class=\"bt_bb_css_image_grid_item_inner_content\"><\/div><\/div><\/div><div class=\"bt_bb_css_image_grid_item bt_bb_tile_format_11\" data-src-full=\"https:\/\/diegogiusti.it\/wp-content\/uploads\/2025\/11\/Diego-Giusti-realwedding-2025-matrimonio-Elisabetta-Samiel-i-109.webp\" title=\"Diego-Giusti-realwedding-2025-matrimonio Elisabetta-Samiel-i-109\"><div class=\"bt_bb_css_image_grid_item_inner\"><div class=\"bt_bb_css_image_grid_item_inner_image\"><img src=\"https:\/\/diegogiusti.it\/wp-content\/uploads\/2025\/11\/Diego-Giusti-realwedding-2025-matrimonio-Elisabetta-Samiel-i-109-1280x853.webp\" data-src-full=\"https:\/\/diegogiusti.it\/wp-content\/uploads\/2025\/11\/Diego-Giusti-realwedding-2025-matrimonio-Elisabetta-Samiel-i-109.webp\" title=\"Diego-Giusti-realwedding-2025-matrimonio Elisabetta-Samiel-i-109\" alt=\"Diego-Giusti-realwedding-2025-matrimonio Elisabetta-Samiel-i-109\"\/><\/div><div class=\"bt_bb_css_image_grid_item_inner_content\"><\/div><\/div><\/div><div class=\"bt_bb_css_image_grid_item bt_bb_tile_format_11\" data-src-full=\"https:\/\/diegogiusti.it\/wp-content\/uploads\/2025\/11\/Diego-Giusti-realwedding-2025-matrimonio-Elisabetta-Samiel-i-110.webp\" title=\"Diego-Giusti-realwedding-2025-matrimonio Elisabetta-Samiel-i-110\"><div class=\"bt_bb_css_image_grid_item_inner\"><div class=\"bt_bb_css_image_grid_item_inner_image\"><img src=\"https:\/\/diegogiusti.it\/wp-content\/uploads\/2025\/11\/Diego-Giusti-realwedding-2025-matrimonio-Elisabetta-Samiel-i-110-1280x853.webp\" data-src-full=\"https:\/\/diegogiusti.it\/wp-content\/uploads\/2025\/11\/Diego-Giusti-realwedding-2025-matrimonio-Elisabetta-Samiel-i-110.webp\" title=\"Diego-Giusti-realwedding-2025-matrimonio Elisabetta-Samiel-i-110\" alt=\"Diego-Giusti-realwedding-2025-matrimonio Elisabetta-Samiel-i-110\"\/><\/div><div class=\"bt_bb_css_image_grid_item_inner_content\"><\/div><\/div><\/div><div class=\"bt_bb_css_image_grid_item bt_bb_tile_format_11\" data-src-full=\"https:\/\/diegogiusti.it\/wp-content\/uploads\/2025\/11\/Diego-Giusti-realwedding-2025-matrimonio-Elisabetta-Samiel-i-113.webp\" title=\"Diego-Giusti-realwedding-2025-matrimonio Elisabetta-Samiel-i-113\"><div class=\"bt_bb_css_image_grid_item_inner\"><div class=\"bt_bb_css_image_grid_item_inner_image\"><img src=\"https:\/\/diegogiusti.it\/wp-content\/uploads\/2025\/11\/Diego-Giusti-realwedding-2025-matrimonio-Elisabetta-Samiel-i-113-1280x852.webp\" data-src-full=\"https:\/\/diegogiusti.it\/wp-content\/uploads\/2025\/11\/Diego-Giusti-realwedding-2025-matrimonio-Elisabetta-Samiel-i-113.webp\" title=\"Diego-Giusti-realwedding-2025-matrimonio Elisabetta-Samiel-i-113\" alt=\"Diego-Giusti-realwedding-2025-matrimonio Elisabetta-Samiel-i-113\"\/><\/div><div class=\"bt_bb_css_image_grid_item_inner_content\"><\/div><\/div><\/div><div class=\"bt_bb_css_image_grid_item bt_bb_tile_format_11\" data-src-full=\"https:\/\/diegogiusti.it\/wp-content\/uploads\/2025\/11\/Diego-Giusti-realwedding-2025-matrimonio-Elisabetta-Samiel-i-116.webp\" title=\"Diego-Giusti-realwedding-2025-matrimonio Elisabetta-Samiel-i-116\"><div class=\"bt_bb_css_image_grid_item_inner\"><div class=\"bt_bb_css_image_grid_item_inner_image\"><img src=\"https:\/\/diegogiusti.it\/wp-content\/uploads\/2025\/11\/Diego-Giusti-realwedding-2025-matrimonio-Elisabetta-Samiel-i-116-1280x852.webp\" data-src-full=\"https:\/\/diegogiusti.it\/wp-content\/uploads\/2025\/11\/Diego-Giusti-realwedding-2025-matrimonio-Elisabetta-Samiel-i-116.webp\" title=\"Diego-Giusti-realwedding-2025-matrimonio Elisabetta-Samiel-i-116\" alt=\"Diego-Giusti-realwedding-2025-matrimonio Elisabetta-Samiel-i-116\"\/><\/div><div class=\"bt_bb_css_image_grid_item_inner_content\"><\/div><\/div><\/div><div class=\"bt_bb_css_image_grid_item bt_bb_tile_format_11\" data-src-full=\"https:\/\/diegogiusti.it\/wp-content\/uploads\/2025\/11\/Diego-Giusti-realwedding-2025-matrimonio-Elisabetta-Samiel-i-117.webp\" title=\"Diego-Giusti-realwedding-2025-matrimonio Elisabetta-Samiel-i-117\"><div class=\"bt_bb_css_image_grid_item_inner\"><div class=\"bt_bb_css_image_grid_item_inner_image\"><img src=\"https:\/\/diegogiusti.it\/wp-content\/uploads\/2025\/11\/Diego-Giusti-realwedding-2025-matrimonio-Elisabetta-Samiel-i-117-1280x853.webp\" data-src-full=\"https:\/\/diegogiusti.it\/wp-content\/uploads\/2025\/11\/Diego-Giusti-realwedding-2025-matrimonio-Elisabetta-Samiel-i-117.webp\" title=\"Diego-Giusti-realwedding-2025-matrimonio Elisabetta-Samiel-i-117\" alt=\"Diego-Giusti-realwedding-2025-matrimonio Elisabetta-Samiel-i-117\"\/><\/div><div class=\"bt_bb_css_image_grid_item_inner_content\"><\/div><\/div><\/div><\/div><\/div><div data-bb-version=\"5.4.7\" class=\"bt_bb_separator bt_bb_border_style_none bt_bb_top_spacing_small bt_bb_bottom_spacing_small\" data-bt-override-class=\"{&quot;bt_bb_top_spacing_&quot;:{&quot;current_class&quot;:&quot;bt_bb_top_spacing_small&quot;,&quot;def&quot;:&quot;small&quot;},&quot;bt_bb_bottom_spacing_&quot;:{&quot;current_class&quot;:&quot;bt_bb_bottom_spacing_small&quot;,&quot;def&quot;:&quot;small&quot;}}\"><\/div><\/div><\/div><\/div><\/div><\/div><\/div><!-- cell_inner --><\/div><!-- cell --><\/div><!-- port --><\/section><section data-bb-version=\"5.0.0\" id=\"bt_bb_section69f20dc437201\" class=\"bt_bb_section bt_bb_layout_boxed_1200 bt_bb_vertical_align_top bt_bb_top_spacing_normal bt_bb_bottom_spacing_normal\"  data-bt-override-class=\"{&quot;bt_bb_top_spacing_&quot;:{&quot;current_class&quot;:&quot;bt_bb_top_spacing_normal&quot;,&quot;def&quot;:&quot;normal&quot;},&quot;bt_bb_bottom_spacing_&quot;:{&quot;current_class&quot;:&quot;bt_bb_bottom_spacing_normal&quot;,&quot;def&quot;:&quot;normal&quot;}}\"><div class=\"bt_bb_port\"><div class=\"bt_bb_cell\"><div class=\"bt_bb_cell_inner\"><div class=\"bt_bb_row\"  data-bt-override-class=\"{}\"><div class=\"bt_bb_row_holder\" ><div data-bb-version=\"5.0.0\"  class=\"bt_bb_column col-xxl-12 col-xl-12 col-xs-12 col-sm-12 col-md-12 col-lg-12 bt_bb_vertical_align_top bt_bb_align_center bt_bb_padding_normal\" style=\"; --column-width:12;\" data-width=\"12\" data-bt-override-class=\"{&quot;bt_bb_align_&quot;:{&quot;current_class&quot;:&quot;bt_bb_align_center&quot;,&quot;def&quot;:&quot;center&quot;},&quot;bt_bb_padding_&quot;:{&quot;current_class&quot;:&quot;bt_bb_padding_normal&quot;,&quot;def&quot;:&quot;normal&quot;}}\"><div class=\"bt_bb_column_content\"><div class=\"bt_bb_column_content_inner\"><div data-bb-version=\"5.0.0\"  class=\"bt_bb_text\" ><\/p>\n<h3 style=\"text-align: center;\">Ti \u00e8 piaciuto il mio racconto fotografico?<\/h3>\n<p>\n<\/div><div data-bb-version=\"5.0.0\" class=\"bt_bb_separator bt_bb_border_style_none bt_bb_top_spacing_small bt_bb_bottom_spacing_small\" data-bt-override-class=\"{&quot;bt_bb_top_spacing_&quot;:{&quot;current_class&quot;:&quot;bt_bb_top_spacing_small&quot;,&quot;def&quot;:&quot;small&quot;},&quot;bt_bb_bottom_spacing_&quot;:{&quot;current_class&quot;:&quot;bt_bb_bottom_spacing_small&quot;,&quot;def&quot;:&quot;small&quot;}}\"><\/div><div data-bb-version=\"5.0.0\" class=\"bt_bb_button bt_bb_icon_position_left bt_bb_style_outline bt_bb_size_normal bt_bb_width_inline bt_bb_shape_inherit bt_bb_target_self bt_bb_text_transform_inherit bt_bb_align_center btWithText\" data-bt-override-class=\"{&quot;bt_bb_size_&quot;:{&quot;current_class&quot;:&quot;bt_bb_size_normal&quot;,&quot;def&quot;:&quot;normal&quot;},&quot;bt_bb_align_&quot;:{&quot;current_class&quot;:&quot;bt_bb_align_center&quot;,&quot;def&quot;:&quot;center&quot;}}\"><a href=\"https:\/\/diegogiusti.it\/en\/contatti-miglior-fotografo-matrimonio-livorno-toscana\/\" target=\"_self\" class=\"bt_bb_link\" title=\"Contattami e prenota una consulenza\"><span class=\"bt_bb_button_text\" >Contattami e prenota una consulenza<\/span><\/a><\/div><\/div><\/div><\/div><\/div><\/div><\/div><!-- cell_inner --><\/div><!-- cell --><\/div><!-- port --><\/section><section data-bb-version=\"5.4.7\" id=\"bt_bb_section69f20dc437597\" class=\"bt_bb_section bt_bb_layout_boxed_1200\"  data-bt-override-class=\"null\"><div class=\"bt_bb_port\"><div class=\"bt_bb_cell\"><div class=\"bt_bb_cell_inner\"><div class=\"bt_bb_row\"  data-bt-override-class=\"{}\"><div class=\"bt_bb_row_holder\" ><div data-bb-version=\"5.4.7\"  class=\"bt_bb_column col-xxl-4 col-xl-4 col-xs-12 col-sm-12 col-md-12 col-lg-4 bt_bb_vertical_align_top bt_bb_align_left bt_bb_padding_normal\" style=\"; --column-width:4;\" data-width=\"4\" data-bt-override-class=\"{}\"><div class=\"bt_bb_column_content\"><div class=\"bt_bb_column_content_inner\"><div class=\"bt_bb_raw_content\"><!DOCTYPE html>\n<html lang=\"it\">\n<head>\n    <meta charset=\"UTF-8\">\n    <meta name=\"viewport\" content=\"width=device-width, initial-scale=1.0\">\n    <title>Foto e Testo con Link<\/title>\n    <style>\n        .container {\n            display: flex;\n            align-items: center;\n            gap: 30px;\n            max-width: 1000px;\n            margin: 0 auto;\n            padding: 20px;\n            font-family: Arial, sans-serif;\n            min-height: 200px;\n        }\n\n        .foto {\n            flex: 0 0 200px;\n        }\n\n        .foto-link {\n            display: block;\n            text-decoration: none;\n            transition: transform 0.3s ease;\n        }\n\n        .foto-link:hover {\n            transform: scale(1.05);\n        }\n\n        .foto-link img {\n            width: 100%;\n            height: auto;\n            border-radius: 8px;\n            box-shadow: 0 4px 8px rgba(0,0,0,0.1);\n            transition: box-shadow 0.3s ease;\n        }\n\n        .foto-link:hover img {\n            box-shadow: 0 6px 12px rgba(0,0,0,0.2);\n        }\n\n        .testo {\n            flex: 1;\n        }\n\n        .testo-link {\n            text-decoration: none;\n            color: inherit;\n            display: block;\n        }\n\n        .testo-link:hover h2 {\n            color: #0066cc;\n        }\n\n        .testo-link:hover .testo-content {\n            background-color: #f8f9fa;\n            border-radius: 8px;\n            padding: 15px;\n            margin: -15px;\n        }\n\n        .testo h2 {\n            color: #333;\n            margin-bottom: 15px;\n            transition: color 0.3s ease;\n        }\n\n        .testo p {\n            line-height: 1.6;\n            color: #666;\n            margin-bottom: 15px;\n            transition: color 0.3s ease;\n        }\n\n        .testo-link:hover p {\n            color: #333;\n        }\n\n        \/* Responsive per mobile *\/\n        @media (max-width: 768px) {\n            .container {\n                flex-direction: column;\n                align-items: flex-start;\n                gap: 20px;\n            }\n            \n            .foto {\n                flex: 0 0 auto;\n                width: 100%;\n                max-width: 250px;\n                margin: 0 auto;\n            }\n        }\n    <\/style>\n<\/head>\n<body>\n    <div class=\"container\">\n        <div class=\"foto\">\n            <a href=\"https:\/\/diegogiusti.it\/en\/realwedding-new-eleonora-e-francesco\/\" class=\"foto-link\" target=\"_blank\">\n                <img src=\"https:\/\/diegogiusti.it\/wp-content\/uploads\/2025\/11\/Diego-Giusti-fotografo-matrimonio-a-Livorno-Eleonora-e-Francesco-3.webp\" alt=\"Foto descrittiva\">\n            <\/a>\n        <\/div>\n        <div class=\"testo\">\n            <a href=\"https:\/\/diegogiusti.it\/en\/realwedding-new-eleonora-e-francesco\/\" class=\"testo-link\" target=\"_blank\">\n                <div class=\"testo-content\">\n                    <h6>A fairytale wedding in a Tuscan village<\/h6>\n                <\/div>\n            <\/a>\n        <\/div>\n    <\/div>\n<\/body>\n<\/html><\/div><\/div><\/div><\/div><div data-bb-version=\"5.4.7\"  class=\"bt_bb_column col-xxl-4 col-xl-4 col-xs-12 col-sm-12 col-md-12 col-lg-4 bt_bb_vertical_align_top bt_bb_align_left bt_bb_padding_normal\" style=\"; --column-width:4;\" data-width=\"4\" data-bt-override-class=\"{}\"><div class=\"bt_bb_column_content\"><div class=\"bt_bb_column_content_inner\"><\/div><\/div><\/div><div data-bb-version=\"5.4.7\"  class=\"bt_bb_column col-xxl-4 col-xl-4 col-xs-12 col-sm-12 col-md-12 col-lg-4 bt_bb_vertical_align_top bt_bb_align_left bt_bb_padding_normal\" style=\"; --column-width:4;\" data-width=\"4\" data-bt-override-class=\"{}\"><div class=\"bt_bb_column_content\"><div class=\"bt_bb_column_content_inner\"><div class=\"bt_bb_raw_content\"><!DOCTYPE html>\n<html lang=\"it\">\n<head>\n    <meta charset=\"UTF-8\">\n    <meta name=\"viewport\" content=\"width=device-width, initial-scale=1.0\">\n    <title>Foto e Testo con Link<\/title>\n    <style>\n        .container {\n            display: flex;\n            align-items: center;\n            gap: 30px;\n            max-width: 1000px;\n            margin: 0 auto;\n            padding: 20px;\n            font-family: Arial, sans-serif;\n            min-height: 200px;\n        }\n\n        .foto {\n            flex: 0 0 200px;\n        }\n\n        .foto-link {\n            display: block;\n            text-decoration: none;\n            transition: transform 0.3s ease;\n        }\n\n        .foto-link:hover {\n            transform: scale(1.05);\n        }\n\n        .foto-link img {\n            width: 100%;\n            height: auto;\n            border-radius: 8px;\n            box-shadow: 0 4px 8px rgba(0,0,0,0.1);\n            transition: box-shadow 0.3s ease;\n        }\n\n        .foto-link:hover img {\n            box-shadow: 0 6px 12px rgba(0,0,0,0.2);\n        }\n\n        .testo {\n            flex: 1;\n        }\n\n        .testo-link {\n            text-decoration: none;\n            color: inherit;\n            display: block;\n        }\n\n        .testo-link:hover h2 {\n            color: #0066cc;\n        }\n\n        .testo-link:hover .testo-content {\n            background-color: #f8f9fa;\n            border-radius: 8px;\n            padding: 15px;\n            margin: -15px;\n        }\n\n        .testo h2 {\n            color: #333;\n            margin-bottom: 15px;\n            transition: color 0.3s ease;\n        }\n\n        .testo p {\n            line-height: 1.6;\n            color: #666;\n            margin-bottom: 15px;\n            transition: color 0.3s ease;\n        }\n\n        .testo-link:hover p {\n            color: #333;\n        }\n\n        \/* Responsive per mobile *\/\n        @media (max-width: 768px) {\n            .container {\n                flex-direction: column;\n                align-items: flex-start;\n                gap: 20px;\n            }\n            \n            .foto {\n                flex: 0 0 auto;\n                width: 100%;\n                max-width: 250px;\n                margin: 0 auto;\n            }\n        }\n    <\/style>\n<\/head>\n<body>\n    <div class=\"container\">\n        <div class=\"foto\">\n            <a href=\"https:\/\/diegogiusti.it\/en\/realwedding-new-dafne-e-ciro\/\" class=\"foto-link\" target=\"_blank\">\n                <img src=\"https:\/\/diegogiusti.it\/wp-content\/uploads\/2025\/11\/Diego-Giusti-fotografo-matrimonio-a-Livorno-Dafne-e-Ciro-racconto-viaggio-africa-1-scaled.webp\" alt=\"Foto descrittiva\">\n            <\/a>\n        <\/div>\n        <div class=\"testo\">\n            <a href=\"https:\/\/diegogiusti.it\/en\/realwedding-new-dafne-e-ciro\/\" class=\"testo-link\" target=\"_blank\">\n                <div class=\"testo-content\">\n                    <h6>Elopement sul viale dei Baobab, Madagascar<\/h6>\n                <\/div>\n            <\/a>\n        <\/div>\n    <\/div>\n<\/body>\n<\/html><\/div><\/div><\/div><\/div><\/div><\/div><\/div><!-- cell_inner --><\/div><!-- cell --><\/div><!-- port --><\/section><\/p>","protected":false},"excerpt":{"rendered":"","protected":false},"author":2,"featured_media":0,"parent":0,"menu_order":0,"comment_status":"closed","ping_status":"closed","template":"","meta":[],"yoast_head":"<!-- This site is optimized with the Yoast SEO plugin v21.1 - https:\/\/yoast.com\/wordpress\/plugins\/seo\/ -->\n<title>realwedding new Elisabetta e Samiel - Diego Giusti Fotografo matrimoni Toscana<\/title>\n<meta name=\"description\" content=\"Servizio fotografico matrimoniale di Diego Giusti per una cerimonia nella splendida villa del 1400 di Corliano a San Giuliano Terme\" \/>\n<meta name=\"robots\" content=\"index, follow, max-snippet:-1, max-image-preview:large, max-video-preview:-1\" \/>\n<link rel=\"canonical\" href=\"https:\/\/diegogiusti.it\/en\/realwedding-new-elisabetta-e-samiel\/\" \/>\n<meta property=\"og:locale\" content=\"en_GB\" \/>\n<meta property=\"og:type\" content=\"article\" \/>\n<meta property=\"og:title\" content=\"realwedding new Elisabetta e Samiel - Diego Giusti Fotografo matrimoni Toscana\" \/>\n<meta property=\"og:description\" content=\"Servizio fotografico matrimoniale di Diego Giusti per una cerimonia nella splendida villa del 1400 di Corliano a San Giuliano Terme\" \/>\n<meta property=\"og:url\" content=\"https:\/\/diegogiusti.it\/en\/realwedding-new-elisabetta-e-samiel\/\" \/>\n<meta property=\"og:site_name\" content=\"Diego Giusti Fotografo matrimoni Toscana\" \/>\n<meta property=\"article:publisher\" content=\"https:\/\/www.facebook.com\/diego.giusti.fotografo.livorno\" \/>\n<meta property=\"article:modified_time\" content=\"2026-02-02T18:41:30+00:00\" \/>\n<meta name=\"twitter:card\" content=\"summary_large_image\" \/>\n<meta name=\"twitter:label1\" content=\"Estimated reading time\" \/>\n\t<meta name=\"twitter:data1\" content=\"5 minutes\" \/>\n<script type=\"application\/ld+json\" class=\"yoast-schema-graph\">{\"@context\":\"https:\/\/schema.org\",\"@graph\":[{\"@type\":\"WebPage\",\"@id\":\"https:\/\/diegogiusti.it\/realwedding-new-elisabetta-e-samiel\/\",\"url\":\"https:\/\/diegogiusti.it\/realwedding-new-elisabetta-e-samiel\/\",\"name\":\"realwedding new Elisabetta e Samiel - Diego Giusti Fotografo matrimoni Toscana\",\"isPartOf\":{\"@id\":\"https:\/\/diegogiusti.it\/#website\"},\"datePublished\":\"2026-01-30T09:24:11+00:00\",\"dateModified\":\"2026-02-02T18:41:30+00:00\",\"description\":\"Servizio fotografico matrimoniale di Diego Giusti per una cerimonia nella splendida villa del 1400 di Corliano a San Giuliano Terme\",\"breadcrumb\":{\"@id\":\"https:\/\/diegogiusti.it\/realwedding-new-elisabetta-e-samiel\/#breadcrumb\"},\"inLanguage\":\"en-GB\",\"potentialAction\":[{\"@type\":\"ReadAction\",\"target\":[\"https:\/\/diegogiusti.it\/realwedding-new-elisabetta-e-samiel\/\"]}]},{\"@type\":\"BreadcrumbList\",\"@id\":\"https:\/\/diegogiusti.it\/realwedding-new-elisabetta-e-samiel\/#breadcrumb\",\"itemListElement\":[{\"@type\":\"ListItem\",\"position\":1,\"name\":\"Home\",\"item\":\"https:\/\/diegogiusti.it\/\"},{\"@type\":\"ListItem\",\"position\":2,\"name\":\"realwedding new Elisabetta e Samiel\"}]},{\"@type\":\"WebSite\",\"@id\":\"https:\/\/diegogiusti.it\/#website\",\"url\":\"https:\/\/diegogiusti.it\/\",\"name\":\"Diego Giusti Fotografo matrimoni Toscana\",\"description\":\"Diego Giusti Fotografo per Matrimoni a Livorno\",\"publisher\":{\"@id\":\"https:\/\/diegogiusti.it\/#organization\"},\"potentialAction\":[{\"@type\":\"SearchAction\",\"target\":{\"@type\":\"EntryPoint\",\"urlTemplate\":\"https:\/\/diegogiusti.it\/?s={search_term_string}\"},\"query-input\":\"required name=search_term_string\"}],\"inLanguage\":\"en-GB\"},{\"@type\":\"Organization\",\"@id\":\"https:\/\/diegogiusti.it\/#organization\",\"name\":\"Diego Giusti Fotografo matrimoni Toscana\",\"url\":\"https:\/\/diegogiusti.it\/\",\"logo\":{\"@type\":\"ImageObject\",\"inLanguage\":\"en-GB\",\"@id\":\"https:\/\/diegogiusti.it\/#\/schema\/logo\/image\/\",\"url\":\"https:\/\/diegogiusti.it\/wp-content\/uploads\/2022\/10\/Diego-Giusti-logo_fotografo-matrimoni2.png\",\"contentUrl\":\"https:\/\/diegogiusti.it\/wp-content\/uploads\/2022\/10\/Diego-Giusti-logo_fotografo-matrimoni2.png\",\"width\":1653,\"height\":413,\"caption\":\"Diego Giusti Fotografo matrimoni Toscana\"},\"image\":{\"@id\":\"https:\/\/diegogiusti.it\/#\/schema\/logo\/image\/\"},\"sameAs\":[\"https:\/\/www.facebook.com\/diego.giusti.fotografo.livorno\",\"https:\/\/www.instagram.com\/diegogiusti_fotografo\/\"]}]}<\/script>\n<!-- \/ Yoast SEO plugin. -->","yoast_head_json":{"title":"realwedding new Elisabetta e Samiel - Diego Giusti Fotografo matrimoni Toscana","description":"Servizio fotografico matrimoniale di Diego Giusti per una cerimonia nella splendida villa del 1400 di Corliano a San Giuliano Terme","robots":{"index":"index","follow":"follow","max-snippet":"max-snippet:-1","max-image-preview":"max-image-preview:large","max-video-preview":"max-video-preview:-1"},"canonical":"https:\/\/diegogiusti.it\/en\/realwedding-new-elisabetta-e-samiel\/","og_locale":"en_GB","og_type":"article","og_title":"realwedding new Elisabetta e Samiel - Diego Giusti Fotografo matrimoni Toscana","og_description":"Servizio fotografico matrimoniale di Diego Giusti per una cerimonia nella splendida villa del 1400 di Corliano a San Giuliano Terme","og_url":"https:\/\/diegogiusti.it\/en\/realwedding-new-elisabetta-e-samiel\/","og_site_name":"Diego Giusti Fotografo matrimoni Toscana","article_publisher":"https:\/\/www.facebook.com\/diego.giusti.fotografo.livorno","article_modified_time":"2026-02-02T18:41:30+00:00","twitter_card":"summary_large_image","twitter_misc":{"Estimated reading time":"5 minutes"},"schema":{"@context":"https:\/\/schema.org","@graph":[{"@type":"WebPage","@id":"https:\/\/diegogiusti.it\/realwedding-new-elisabetta-e-samiel\/","url":"https:\/\/diegogiusti.it\/realwedding-new-elisabetta-e-samiel\/","name":"realwedding new Elisabetta e Samiel - Diego Giusti Fotografo matrimoni Toscana","isPartOf":{"@id":"https:\/\/diegogiusti.it\/#website"},"datePublished":"2026-01-30T09:24:11+00:00","dateModified":"2026-02-02T18:41:30+00:00","description":"Servizio fotografico matrimoniale di Diego Giusti per una cerimonia nella splendida villa del 1400 di Corliano a San Giuliano Terme","breadcrumb":{"@id":"https:\/\/diegogiusti.it\/realwedding-new-elisabetta-e-samiel\/#breadcrumb"},"inLanguage":"en-GB","potentialAction":[{"@type":"ReadAction","target":["https:\/\/diegogiusti.it\/realwedding-new-elisabetta-e-samiel\/"]}]},{"@type":"BreadcrumbList","@id":"https:\/\/diegogiusti.it\/realwedding-new-elisabetta-e-samiel\/#breadcrumb","itemListElement":[{"@type":"ListItem","position":1,"name":"Home","item":"https:\/\/diegogiusti.it\/"},{"@type":"ListItem","position":2,"name":"realwedding new Elisabetta e Samiel"}]},{"@type":"WebSite","@id":"https:\/\/diegogiusti.it\/#website","url":"https:\/\/diegogiusti.it\/","name":"Diego Giusti Fotografo matrimoni Toscana","description":"Diego Giusti Wedding Photographer in Livorno","publisher":{"@id":"https:\/\/diegogiusti.it\/#organization"},"potentialAction":[{"@type":"SearchAction","target":{"@type":"EntryPoint","urlTemplate":"https:\/\/diegogiusti.it\/?s={search_term_string}"},"query-input":"required name=search_term_string"}],"inLanguage":"en-GB"},{"@type":"Organization","@id":"https:\/\/diegogiusti.it\/#organization","name":"Diego Giusti Fotografo matrimoni Toscana","url":"https:\/\/diegogiusti.it\/","logo":{"@type":"ImageObject","inLanguage":"en-GB","@id":"https:\/\/diegogiusti.it\/#\/schema\/logo\/image\/","url":"https:\/\/diegogiusti.it\/wp-content\/uploads\/2022\/10\/Diego-Giusti-logo_fotografo-matrimoni2.png","contentUrl":"https:\/\/diegogiusti.it\/wp-content\/uploads\/2022\/10\/Diego-Giusti-logo_fotografo-matrimoni2.png","width":1653,"height":413,"caption":"Diego Giusti Fotografo matrimoni Toscana"},"image":{"@id":"https:\/\/diegogiusti.it\/#\/schema\/logo\/image\/"},"sameAs":["https:\/\/www.facebook.com\/diego.giusti.fotografo.livorno","https:\/\/www.instagram.com\/diegogiusti_fotografo\/"]}]}},"_links":{"self":[{"href":"https:\/\/diegogiusti.it\/en\/wp-json\/wp\/v2\/pages\/11165"}],"collection":[{"href":"https:\/\/diegogiusti.it\/en\/wp-json\/wp\/v2\/pages"}],"about":[{"href":"https:\/\/diegogiusti.it\/en\/wp-json\/wp\/v2\/types\/page"}],"author":[{"embeddable":true,"href":"https:\/\/diegogiusti.it\/en\/wp-json\/wp\/v2\/users\/2"}],"replies":[{"embeddable":true,"href":"https:\/\/diegogiusti.it\/en\/wp-json\/wp\/v2\/comments?post=11165"}],"version-history":[{"count":11,"href":"https:\/\/diegogiusti.it\/en\/wp-json\/wp\/v2\/pages\/11165\/revisions"}],"predecessor-version":[{"id":11580,"href":"https:\/\/diegogiusti.it\/en\/wp-json\/wp\/v2\/pages\/11165\/revisions\/11580"}],"wp:attachment":[{"href":"https:\/\/diegogiusti.it\/en\/wp-json\/wp\/v2\/media?parent=11165"}],"curies":[{"name":"wp","href":"https:\/\/api.w.org\/{rel}","templated":true}]}}