{"id":11090,"date":"2026-01-29T17:34:30","date_gmt":"2026-01-29T17:34:30","guid":{"rendered":"https:\/\/diegogiusti.it\/?page_id=11090"},"modified":"2026-02-02T18:42:05","modified_gmt":"2026-02-02T18:42:05","slug":"realwedding-new-dafne-e-ciro","status":"publish","type":"page","link":"https:\/\/diegogiusti.it\/en\/realwedding-new-dafne-e-ciro\/","title":{"rendered":"realwedding new Dafne e Ciro"},"content":{"rendered":"<p><section data-bb-version=\"5.5.3\" id=\"bt_bb_section69f20eb3add37\" class=\"bt_bb_section bt_bb_color_scheme_2 bt_bb_layout_boxed_1000 bt_bb_vertical_align_top bt_bb_top_spacing_medium bt_bb_bottom_spacing_medium\" style=\"; --section-primary-color:#181818; --section-secondary-color:#ffffff;\" data-bt-override-class=\"{&quot;bt_bb_top_spacing_&quot;:{&quot;current_class&quot;:&quot;bt_bb_top_spacing_medium&quot;,&quot;def&quot;:&quot;medium&quot;},&quot;bt_bb_bottom_spacing_&quot;:{&quot;current_class&quot;:&quot;bt_bb_bottom_spacing_medium&quot;,&quot;def&quot;:&quot;medium&quot;},&quot;bt_bb_animation_&quot;:{&quot;current_class&quot;:&quot;bt_bb_animation_no_animation&quot;,&quot;def&quot;:&quot;no_animation&quot;}}\"><div class=\"bt_bb_port\"><div class=\"bt_bb_cell\"><div class=\"bt_bb_cell_inner\"><div class=\"bt_bb_row\"  data-bt-override-class=\"{}\"><div class=\"bt_bb_row_holder\" ><div  class=\"bt_bb_column col-xxl-12 col-xl-12 bt_bb_vertical_align_middle bt_bb_align_center bt_bb_padding_normal bt_bb_animation_fade_in move_up animate\" style=\"; --column-width:12;\" data-width=\"12\" data-bt-override-class=\"{}\"><div class=\"bt_bb_column_content\"><div class=\"bt_bb_column_content_inner\"><div class=\"bt_bb_separator bt_bb_border_style_none bt_bb_bottom_spacing_small\" data-bt-override-class=\"null\"><\/div><header data-bb-version=\"5.6.3\" class=\"bt_bb_headline bt_bb_color_scheme_4 bt_bb_dash_none bt_bb_size_large bt_bb_align_center\" style=\"; --headline-primary-color:#8c857a; --headline-secondary-color:#ffffff;\" data-bt-override-class=\"{&quot;bt_bb_size_&quot;:{&quot;current_class&quot;:&quot;bt_bb_size_large&quot;,&quot;def&quot;:&quot;large&quot;},&quot;bt_bb_align_&quot;:{&quot;current_class&quot;:&quot;bt_bb_align_center&quot;,&quot;def&quot;:&quot;center&quot;}}\"><h1 class=\"bt_bb_headline_tag\"><span class=\"bt_bb_headline_content\"><span>ELOPEMENT SUL VIALE DEI BAOBAB, MADAGASCAR<\/span><\/span><\/h1><\/header><div data-bb-version=\"5.5.3\" class=\"bt_bb_separator bt_bb_border_style_none bt_bb_top_spacing_none bt_bb_bottom_spacing_none bt_bb_hidden_xs bt_bb_hidden_ms bt_bb_hidden_sm\" data-bt-override-class=\"{&quot;bt_bb_top_spacing_&quot;:{&quot;current_class&quot;:&quot;bt_bb_top_spacing_none&quot;,&quot;def&quot;:&quot;none&quot;},&quot;bt_bb_bottom_spacing_&quot;:{&quot;current_class&quot;:&quot;bt_bb_bottom_spacing_none&quot;,&quot;def&quot;:&quot;none&quot;}}\"><\/div><\/div><\/div><\/div><\/div><\/div><\/div><!-- cell_inner --><\/div><!-- cell --><\/div><!-- port --><\/section><section data-bb-version=\"5.4.7\" id=\"bt_bb_section69f20eb3ae009\" class=\"bt_bb_section bt_bb_layout_boxed_1200 bt_bb_vertical_align_top bt_bb_top_spacing_normal bt_bb_bottom_spacing_none\"  data-bt-override-class=\"{&quot;bt_bb_top_spacing_&quot;:{&quot;current_class&quot;:&quot;bt_bb_top_spacing_normal&quot;,&quot;def&quot;:&quot;normal&quot;},&quot;bt_bb_bottom_spacing_&quot;:{&quot;current_class&quot;:&quot;bt_bb_bottom_spacing_none&quot;,&quot;def&quot;:&quot;none&quot;},&quot;bt_bb_animation_&quot;:{&quot;current_class&quot;:&quot;bt_bb_animation_no_animation&quot;,&quot;def&quot;:&quot;no_animation&quot;}}\"><div class=\"bt_bb_port\"><div class=\"bt_bb_cell\"><div class=\"bt_bb_cell_inner\"><div class=\"bt_bb_row\"  data-bt-override-class=\"{}\"><div class=\"bt_bb_row_holder\" ><div data-bb-version=\"5.4.7\"  class=\"bt_bb_column col-xxl-12 col-xl-12 col-xs-12 col-sm-12 col-md-12 col-lg-12 bt_bb_vertical_align_top bt_bb_align_left bt_bb_padding_normal\" style=\"; --column-width:12;\" data-width=\"12\" data-bt-override-class=\"{}\"><div class=\"bt_bb_column_content\"><div class=\"bt_bb_column_content_inner\"><div data-bb-version=\"5.4.7\" class=\"bt_bb_separator bt_bb_border_style_none bt_bb_top_spacing_small bt_bb_bottom_spacing_small\" data-bt-override-class=\"{&quot;bt_bb_top_spacing_&quot;:{&quot;current_class&quot;:&quot;bt_bb_top_spacing_small&quot;,&quot;def&quot;:&quot;small&quot;},&quot;bt_bb_bottom_spacing_&quot;:{&quot;current_class&quot;:&quot;bt_bb_bottom_spacing_small&quot;,&quot;def&quot;:&quot;small&quot;}}\"><\/div><div data-bb-version=\"5.5.3\" class=\"bt_bb_slider bt_bb_height_auto bt_bb_show_dots_bottom bt_bb_multiple_slides bt_bb_animation_slide animate bt_bb_navigation_color_light\"><div class=\"slick-slider\"  data-slick='{ \"lazyLoad\": \"progressive\", \"cssEase\": \"ease-out\", \"speed\": \"300\", \"adaptiveHeight\": true, \"dots\": true, \"prevArrow\": \"&lt;button type=\\\"button\\\" class=\\\"slick-prev\\\" aria-label=\\\"Previous\\\" tabindex=\\\"0\\\" role=\\\"button\\\"&gt;&lt;\/button&gt;\", \"nextArrow\": \"&lt;button type=\\\"button\\\" class=\\\"slick-next\\\" aria-label=\\\"Next\\\" tabindex=\\\"0\\\" role=\\\"button\\\"&gt;&lt;\/button&gt;\",\"slidesToShow\": 1, \"autoplay\": true, \"autoplaySpeed\": 3800}' ><div class=\"bt_bb_slider_item\" data-src-full=\"https:\/\/diegogiusti.it\/wp-content\/uploads\/2025\/11\/Diego-Giusti-fotografo-matrimonio-a-Livorno-Dafne-e-Ciro-racconto-viaggio-africa-1-scaled.webp\"><img src=\"https:\/\/diegogiusti.it\/wp-content\/uploads\/2025\/11\/Diego-Giusti-fotografo-matrimonio-a-Livorno-Dafne-e-Ciro-racconto-viaggio-africa-1-scaled.webp\" alt=\"Diego Giusti fotografo matrimonio a Livorno- Dafne e Ciro - racconto viaggio africa 1\"  title=\"Diego Giusti fotografo matrimonio a Livorno- Dafne e Ciro - racconto viaggio africa 1\"><\/div><div class=\"bt_bb_slider_item\" data-src-full=\"https:\/\/diegogiusti.it\/wp-content\/uploads\/2025\/11\/Diego-Giusti-fotografo-matrimonio-a-Livorno-Dafne-e-Ciro-racconto-viaggio-africa-4-scaled.webp\"><img src=\"https:\/\/diegogiusti.it\/wp-content\/uploads\/2025\/11\/Diego-Giusti-fotografo-matrimonio-a-Livorno-Dafne-e-Ciro-racconto-viaggio-africa-4-scaled.webp\" alt=\"Diego Giusti fotografo matrimonio a Livorno- Dafne e Ciro - racconto viaggio africa 4\"  title=\"Diego Giusti fotografo matrimonio a Livorno- Dafne e Ciro - racconto viaggio africa 4\"><\/div><div class=\"bt_bb_slider_item\" data-src-full=\"https:\/\/diegogiusti.it\/wp-content\/uploads\/2025\/11\/Diego-Giusti-fotografo-matrimonio-a-Livorno-Dafne-e-Ciro-racconto-viaggio-africa-10-scaled.webp\"><img src=\"https:\/\/diegogiusti.it\/wp-content\/uploads\/2025\/11\/Diego-Giusti-fotografo-matrimonio-a-Livorno-Dafne-e-Ciro-racconto-viaggio-africa-10-scaled.webp\" alt=\"Diego Giusti fotografo matrimonio a Livorno- Dafne e Ciro - racconto viaggio africa 10\"  title=\"Diego Giusti fotografo matrimonio a Livorno- Dafne e Ciro - racconto viaggio africa 10\"><\/div><\/div><\/div><div data-bb-version=\"5.4.7\" class=\"bt_bb_separator bt_bb_border_style_none bt_bb_top_spacing_small bt_bb_bottom_spacing_small\" data-bt-override-class=\"{&quot;bt_bb_top_spacing_&quot;:{&quot;current_class&quot;:&quot;bt_bb_top_spacing_small&quot;,&quot;def&quot;:&quot;small&quot;},&quot;bt_bb_bottom_spacing_&quot;:{&quot;current_class&quot;:&quot;bt_bb_bottom_spacing_small&quot;,&quot;def&quot;:&quot;small&quot;}}\"><\/div><\/div><\/div><\/div><\/div><\/div><\/div><!-- cell_inner --><\/div><!-- cell --><\/div><!-- port --><\/section><section data-bb-version=\"5.0.0\" id=\"bt_bb_section69f20eb3aefe0\" class=\"bt_bb_section bt_bb_layout_boxed_1200 bt_bb_vertical_align_top bt_bb_top_spacing_normal bt_bb_bottom_spacing_normal\"  data-bt-override-class=\"{&quot;bt_bb_top_spacing_&quot;:{&quot;current_class&quot;:&quot;bt_bb_top_spacing_normal&quot;,&quot;def&quot;:&quot;normal&quot;},&quot;bt_bb_bottom_spacing_&quot;:{&quot;current_class&quot;:&quot;bt_bb_bottom_spacing_normal&quot;,&quot;def&quot;:&quot;normal&quot;}}\"><div class=\"bt_bb_port\"><div class=\"bt_bb_cell\"><div class=\"bt_bb_cell_inner\"><div class=\"bt_bb_row\"  data-bt-override-class=\"{}\"><div class=\"bt_bb_row_holder\" ><div data-bb-version=\"5.0.0\"  class=\"bt_bb_column col-xxl-8 col-xl-8 col-xs-12 col-sm-12 col-md-12 col-lg-8 bt_bb_vertical_align_top bt_bb_align_center bt_bb_padding_normal\" style=\"; --column-width:8;\" data-width=\"8\" data-bt-override-class=\"{&quot;bt_bb_align_&quot;:{&quot;current_class&quot;:&quot;bt_bb_align_center&quot;,&quot;def&quot;:&quot;center&quot;},&quot;bt_bb_padding_&quot;:{&quot;current_class&quot;:&quot;bt_bb_padding_normal&quot;,&quot;def&quot;:&quot;normal&quot;}}\"><div class=\"bt_bb_column_content\"><div class=\"bt_bb_column_content_inner\"><div data-bb-version=\"5.0.0\"  class=\"bt_bb_text\" ><\/p>\n<p style=\"text-align: left;\" data-start=\"190\" data-end=\"515\">Ogni viaggio di nozze \u00e8 un\u2019occasione unica per vivere esperienze indimenticabili e raccogliere ricordi preziosi. Ma cosa succede quando la bellezza mozzafiato del Madagascar viene raccontata attraverso l\u2019obiettivo di un fotografo che non solo cattura ogni istante, ma accompagna gli sposi in un\u2019avventura costruita su misura?<\/p>\n<p style=\"text-align: left;\" data-start=\"517\" data-end=\"971\">Durante questo viaggio di nozze di 20 giorni ho avuto l\u2019onore di essere non solo il fotografo ma anche la guida che li ha accompagnati alla scoperta di quest\u2019isola straordinaria, insieme alle guide locali che conoscono ogni angolo pi\u00f9 autentico. Il Madagascar, con la sua natura selvaggia, le sue spiagge incontaminate e una biodiversit\u00e0 unica al mondo, \u00e8 il palcoscenico perfetto per immortalare momenti che dureranno per sempre.<\/p>\n<p style=\"text-align: left;\" data-start=\"973\" data-end=\"1521\">Dalla vivacit\u00e0 delle citt\u00e0 colorate ai paesaggi mozzafiato, passando per incontri ravvicinati con la fauna locale, ogni tappa \u00e8 stata un\u2019occasione per raccontare la storia d\u2019amore di <strong data-start=\"1156\" data-end=\"1172\">Ciro e Dafne<\/strong>. Ogni scatto non \u00e8 semplicemente un\u2019immagine, ma un frammento della loro esperienza, un\u2019emozione da rivivere ogni volta che sfoglieranno la loro galleria. Il mio lavoro non si \u00e8 limitato a fotografare: ho costruito per loro un percorso pensato in ogni dettaglio, dove bellezza, cultura, avventura e intimit\u00e0 si intrecciano in un ricordo indelebile.<\/p>\n<p style=\"text-align: left;\" data-start=\"1957\" data-end=\"2496\">Nel corso dei giorni abbiamo percorso quasi <strong data-start=\"2001\" data-end=\"2021\">2.500 chilometri<\/strong>, esplorando alcune tra le meraviglie pi\u00f9 incredibili dell\u2019isola. Abbiamo fatto trekking nel <strong data-start=\"2114\" data-end=\"2134\">Parco dell\u2019Isalo<\/strong> e nella <strong data-start=\"2143\" data-end=\"2162\">Riserva di Anja<\/strong>, incontrando diverse specie di lemuri e vivendo l\u2019emozione di osservare da vicino la fauna locale. Immancabile il bagno nelle piscine naturali dalle acque cristalline: un\u2019oasi di freschezza nel cuore della natura. E poi i tramonti della costa ovest\u2026 cieli infuocati che sembravano dipinti, capaci di lasciarci senza fiato ogni volta.<\/p>\n<p style=\"text-align: left;\" data-start=\"2498\" data-end=\"2827\" data-is-last-node=\"\" data-is-only-node=\"\">Se anche tu desideri una forma unica di raccontare il tuo viaggio di nozze \u2014 unendo fotografia, avventura e la scoperta di terre lontane \u2014 sar\u00f2 felice di accompagnarti in un\u2019esperienza costruita per te. Un viaggio autentico, pensato nei dettagli, dove ogni momento diventa parte della tua storia e viene immortalato per sempre.<\/p>\n<p>\n<\/div><\/div><\/div><\/div><div data-bb-version=\"5.4.7\"  class=\"bt_bb_column col-xxl-4 col-xl-4 col-xs-12 col-sm-12 col-md-12 col-lg-4 bt_bb_vertical_align_top bt_bb_align_left bt_bb_padding_10\" style=\"; --column-width:4;\" data-width=\"4\" data-bt-override-class=\"{&quot;bt_bb_align_&quot;:{&quot;current_class&quot;:&quot;bt_bb_align_left&quot;,&quot;def&quot;:&quot;left&quot;},&quot;bt_bb_padding_&quot;:{&quot;current_class&quot;:&quot;bt_bb_padding_10&quot;,&quot;def&quot;:&quot;10&quot;},&quot;bt_bb_animation_&quot;:{&quot;current_class&quot;:&quot;bt_bb_animation_no_animation&quot;,&quot;def&quot;:&quot;no_animation&quot;}}\"><div class=\"bt_bb_column_content\"><div class=\"bt_bb_column_content_inner\"><div  class=\"bt_bb_text\" style=\"max-width: 490px; margin: 0 auto;\"><\/p>\n<div class=\"bt_bb_text\" data-base=\"bt_bb_text\" data-bt-bb-fe-atts=\"{&quot;responsive&quot;:&quot;&quot;,&quot;publish_datetime&quot;:&quot;&quot;,&quot;expiry_datetime&quot;:&quot;&quot;,&quot;el_id&quot;:&quot;&quot;,&quot;el_class&quot;:&quot;&quot;,&quot;el_style&quot;:&quot;max-width: 490px; margin: 0 auto;&quot;,&quot;ai_prompt_helper&quot;:&quot;eyJrZXl3b3JkcyI6IiIsInRvbmUiOiIiLCJtb2RlIjoiZ2VuZXJhdGUiLCJsYW5ndWFnZSI6IiIsImxlbmd0aCI6IiJ9&quot;}\" data-fe-id=\"14\" data-content=\"&lt;p&gt;REGIONE:\u00a0 \u00a0 \u00a0 \u00a0 \u00a0Toscana&lt;\/p&gt;&lt;p style=&quot;text-align: left;&quot;&gt;LOCATION:\u00a0 \u00a0 \u00a0 \u00a0Fattoria Sette Passi&lt;\/p&gt;&lt;p style=&quot;text-align: left;&quot;&gt;DATA:\u00a0 \u00a0 \u00a0 \u00a0 \u00a0 \u00a0 \u00a0 \u00a0 \u00a0Maggio 2025&lt;\/p&gt;&lt;p style=&quot;text-align: left;&quot;&gt;STILE:\u00a0 \u00a0 \u00a0 \u00a0 \u00a0 \u00a0 \u00a0 \u00a0 Etnico&lt;\/p&gt;\"><\/p>\n<p>REGIONE:\u00a0 \u00a0 \u00a0 \u00a0 \u00a0Madagascar<\/p>\n<p>LOCATION:\u00a0 \u00a0 \u00a0 \u00a0Morondava<\/p>\n<p>DATA:\u00a0 \u00a0 \u00a0 \u00a0 \u00a0 \u00a0 \u00a0 \u00a0 \u00a0Ottobre 2024<\/p>\n<p>STILE:\u00a0 \u00a0 \u00a0 \u00a0 \u00a0 \u00a0 \u00a0 \u00a0 Avventura<\/p>\n<\/div>\n<p>\n<\/div><div data-bb-version=\"5.4.7\" class=\"bt_bb_separator bt_bb_border_style_none bt_bb_top_spacing_normal bt_bb_bottom_spacing_none\" data-bt-override-class=\"{&quot;bt_bb_top_spacing_&quot;:{&quot;current_class&quot;:&quot;bt_bb_top_spacing_normal&quot;,&quot;def&quot;:&quot;normal&quot;},&quot;bt_bb_bottom_spacing_&quot;:{&quot;current_class&quot;:&quot;bt_bb_bottom_spacing_none&quot;,&quot;def&quot;:&quot;none&quot;}}\"><\/div><div class=\"bt_bb_raw_content\"><!DOCTYPE html>\n<html lang=\"it\">\n<head>\n  <meta charset=\"UTF-8\">\n  <meta name=\"viewport\" content=\"width=device-width, initial-scale=1.0\">\n  <title>Icone Social Personalizzate<\/title>\n\n  <link rel=\"stylesheet\" href=\"https:\/\/cdnjs.cloudflare.com\/ajax\/libs\/font-awesome\/6.4.0\/css\/all.min.css\">\n\n  <style>\n    .social-icons {\n      display: flex;\n      justify-content: flex-start;\n      gap: 10px;\n    }\n\n    .social-icons a {\n      font-size: 1.2em;\n      color: #333; \n      transition: color 0.3s ease;\n      text-decoration: none;\n      \/* Rimossi tutti gli stili che creano il cerchio *\/\n      background: none; \/* Assicura che non ci sia sfondo *\/\n      border: none; \/* Rimuove eventuali bordi *\/\n      padding: 0; \/* Rimuove padding extra *\/\n    }\n\n    \/* Stile al passaggio del mouse *\/\n    .social-icons a:hover {\n      color: #007bff; \n      background: none; \/* Assicura che non compaia sfondo al hover *\/\n    }\n\n    \/* Assicura che le icone non abbiano cerchi *\/\n    .social-icons a i {\n      background: none;\n      border: none;\n    }\n  <\/style>\n\n<\/head>\n<body>\n\n  <div class=\"social-icons\">\n    <a href=\"https:\/\/www.facebook.com\/diego.giusti.906\" target=\"_blank\">\n      <i class=\"fa-brands fa-facebook\"><\/i>\n    <\/a>\n    <a href=\"https:\/\/www.instagram.com\/diegogiusti_fotografo\/\" target=\"_blank\">\n      <i class=\"fa-brands fa-instagram\"><\/i>\n    <\/a>\n  <\/div>\n<\/body>\n<\/html><\/div><\/div><\/div><\/div><\/div><\/div><\/div><!-- cell_inner --><\/div><!-- cell --><\/div><!-- port --><\/section><section data-bb-version=\"5.4.7\" id=\"bt_bb_section69f20eb3af54c\" class=\"bt_bb_section bt_bb_layout_boxed_1200 bt_bb_vertical_align_top bt_bb_top_spacing_normal bt_bb_bottom_spacing_none\"  data-bt-override-class=\"{&quot;bt_bb_top_spacing_&quot;:{&quot;current_class&quot;:&quot;bt_bb_top_spacing_normal&quot;,&quot;def&quot;:&quot;normal&quot;},&quot;bt_bb_bottom_spacing_&quot;:{&quot;current_class&quot;:&quot;bt_bb_bottom_spacing_none&quot;,&quot;def&quot;:&quot;none&quot;},&quot;bt_bb_animation_&quot;:{&quot;current_class&quot;:&quot;bt_bb_animation_no_animation&quot;,&quot;def&quot;:&quot;no_animation&quot;}}\"><div class=\"bt_bb_port\"><div class=\"bt_bb_cell\"><div class=\"bt_bb_cell_inner\"><div class=\"bt_bb_row\"  data-bt-override-class=\"{}\"><div class=\"bt_bb_row_holder\" ><div data-bb-version=\"5.4.7\"  class=\"bt_bb_column col-xxl-12 col-xl-12 col-xs-12 col-sm-12 col-md-12 col-lg-12 bt_bb_vertical_align_top bt_bb_align_left bt_bb_padding_normal\" style=\"; --column-width:12;\" data-width=\"12\" data-bt-override-class=\"{}\"><div class=\"bt_bb_column_content\"><div class=\"bt_bb_column_content_inner\"><div data-bb-version=\"5.4.7\" class=\"bt_bb_separator bt_bb_border_style_none bt_bb_top_spacing_small bt_bb_bottom_spacing_small\" data-bt-override-class=\"{&quot;bt_bb_top_spacing_&quot;:{&quot;current_class&quot;:&quot;bt_bb_top_spacing_small&quot;,&quot;def&quot;:&quot;small&quot;},&quot;bt_bb_bottom_spacing_&quot;:{&quot;current_class&quot;:&quot;bt_bb_bottom_spacing_small&quot;,&quot;def&quot;:&quot;small&quot;}}\"><\/div><div data-bb-version=\"5.5.3\" class=\"bt_bb_css_image_grid bt_bb_columns_4 bt_bb_gap_small bt_bb_shape_inherit\" data-columns=\"4\"><div class=\"bt_bb_css_image_grid_content\"><div class=\"bt_bb_css_image_grid_item bt_bb_tile_format_11\" data-src-full=\"https:\/\/diegogiusti.it\/wp-content\/uploads\/2025\/11\/Diego-Giusti-fotografo-matrimonio-a-Livorno-Dafne-e-Ciro-racconto-viaggio-africa-13-scaled.webp\" title=\"Diego Giusti fotografo matrimonio a Livorno- Dafne e Ciro - racconto viaggio africa 13\"><div class=\"bt_bb_css_image_grid_item_inner\"><div class=\"bt_bb_css_image_grid_item_inner_image\"><img src=\"https:\/\/diegogiusti.it\/wp-content\/uploads\/2025\/11\/Diego-Giusti-fotografo-matrimonio-a-Livorno-Dafne-e-Ciro-racconto-viaggio-africa-13-1280x852.webp\" data-src-full=\"https:\/\/diegogiusti.it\/wp-content\/uploads\/2025\/11\/Diego-Giusti-fotografo-matrimonio-a-Livorno-Dafne-e-Ciro-racconto-viaggio-africa-13-scaled.webp\" title=\"Diego Giusti fotografo matrimonio a Livorno- Dafne e Ciro - racconto viaggio africa 13\" alt=\"Diego Giusti fotografo matrimonio a Livorno- Dafne e Ciro - racconto viaggio africa 13\"\/><\/div><div class=\"bt_bb_css_image_grid_item_inner_content\"><\/div><\/div><\/div><div class=\"bt_bb_css_image_grid_item bt_bb_tile_format_11\" data-src-full=\"https:\/\/diegogiusti.it\/wp-content\/uploads\/2025\/11\/Diego-Giusti-fotografo-matrimonio-a-Livorno-Dafne-e-Ciro-racconto-viaggio-africa-20-scaled.webp\" title=\"Diego Giusti fotografo matrimonio a Livorno- Dafne e Ciro - racconto viaggio africa 20\"><div class=\"bt_bb_css_image_grid_item_inner\"><div class=\"bt_bb_css_image_grid_item_inner_image\"><img src=\"https:\/\/diegogiusti.it\/wp-content\/uploads\/2025\/11\/Diego-Giusti-fotografo-matrimonio-a-Livorno-Dafne-e-Ciro-racconto-viaggio-africa-20-1280x852.webp\" data-src-full=\"https:\/\/diegogiusti.it\/wp-content\/uploads\/2025\/11\/Diego-Giusti-fotografo-matrimonio-a-Livorno-Dafne-e-Ciro-racconto-viaggio-africa-20-scaled.webp\" title=\"Diego Giusti fotografo matrimonio a Livorno- Dafne e Ciro - racconto viaggio africa 20\" alt=\"Diego Giusti fotografo matrimonio a Livorno- Dafne e Ciro - racconto viaggio africa 20\"\/><\/div><div class=\"bt_bb_css_image_grid_item_inner_content\"><\/div><\/div><\/div><div class=\"bt_bb_css_image_grid_item bt_bb_tile_format_11\" data-src-full=\"https:\/\/diegogiusti.it\/wp-content\/uploads\/2025\/11\/Diego-Giusti-fotografo-matrimonio-a-Livorno-Dafne-e-Ciro-racconto-viaggio-africa-27-scaled.webp\" title=\"Diego Giusti fotografo matrimonio a Livorno- Dafne e Ciro - racconto viaggio africa 27\"><div class=\"bt_bb_css_image_grid_item_inner\"><div class=\"bt_bb_css_image_grid_item_inner_image\"><img src=\"https:\/\/diegogiusti.it\/wp-content\/uploads\/2025\/11\/Diego-Giusti-fotografo-matrimonio-a-Livorno-Dafne-e-Ciro-racconto-viaggio-africa-27-1280x852.webp\" data-src-full=\"https:\/\/diegogiusti.it\/wp-content\/uploads\/2025\/11\/Diego-Giusti-fotografo-matrimonio-a-Livorno-Dafne-e-Ciro-racconto-viaggio-africa-27-scaled.webp\" title=\"Diego Giusti fotografo matrimonio a Livorno- Dafne e Ciro - racconto viaggio africa 27\" alt=\"Diego Giusti fotografo matrimonio a Livorno- Dafne e Ciro - racconto viaggio africa 27\"\/><\/div><div class=\"bt_bb_css_image_grid_item_inner_content\"><\/div><\/div><\/div><div class=\"bt_bb_css_image_grid_item bt_bb_tile_format_11\" data-src-full=\"https:\/\/diegogiusti.it\/wp-content\/uploads\/2025\/11\/Diego-Giusti-fotografo-matrimonio-a-Livorno-Dafne-e-Ciro-racconto-viaggio-africa-29-scaled.webp\" title=\"Diego Giusti fotografo matrimonio a Livorno- Dafne e Ciro - racconto viaggio africa 29\"><div class=\"bt_bb_css_image_grid_item_inner\"><div class=\"bt_bb_css_image_grid_item_inner_image\"><img src=\"https:\/\/diegogiusti.it\/wp-content\/uploads\/2025\/11\/Diego-Giusti-fotografo-matrimonio-a-Livorno-Dafne-e-Ciro-racconto-viaggio-africa-29-1280x852.webp\" data-src-full=\"https:\/\/diegogiusti.it\/wp-content\/uploads\/2025\/11\/Diego-Giusti-fotografo-matrimonio-a-Livorno-Dafne-e-Ciro-racconto-viaggio-africa-29-scaled.webp\" title=\"Diego Giusti fotografo matrimonio a Livorno- Dafne e Ciro - racconto viaggio africa 29\" alt=\"Diego Giusti fotografo matrimonio a Livorno- Dafne e Ciro - racconto viaggio africa 29\"\/><\/div><div class=\"bt_bb_css_image_grid_item_inner_content\"><\/div><\/div><\/div><div class=\"bt_bb_css_image_grid_item bt_bb_tile_format_11\" data-src-full=\"https:\/\/diegogiusti.it\/wp-content\/uploads\/2025\/11\/Diego-Giusti-fotografo-matrimonio-a-Livorno-Dafne-e-Ciro-racconto-viaggio-africa-32-scaled.webp\" title=\"Diego Giusti fotografo matrimonio a Livorno- Dafne e Ciro - racconto viaggio africa 32\"><div class=\"bt_bb_css_image_grid_item_inner\"><div class=\"bt_bb_css_image_grid_item_inner_image\"><img src=\"https:\/\/diegogiusti.it\/wp-content\/uploads\/2025\/11\/Diego-Giusti-fotografo-matrimonio-a-Livorno-Dafne-e-Ciro-racconto-viaggio-africa-32-1280x852.webp\" data-src-full=\"https:\/\/diegogiusti.it\/wp-content\/uploads\/2025\/11\/Diego-Giusti-fotografo-matrimonio-a-Livorno-Dafne-e-Ciro-racconto-viaggio-africa-32-scaled.webp\" title=\"Diego Giusti fotografo matrimonio a Livorno- Dafne e Ciro - racconto viaggio africa 32\" alt=\"Diego Giusti fotografo matrimonio a Livorno- Dafne e Ciro - racconto viaggio africa 32\"\/><\/div><div class=\"bt_bb_css_image_grid_item_inner_content\"><\/div><\/div><\/div><div class=\"bt_bb_css_image_grid_item bt_bb_tile_format_11\" data-src-full=\"https:\/\/diegogiusti.it\/wp-content\/uploads\/2025\/11\/Diego-Giusti-fotografo-matrimonio-a-Livorno-Dafne-e-Ciro-racconto-viaggio-africa-10-scaled.webp\" title=\"Diego Giusti fotografo matrimonio a Livorno- Dafne e Ciro - racconto viaggio africa 10\"><div class=\"bt_bb_css_image_grid_item_inner\"><div class=\"bt_bb_css_image_grid_item_inner_image\"><img src=\"https:\/\/diegogiusti.it\/wp-content\/uploads\/2025\/11\/Diego-Giusti-fotografo-matrimonio-a-Livorno-Dafne-e-Ciro-racconto-viaggio-africa-10-1280x853.webp\" data-src-full=\"https:\/\/diegogiusti.it\/wp-content\/uploads\/2025\/11\/Diego-Giusti-fotografo-matrimonio-a-Livorno-Dafne-e-Ciro-racconto-viaggio-africa-10-scaled.webp\" title=\"Diego Giusti fotografo matrimonio a Livorno- Dafne e Ciro - racconto viaggio africa 10\" alt=\"Diego Giusti fotografo matrimonio a Livorno- Dafne e Ciro - racconto viaggio africa 10\"\/><\/div><div class=\"bt_bb_css_image_grid_item_inner_content\"><\/div><\/div><\/div><div class=\"bt_bb_css_image_grid_item bt_bb_tile_format_11\" data-src-full=\"https:\/\/diegogiusti.it\/wp-content\/uploads\/2025\/11\/Diego-Giusti-fotografo-matrimonio-a-Livorno-Dafne-e-Ciro-racconto-viaggio-africa-34-scaled.webp\" title=\"Diego Giusti fotografo matrimonio a Livorno- Dafne e Ciro - racconto viaggio africa 34\"><div class=\"bt_bb_css_image_grid_item_inner\"><div class=\"bt_bb_css_image_grid_item_inner_image\"><img src=\"https:\/\/diegogiusti.it\/wp-content\/uploads\/2025\/11\/Diego-Giusti-fotografo-matrimonio-a-Livorno-Dafne-e-Ciro-racconto-viaggio-africa-34-1280x852.webp\" data-src-full=\"https:\/\/diegogiusti.it\/wp-content\/uploads\/2025\/11\/Diego-Giusti-fotografo-matrimonio-a-Livorno-Dafne-e-Ciro-racconto-viaggio-africa-34-scaled.webp\" title=\"Diego Giusti fotografo matrimonio a Livorno- Dafne e Ciro - racconto viaggio africa 34\" alt=\"Diego Giusti fotografo matrimonio a Livorno- Dafne e Ciro - racconto viaggio africa 34\"\/><\/div><div class=\"bt_bb_css_image_grid_item_inner_content\"><\/div><\/div><\/div><div class=\"bt_bb_css_image_grid_item bt_bb_tile_format_11\" data-src-full=\"https:\/\/diegogiusti.it\/wp-content\/uploads\/2025\/11\/Diego-Giusti-fotografo-matrimonio-a-Livorno-Dafne-e-Ciro-racconto-viaggio-africa-35-scaled.webp\" title=\"Diego Giusti fotografo matrimonio a Livorno- Dafne e Ciro - racconto viaggio africa 35\"><div class=\"bt_bb_css_image_grid_item_inner\"><div class=\"bt_bb_css_image_grid_item_inner_image\"><img src=\"https:\/\/diegogiusti.it\/wp-content\/uploads\/2025\/11\/Diego-Giusti-fotografo-matrimonio-a-Livorno-Dafne-e-Ciro-racconto-viaggio-africa-35-1280x852.webp\" data-src-full=\"https:\/\/diegogiusti.it\/wp-content\/uploads\/2025\/11\/Diego-Giusti-fotografo-matrimonio-a-Livorno-Dafne-e-Ciro-racconto-viaggio-africa-35-scaled.webp\" title=\"Diego Giusti fotografo matrimonio a Livorno- Dafne e Ciro - racconto viaggio africa 35\" alt=\"Diego Giusti fotografo matrimonio a Livorno- Dafne e Ciro - racconto viaggio africa 35\"\/><\/div><div class=\"bt_bb_css_image_grid_item_inner_content\"><\/div><\/div><\/div><div class=\"bt_bb_css_image_grid_item bt_bb_tile_format_11\" data-src-full=\"https:\/\/diegogiusti.it\/wp-content\/uploads\/2025\/11\/Diego-Giusti-fotografo-matrimonio-a-Livorno-Dafne-e-Ciro-racconto-viaggio-africa-36-scaled.webp\" title=\"Diego Giusti fotografo matrimonio a Livorno- Dafne e Ciro - racconto viaggio africa 36\"><div class=\"bt_bb_css_image_grid_item_inner\"><div class=\"bt_bb_css_image_grid_item_inner_image\"><img src=\"https:\/\/diegogiusti.it\/wp-content\/uploads\/2025\/11\/Diego-Giusti-fotografo-matrimonio-a-Livorno-Dafne-e-Ciro-racconto-viaggio-africa-36-1280x852.webp\" data-src-full=\"https:\/\/diegogiusti.it\/wp-content\/uploads\/2025\/11\/Diego-Giusti-fotografo-matrimonio-a-Livorno-Dafne-e-Ciro-racconto-viaggio-africa-36-scaled.webp\" title=\"Diego Giusti fotografo matrimonio a Livorno- Dafne e Ciro - racconto viaggio africa 36\" alt=\"Diego Giusti fotografo matrimonio a Livorno- Dafne e Ciro - racconto viaggio africa 36\"\/><\/div><div class=\"bt_bb_css_image_grid_item_inner_content\"><\/div><\/div><\/div><div class=\"bt_bb_css_image_grid_item bt_bb_tile_format_11\" data-src-full=\"https:\/\/diegogiusti.it\/wp-content\/uploads\/2025\/11\/Diego-Giusti-fotografo-matrimonio-a-Livorno-Dafne-e-Ciro-racconto-viaggio-africa-40-scaled.webp\" title=\"Diego Giusti fotografo matrimonio a Livorno- Dafne e Ciro - racconto viaggio africa 40\"><div class=\"bt_bb_css_image_grid_item_inner\"><div class=\"bt_bb_css_image_grid_item_inner_image\"><img src=\"https:\/\/diegogiusti.it\/wp-content\/uploads\/2025\/11\/Diego-Giusti-fotografo-matrimonio-a-Livorno-Dafne-e-Ciro-racconto-viaggio-africa-40-1280x852.webp\" data-src-full=\"https:\/\/diegogiusti.it\/wp-content\/uploads\/2025\/11\/Diego-Giusti-fotografo-matrimonio-a-Livorno-Dafne-e-Ciro-racconto-viaggio-africa-40-scaled.webp\" title=\"Diego Giusti fotografo matrimonio a Livorno- Dafne e Ciro - racconto viaggio africa 40\" alt=\"Diego Giusti fotografo matrimonio a Livorno- Dafne e Ciro - racconto viaggio africa 40\"\/><\/div><div class=\"bt_bb_css_image_grid_item_inner_content\"><\/div><\/div><\/div><div class=\"bt_bb_css_image_grid_item bt_bb_tile_format_11\" data-src-full=\"https:\/\/diegogiusti.it\/wp-content\/uploads\/2025\/11\/Diego-Giusti-fotografo-matrimonio-a-Livorno-Dafne-e-Ciro-racconto-viaggio-africa-41-scaled.webp\" title=\"Diego Giusti fotografo matrimonio a Livorno- Dafne e Ciro - racconto viaggio africa 41\"><div class=\"bt_bb_css_image_grid_item_inner\"><div class=\"bt_bb_css_image_grid_item_inner_image\"><img src=\"https:\/\/diegogiusti.it\/wp-content\/uploads\/2025\/11\/Diego-Giusti-fotografo-matrimonio-a-Livorno-Dafne-e-Ciro-racconto-viaggio-africa-41-1280x852.webp\" data-src-full=\"https:\/\/diegogiusti.it\/wp-content\/uploads\/2025\/11\/Diego-Giusti-fotografo-matrimonio-a-Livorno-Dafne-e-Ciro-racconto-viaggio-africa-41-scaled.webp\" title=\"Diego Giusti fotografo matrimonio a Livorno- Dafne e Ciro - racconto viaggio africa 41\" alt=\"Diego Giusti fotografo matrimonio a Livorno- Dafne e Ciro - racconto viaggio africa 41\"\/><\/div><div class=\"bt_bb_css_image_grid_item_inner_content\"><\/div><\/div><\/div><div class=\"bt_bb_css_image_grid_item bt_bb_tile_format_11\" data-src-full=\"https:\/\/diegogiusti.it\/wp-content\/uploads\/2025\/11\/Diego-Giusti-fotografo-matrimonio-a-Livorno-Dafne-e-Ciro-racconto-viaggio-africa-43-scaled.webp\" title=\"Diego Giusti fotografo matrimonio a Livorno- Dafne e Ciro - racconto viaggio africa 43\"><div class=\"bt_bb_css_image_grid_item_inner\"><div class=\"bt_bb_css_image_grid_item_inner_image\"><img src=\"https:\/\/diegogiusti.it\/wp-content\/uploads\/2025\/11\/Diego-Giusti-fotografo-matrimonio-a-Livorno-Dafne-e-Ciro-racconto-viaggio-africa-43-1280x852.webp\" data-src-full=\"https:\/\/diegogiusti.it\/wp-content\/uploads\/2025\/11\/Diego-Giusti-fotografo-matrimonio-a-Livorno-Dafne-e-Ciro-racconto-viaggio-africa-43-scaled.webp\" title=\"Diego Giusti fotografo matrimonio a Livorno- Dafne e Ciro - racconto viaggio africa 43\" alt=\"Diego Giusti fotografo matrimonio a Livorno- Dafne e Ciro - racconto viaggio africa 43\"\/><\/div><div class=\"bt_bb_css_image_grid_item_inner_content\"><\/div><\/div><\/div><div class=\"bt_bb_css_image_grid_item bt_bb_tile_format_11\" data-src-full=\"https:\/\/diegogiusti.it\/wp-content\/uploads\/2025\/11\/Diego-Giusti-fotografo-matrimonio-a-Livorno-Dafne-e-Ciro-racconto-viaggio-africa-44-scaled.webp\" title=\"Diego Giusti fotografo matrimonio a Livorno- Dafne e Ciro - racconto viaggio africa 44\"><div class=\"bt_bb_css_image_grid_item_inner\"><div class=\"bt_bb_css_image_grid_item_inner_image\"><img src=\"https:\/\/diegogiusti.it\/wp-content\/uploads\/2025\/11\/Diego-Giusti-fotografo-matrimonio-a-Livorno-Dafne-e-Ciro-racconto-viaggio-africa-44-1280x853.webp\" data-src-full=\"https:\/\/diegogiusti.it\/wp-content\/uploads\/2025\/11\/Diego-Giusti-fotografo-matrimonio-a-Livorno-Dafne-e-Ciro-racconto-viaggio-africa-44-scaled.webp\" title=\"Diego Giusti fotografo matrimonio a Livorno- Dafne e Ciro - racconto viaggio africa 44\" alt=\"Diego Giusti fotografo matrimonio a Livorno- Dafne e Ciro - racconto viaggio africa 44\"\/><\/div><div class=\"bt_bb_css_image_grid_item_inner_content\"><\/div><\/div><\/div><div class=\"bt_bb_css_image_grid_item bt_bb_tile_format_11\" data-src-full=\"https:\/\/diegogiusti.it\/wp-content\/uploads\/2025\/11\/Diego-Giusti-fotografo-matrimonio-a-Livorno-Dafne-e-Ciro-racconto-viaggio-africa-76-scaled.webp\" title=\"Diego Giusti fotografo matrimonio a Livorno- Dafne e Ciro - racconto viaggio africa 76\"><div class=\"bt_bb_css_image_grid_item_inner\"><div class=\"bt_bb_css_image_grid_item_inner_image\"><img src=\"https:\/\/diegogiusti.it\/wp-content\/uploads\/2025\/11\/Diego-Giusti-fotografo-matrimonio-a-Livorno-Dafne-e-Ciro-racconto-viaggio-africa-76-1280x852.webp\" data-src-full=\"https:\/\/diegogiusti.it\/wp-content\/uploads\/2025\/11\/Diego-Giusti-fotografo-matrimonio-a-Livorno-Dafne-e-Ciro-racconto-viaggio-africa-76-scaled.webp\" title=\"Diego Giusti fotografo matrimonio a Livorno- Dafne e Ciro - racconto viaggio africa 76\" alt=\"Diego Giusti fotografo matrimonio a Livorno- Dafne e Ciro - racconto viaggio africa 76\"\/><\/div><div class=\"bt_bb_css_image_grid_item_inner_content\"><\/div><\/div><\/div><div class=\"bt_bb_css_image_grid_item bt_bb_tile_format_11\" data-src-full=\"https:\/\/diegogiusti.it\/wp-content\/uploads\/2025\/11\/Diego-Giusti-fotografo-matrimonio-a-Livorno-Dafne-e-Ciro-racconto-viaggio-africa-79-scaled.webp\" title=\"Diego Giusti fotografo matrimonio a Livorno- Dafne e Ciro - racconto viaggio africa 79\"><div class=\"bt_bb_css_image_grid_item_inner\"><div class=\"bt_bb_css_image_grid_item_inner_image\"><img src=\"https:\/\/diegogiusti.it\/wp-content\/uploads\/2025\/11\/Diego-Giusti-fotografo-matrimonio-a-Livorno-Dafne-e-Ciro-racconto-viaggio-africa-79-1280x852.webp\" data-src-full=\"https:\/\/diegogiusti.it\/wp-content\/uploads\/2025\/11\/Diego-Giusti-fotografo-matrimonio-a-Livorno-Dafne-e-Ciro-racconto-viaggio-africa-79-scaled.webp\" title=\"Diego Giusti fotografo matrimonio a Livorno- Dafne e Ciro - racconto viaggio africa 79\" alt=\"Diego Giusti fotografo matrimonio a Livorno- Dafne e Ciro - racconto viaggio africa 79\"\/><\/div><div class=\"bt_bb_css_image_grid_item_inner_content\"><\/div><\/div><\/div><div class=\"bt_bb_css_image_grid_item bt_bb_tile_format_11\" data-src-full=\"https:\/\/diegogiusti.it\/wp-content\/uploads\/2025\/11\/Diego-Giusti-fotografo-matrimonio-a-Livorno-Dafne-e-Ciro-racconto-viaggio-africa-81-scaled.webp\" title=\"Diego Giusti fotografo matrimonio a Livorno- Dafne e Ciro - racconto viaggio africa 81\"><div class=\"bt_bb_css_image_grid_item_inner\"><div class=\"bt_bb_css_image_grid_item_inner_image\"><img src=\"https:\/\/diegogiusti.it\/wp-content\/uploads\/2025\/11\/Diego-Giusti-fotografo-matrimonio-a-Livorno-Dafne-e-Ciro-racconto-viaggio-africa-81-1280x852.webp\" data-src-full=\"https:\/\/diegogiusti.it\/wp-content\/uploads\/2025\/11\/Diego-Giusti-fotografo-matrimonio-a-Livorno-Dafne-e-Ciro-racconto-viaggio-africa-81-scaled.webp\" title=\"Diego Giusti fotografo matrimonio a Livorno- Dafne e Ciro - racconto viaggio africa 81\" alt=\"Diego Giusti fotografo matrimonio a Livorno- Dafne e Ciro - racconto viaggio africa 81\"\/><\/div><div class=\"bt_bb_css_image_grid_item_inner_content\"><\/div><\/div><\/div><div class=\"bt_bb_css_image_grid_item bt_bb_tile_format_11\" data-src-full=\"https:\/\/diegogiusti.it\/wp-content\/uploads\/2025\/11\/Diego-Giusti-fotografo-matrimonio-a-Livorno-Dafne-e-Ciro-racconto-viaggio-africa-83-scaled.webp\" title=\"Diego Giusti fotografo matrimonio a Livorno- Dafne e Ciro - racconto viaggio africa 83\"><div class=\"bt_bb_css_image_grid_item_inner\"><div class=\"bt_bb_css_image_grid_item_inner_image\"><img src=\"https:\/\/diegogiusti.it\/wp-content\/uploads\/2025\/11\/Diego-Giusti-fotografo-matrimonio-a-Livorno-Dafne-e-Ciro-racconto-viaggio-africa-83-1280x852.webp\" data-src-full=\"https:\/\/diegogiusti.it\/wp-content\/uploads\/2025\/11\/Diego-Giusti-fotografo-matrimonio-a-Livorno-Dafne-e-Ciro-racconto-viaggio-africa-83-scaled.webp\" title=\"Diego Giusti fotografo matrimonio a Livorno- Dafne e Ciro - racconto viaggio africa 83\" alt=\"Diego Giusti fotografo matrimonio a Livorno- Dafne e Ciro - racconto viaggio africa 83\"\/><\/div><div class=\"bt_bb_css_image_grid_item_inner_content\"><\/div><\/div><\/div><div class=\"bt_bb_css_image_grid_item bt_bb_tile_format_11\" data-src-full=\"https:\/\/diegogiusti.it\/wp-content\/uploads\/2025\/11\/Diego-Giusti-fotografo-matrimonio-a-Livorno-Dafne-e-Ciro-racconto-viaggio-africa-84-scaled.webp\" title=\"Diego Giusti fotografo matrimonio a Livorno- Dafne e Ciro - racconto viaggio africa 84\"><div class=\"bt_bb_css_image_grid_item_inner\"><div class=\"bt_bb_css_image_grid_item_inner_image\"><img src=\"https:\/\/diegogiusti.it\/wp-content\/uploads\/2025\/11\/Diego-Giusti-fotografo-matrimonio-a-Livorno-Dafne-e-Ciro-racconto-viaggio-africa-84-1280x852.webp\" data-src-full=\"https:\/\/diegogiusti.it\/wp-content\/uploads\/2025\/11\/Diego-Giusti-fotografo-matrimonio-a-Livorno-Dafne-e-Ciro-racconto-viaggio-africa-84-scaled.webp\" title=\"Diego Giusti fotografo matrimonio a Livorno- Dafne e Ciro - racconto viaggio africa 84\" alt=\"Diego Giusti fotografo matrimonio a Livorno- Dafne e Ciro - racconto viaggio africa 84\"\/><\/div><div class=\"bt_bb_css_image_grid_item_inner_content\"><\/div><\/div><\/div><div class=\"bt_bb_css_image_grid_item bt_bb_tile_format_11\" data-src-full=\"https:\/\/diegogiusti.it\/wp-content\/uploads\/2025\/11\/Diego-Giusti-fotografo-matrimonio-a-Livorno-Dafne-e-Ciro-racconto-viaggio-africa-85-scaled.webp\" title=\"Diego Giusti fotografo matrimonio a Livorno- Dafne e Ciro - racconto viaggio africa 85\"><div class=\"bt_bb_css_image_grid_item_inner\"><div class=\"bt_bb_css_image_grid_item_inner_image\"><img src=\"https:\/\/diegogiusti.it\/wp-content\/uploads\/2025\/11\/Diego-Giusti-fotografo-matrimonio-a-Livorno-Dafne-e-Ciro-racconto-viaggio-africa-85-1280x852.webp\" data-src-full=\"https:\/\/diegogiusti.it\/wp-content\/uploads\/2025\/11\/Diego-Giusti-fotografo-matrimonio-a-Livorno-Dafne-e-Ciro-racconto-viaggio-africa-85-scaled.webp\" title=\"Diego Giusti fotografo matrimonio a Livorno- Dafne e Ciro - racconto viaggio africa 85\" alt=\"Diego Giusti fotografo matrimonio a Livorno- Dafne e Ciro - racconto viaggio africa 85\"\/><\/div><div class=\"bt_bb_css_image_grid_item_inner_content\"><\/div><\/div><\/div><div class=\"bt_bb_css_image_grid_item bt_bb_tile_format_11\" data-src-full=\"https:\/\/diegogiusti.it\/wp-content\/uploads\/2025\/11\/Diego-Giusti-fotografo-matrimonio-a-Livorno-Dafne-e-Ciro-racconto-viaggio-africa-88-scaled.webp\" title=\"Diego Giusti fotografo matrimonio a Livorno- Dafne e Ciro - racconto viaggio africa 88\"><div class=\"bt_bb_css_image_grid_item_inner\"><div class=\"bt_bb_css_image_grid_item_inner_image\"><img src=\"https:\/\/diegogiusti.it\/wp-content\/uploads\/2025\/11\/Diego-Giusti-fotografo-matrimonio-a-Livorno-Dafne-e-Ciro-racconto-viaggio-africa-88-1280x852.webp\" data-src-full=\"https:\/\/diegogiusti.it\/wp-content\/uploads\/2025\/11\/Diego-Giusti-fotografo-matrimonio-a-Livorno-Dafne-e-Ciro-racconto-viaggio-africa-88-scaled.webp\" title=\"Diego Giusti fotografo matrimonio a Livorno- Dafne e Ciro - racconto viaggio africa 88\" alt=\"Diego Giusti fotografo matrimonio a Livorno- Dafne e Ciro - racconto viaggio africa 88\"\/><\/div><div class=\"bt_bb_css_image_grid_item_inner_content\"><\/div><\/div><\/div><div class=\"bt_bb_css_image_grid_item bt_bb_tile_format_11\" data-src-full=\"https:\/\/diegogiusti.it\/wp-content\/uploads\/2025\/11\/Diego-Giusti-fotografo-matrimonio-a-Livorno-Dafne-e-Ciro-racconto-viaggio-africa-89-scaled.webp\" title=\"Diego Giusti fotografo matrimonio a Livorno- Dafne e Ciro - racconto viaggio africa 89\"><div class=\"bt_bb_css_image_grid_item_inner\"><div class=\"bt_bb_css_image_grid_item_inner_image\"><img src=\"https:\/\/diegogiusti.it\/wp-content\/uploads\/2025\/11\/Diego-Giusti-fotografo-matrimonio-a-Livorno-Dafne-e-Ciro-racconto-viaggio-africa-89-1280x852.webp\" data-src-full=\"https:\/\/diegogiusti.it\/wp-content\/uploads\/2025\/11\/Diego-Giusti-fotografo-matrimonio-a-Livorno-Dafne-e-Ciro-racconto-viaggio-africa-89-scaled.webp\" title=\"Diego Giusti fotografo matrimonio a Livorno- Dafne e Ciro - racconto viaggio africa 89\" alt=\"Diego Giusti fotografo matrimonio a Livorno- Dafne e Ciro - racconto viaggio africa 89\"\/><\/div><div class=\"bt_bb_css_image_grid_item_inner_content\"><\/div><\/div><\/div><div class=\"bt_bb_css_image_grid_item bt_bb_tile_format_11\" data-src-full=\"https:\/\/diegogiusti.it\/wp-content\/uploads\/2025\/11\/Diego-Giusti-fotografo-matrimonio-a-Livorno-Dafne-e-Ciro-racconto-viaggio-africa-93-scaled.webp\" title=\"Diego Giusti fotografo matrimonio a Livorno- Dafne e Ciro - racconto viaggio africa 93\"><div class=\"bt_bb_css_image_grid_item_inner\"><div class=\"bt_bb_css_image_grid_item_inner_image\"><img src=\"https:\/\/diegogiusti.it\/wp-content\/uploads\/2025\/11\/Diego-Giusti-fotografo-matrimonio-a-Livorno-Dafne-e-Ciro-racconto-viaggio-africa-93-1280x852.webp\" data-src-full=\"https:\/\/diegogiusti.it\/wp-content\/uploads\/2025\/11\/Diego-Giusti-fotografo-matrimonio-a-Livorno-Dafne-e-Ciro-racconto-viaggio-africa-93-scaled.webp\" title=\"Diego Giusti fotografo matrimonio a Livorno- Dafne e Ciro - racconto viaggio africa 93\" alt=\"Diego Giusti fotografo matrimonio a Livorno- Dafne e Ciro - racconto viaggio africa 93\"\/><\/div><div class=\"bt_bb_css_image_grid_item_inner_content\"><\/div><\/div><\/div><div class=\"bt_bb_css_image_grid_item bt_bb_tile_format_11\" data-src-full=\"https:\/\/diegogiusti.it\/wp-content\/uploads\/2025\/11\/Diego-Giusti-fotografo-matrimonio-a-Livorno-Dafne-e-Ciro-racconto-viaggio-africa-94-scaled.webp\" title=\"Diego Giusti fotografo matrimonio a Livorno- Dafne e Ciro - racconto viaggio africa 94\"><div class=\"bt_bb_css_image_grid_item_inner\"><div class=\"bt_bb_css_image_grid_item_inner_image\"><img src=\"https:\/\/diegogiusti.it\/wp-content\/uploads\/2025\/11\/Diego-Giusti-fotografo-matrimonio-a-Livorno-Dafne-e-Ciro-racconto-viaggio-africa-94-1280x852.webp\" data-src-full=\"https:\/\/diegogiusti.it\/wp-content\/uploads\/2025\/11\/Diego-Giusti-fotografo-matrimonio-a-Livorno-Dafne-e-Ciro-racconto-viaggio-africa-94-scaled.webp\" title=\"Diego Giusti fotografo matrimonio a Livorno- Dafne e Ciro - racconto viaggio africa 94\" alt=\"Diego Giusti fotografo matrimonio a Livorno- Dafne e Ciro - racconto viaggio africa 94\"\/><\/div><div class=\"bt_bb_css_image_grid_item_inner_content\"><\/div><\/div><\/div><div class=\"bt_bb_css_image_grid_item bt_bb_tile_format_11\" data-src-full=\"https:\/\/diegogiusti.it\/wp-content\/uploads\/2025\/11\/Diego-Giusti-fotografo-matrimonio-a-Livorno-Dafne-e-Ciro-racconto-viaggio-africa-95-scaled.webp\" title=\"Diego Giusti fotografo matrimonio a Livorno- Dafne e Ciro - racconto viaggio africa 95\"><div class=\"bt_bb_css_image_grid_item_inner\"><div class=\"bt_bb_css_image_grid_item_inner_image\"><img src=\"https:\/\/diegogiusti.it\/wp-content\/uploads\/2025\/11\/Diego-Giusti-fotografo-matrimonio-a-Livorno-Dafne-e-Ciro-racconto-viaggio-africa-95-1280x852.webp\" data-src-full=\"https:\/\/diegogiusti.it\/wp-content\/uploads\/2025\/11\/Diego-Giusti-fotografo-matrimonio-a-Livorno-Dafne-e-Ciro-racconto-viaggio-africa-95-scaled.webp\" title=\"Diego Giusti fotografo matrimonio a Livorno- Dafne e Ciro - racconto viaggio africa 95\" alt=\"Diego Giusti fotografo matrimonio a Livorno- Dafne e Ciro - racconto viaggio africa 95\"\/><\/div><div class=\"bt_bb_css_image_grid_item_inner_content\"><\/div><\/div><\/div><div class=\"bt_bb_css_image_grid_item bt_bb_tile_format_11\" data-src-full=\"https:\/\/diegogiusti.it\/wp-content\/uploads\/2025\/11\/Diego-Giusti-fotografo-matrimonio-a-Livorno-Dafne-e-Ciro-racconto-viaggio-africa-97-scaled.webp\" title=\"Diego Giusti fotografo matrimonio a Livorno- Dafne e Ciro - racconto viaggio africa 97\"><div class=\"bt_bb_css_image_grid_item_inner\"><div class=\"bt_bb_css_image_grid_item_inner_image\"><img src=\"https:\/\/diegogiusti.it\/wp-content\/uploads\/2025\/11\/Diego-Giusti-fotografo-matrimonio-a-Livorno-Dafne-e-Ciro-racconto-viaggio-africa-97-1280x852.webp\" data-src-full=\"https:\/\/diegogiusti.it\/wp-content\/uploads\/2025\/11\/Diego-Giusti-fotografo-matrimonio-a-Livorno-Dafne-e-Ciro-racconto-viaggio-africa-97-scaled.webp\" title=\"Diego Giusti fotografo matrimonio a Livorno- Dafne e Ciro - racconto viaggio africa 97\" alt=\"Diego Giusti fotografo matrimonio a Livorno- Dafne e Ciro - racconto viaggio africa 97\"\/><\/div><div class=\"bt_bb_css_image_grid_item_inner_content\"><\/div><\/div><\/div><div class=\"bt_bb_css_image_grid_item bt_bb_tile_format_11\" data-src-full=\"https:\/\/diegogiusti.it\/wp-content\/uploads\/2025\/11\/Diego-Giusti-fotografo-matrimonio-a-Livorno-Dafne-e-Ciro-racconto-viaggio-africa-99-scaled.webp\" title=\"Diego Giusti fotografo matrimonio a Livorno- Dafne e Ciro - racconto viaggio africa 99\"><div class=\"bt_bb_css_image_grid_item_inner\"><div class=\"bt_bb_css_image_grid_item_inner_image\"><img src=\"https:\/\/diegogiusti.it\/wp-content\/uploads\/2025\/11\/Diego-Giusti-fotografo-matrimonio-a-Livorno-Dafne-e-Ciro-racconto-viaggio-africa-99-1280x852.webp\" data-src-full=\"https:\/\/diegogiusti.it\/wp-content\/uploads\/2025\/11\/Diego-Giusti-fotografo-matrimonio-a-Livorno-Dafne-e-Ciro-racconto-viaggio-africa-99-scaled.webp\" title=\"Diego Giusti fotografo matrimonio a Livorno- Dafne e Ciro - racconto viaggio africa 99\" alt=\"Diego Giusti fotografo matrimonio a Livorno- Dafne e Ciro - racconto viaggio africa 99\"\/><\/div><div class=\"bt_bb_css_image_grid_item_inner_content\"><\/div><\/div><\/div><div class=\"bt_bb_css_image_grid_item bt_bb_tile_format_11\" data-src-full=\"https:\/\/diegogiusti.it\/wp-content\/uploads\/2025\/11\/Diego-Giusti-fotografo-matrimonio-a-Livorno-Dafne-e-Ciro-racconto-viaggio-africa-100-scaled.webp\" title=\"Diego Giusti fotografo matrimonio a Livorno- Dafne e Ciro - racconto viaggio africa 100\"><div class=\"bt_bb_css_image_grid_item_inner\"><div class=\"bt_bb_css_image_grid_item_inner_image\"><img src=\"https:\/\/diegogiusti.it\/wp-content\/uploads\/2025\/11\/Diego-Giusti-fotografo-matrimonio-a-Livorno-Dafne-e-Ciro-racconto-viaggio-africa-100-1280x852.webp\" data-src-full=\"https:\/\/diegogiusti.it\/wp-content\/uploads\/2025\/11\/Diego-Giusti-fotografo-matrimonio-a-Livorno-Dafne-e-Ciro-racconto-viaggio-africa-100-scaled.webp\" title=\"Diego Giusti fotografo matrimonio a Livorno- Dafne e Ciro - racconto viaggio africa 100\" alt=\"Diego Giusti fotografo matrimonio a Livorno- Dafne e Ciro - racconto viaggio africa 100\"\/><\/div><div class=\"bt_bb_css_image_grid_item_inner_content\"><\/div><\/div><\/div><div class=\"bt_bb_css_image_grid_item bt_bb_tile_format_11\" data-src-full=\"https:\/\/diegogiusti.it\/wp-content\/uploads\/2025\/11\/Diego-Giusti-fotografo-matrimonio-a-Livorno-Dafne-e-Ciro-racconto-viaggio-africa-101-scaled.webp\" title=\"Diego Giusti fotografo matrimonio a Livorno- Dafne e Ciro - racconto viaggio africa 101\"><div class=\"bt_bb_css_image_grid_item_inner\"><div class=\"bt_bb_css_image_grid_item_inner_image\"><img src=\"https:\/\/diegogiusti.it\/wp-content\/uploads\/2025\/11\/Diego-Giusti-fotografo-matrimonio-a-Livorno-Dafne-e-Ciro-racconto-viaggio-africa-101-1280x853.webp\" data-src-full=\"https:\/\/diegogiusti.it\/wp-content\/uploads\/2025\/11\/Diego-Giusti-fotografo-matrimonio-a-Livorno-Dafne-e-Ciro-racconto-viaggio-africa-101-scaled.webp\" title=\"Diego Giusti fotografo matrimonio a Livorno- Dafne e Ciro - racconto viaggio africa 101\" alt=\"Diego Giusti fotografo matrimonio a Livorno- Dafne e Ciro - racconto viaggio africa 101\"\/><\/div><div class=\"bt_bb_css_image_grid_item_inner_content\"><\/div><\/div><\/div><\/div><\/div><div data-bb-version=\"5.4.7\" class=\"bt_bb_separator bt_bb_border_style_none bt_bb_top_spacing_small bt_bb_bottom_spacing_small\" data-bt-override-class=\"{&quot;bt_bb_top_spacing_&quot;:{&quot;current_class&quot;:&quot;bt_bb_top_spacing_small&quot;,&quot;def&quot;:&quot;small&quot;},&quot;bt_bb_bottom_spacing_&quot;:{&quot;current_class&quot;:&quot;bt_bb_bottom_spacing_small&quot;,&quot;def&quot;:&quot;small&quot;}}\"><\/div><\/div><\/div><\/div><\/div><\/div><\/div><!-- cell_inner --><\/div><!-- cell --><\/div><!-- port --><\/section><section data-bb-version=\"5.0.0\" id=\"bt_bb_section69f20eb3b82be\" class=\"bt_bb_section bt_bb_layout_boxed_1200 bt_bb_vertical_align_top bt_bb_top_spacing_normal bt_bb_bottom_spacing_normal\"  data-bt-override-class=\"{&quot;bt_bb_top_spacing_&quot;:{&quot;current_class&quot;:&quot;bt_bb_top_spacing_normal&quot;,&quot;def&quot;:&quot;normal&quot;},&quot;bt_bb_bottom_spacing_&quot;:{&quot;current_class&quot;:&quot;bt_bb_bottom_spacing_normal&quot;,&quot;def&quot;:&quot;normal&quot;}}\"><div class=\"bt_bb_port\"><div class=\"bt_bb_cell\"><div class=\"bt_bb_cell_inner\"><div class=\"bt_bb_row\"  data-bt-override-class=\"{}\"><div class=\"bt_bb_row_holder\" ><div data-bb-version=\"5.0.0\"  class=\"bt_bb_column col-xxl-12 col-xl-12 col-xs-12 col-sm-12 col-md-12 col-lg-12 bt_bb_vertical_align_top bt_bb_align_center bt_bb_padding_normal\" style=\"; --column-width:12;\" data-width=\"12\" data-bt-override-class=\"{&quot;bt_bb_align_&quot;:{&quot;current_class&quot;:&quot;bt_bb_align_center&quot;,&quot;def&quot;:&quot;center&quot;},&quot;bt_bb_padding_&quot;:{&quot;current_class&quot;:&quot;bt_bb_padding_normal&quot;,&quot;def&quot;:&quot;normal&quot;}}\"><div class=\"bt_bb_column_content\"><div class=\"bt_bb_column_content_inner\"><div data-bb-version=\"5.0.0\"  class=\"bt_bb_text\" ><\/p>\n<h3 style=\"text-align: center;\">Ti \u00e8 piaciuto il mio racconto fotografico?<\/h3>\n<p>\n<\/div><div data-bb-version=\"5.0.0\" class=\"bt_bb_separator bt_bb_border_style_none bt_bb_top_spacing_small bt_bb_bottom_spacing_small\" data-bt-override-class=\"{&quot;bt_bb_top_spacing_&quot;:{&quot;current_class&quot;:&quot;bt_bb_top_spacing_small&quot;,&quot;def&quot;:&quot;small&quot;},&quot;bt_bb_bottom_spacing_&quot;:{&quot;current_class&quot;:&quot;bt_bb_bottom_spacing_small&quot;,&quot;def&quot;:&quot;small&quot;}}\"><\/div><div data-bb-version=\"5.0.0\" class=\"bt_bb_button bt_bb_icon_position_left bt_bb_style_outline bt_bb_size_normal bt_bb_width_inline bt_bb_shape_inherit bt_bb_target_self bt_bb_text_transform_inherit bt_bb_align_center btWithText\" data-bt-override-class=\"{&quot;bt_bb_size_&quot;:{&quot;current_class&quot;:&quot;bt_bb_size_normal&quot;,&quot;def&quot;:&quot;normal&quot;},&quot;bt_bb_align_&quot;:{&quot;current_class&quot;:&quot;bt_bb_align_center&quot;,&quot;def&quot;:&quot;center&quot;}}\"><a href=\"https:\/\/diegogiusti.it\/en\/contatti-miglior-fotografo-matrimonio-livorno-toscana\/\" target=\"_self\" class=\"bt_bb_link\" title=\"Contattami e prenota una consulenza\"><span class=\"bt_bb_button_text\" >Contattami e prenota una consulenza<\/span><\/a><\/div><\/div><\/div><\/div><\/div><\/div><\/div><!-- cell_inner --><\/div><!-- cell --><\/div><!-- port --><\/section><section data-bb-version=\"5.4.7\" id=\"bt_bb_section69f20eb3b862d\" class=\"bt_bb_section bt_bb_layout_boxed_1200\"  data-bt-override-class=\"null\"><div class=\"bt_bb_port\"><div class=\"bt_bb_cell\"><div class=\"bt_bb_cell_inner\"><div class=\"bt_bb_row\"  data-bt-override-class=\"{}\"><div class=\"bt_bb_row_holder\" ><div data-bb-version=\"5.4.7\"  class=\"bt_bb_column col-xxl-4 col-xl-4 col-xs-12 col-sm-12 col-md-12 col-lg-4 bt_bb_vertical_align_top bt_bb_align_left bt_bb_padding_normal\" style=\"; --column-width:4;\" data-width=\"4\" data-bt-override-class=\"{}\"><div class=\"bt_bb_column_content\"><div class=\"bt_bb_column_content_inner\"><div class=\"bt_bb_raw_content\"><!DOCTYPE html>\n<html lang=\"it\">\n<head>\n    <meta charset=\"UTF-8\">\n    <meta name=\"viewport\" content=\"width=device-width, initial-scale=1.0\">\n    <title>Foto e Testo con Link<\/title>\n    <style>\n        .container {\n            display: flex;\n            align-items: center;\n            gap: 30px;\n            max-width: 1000px;\n            margin: 0 auto;\n            padding: 20px;\n            font-family: Arial, sans-serif;\n            min-height: 200px;\n        }\n\n        .foto {\n            flex: 0 0 200px;\n        }\n\n        .foto-link {\n            display: block;\n            text-decoration: none;\n            transition: transform 0.3s ease;\n        }\n\n        .foto-link:hover {\n            transform: scale(1.05);\n        }\n\n        .foto-link img {\n            width: 100%;\n            height: auto;\n            border-radius: 8px;\n            box-shadow: 0 4px 8px rgba(0,0,0,0.1);\n            transition: box-shadow 0.3s ease;\n        }\n\n        .foto-link:hover img {\n            box-shadow: 0 6px 12px rgba(0,0,0,0.2);\n        }\n\n        .testo {\n            flex: 1;\n        }\n\n        .testo-link {\n            text-decoration: none;\n            color: inherit;\n            display: block;\n        }\n\n        .testo-link:hover h2 {\n            color: #0066cc;\n        }\n\n        .testo-link:hover .testo-content {\n            background-color: #f8f9fa;\n            border-radius: 8px;\n            padding: 15px;\n            margin: -15px;\n        }\n\n        .testo h2 {\n            color: #333;\n            margin-bottom: 15px;\n            transition: color 0.3s ease;\n        }\n\n        .testo p {\n            line-height: 1.6;\n            color: #666;\n            margin-bottom: 15px;\n            transition: color 0.3s ease;\n        }\n\n        .testo-link:hover p {\n            color: #333;\n        }\n\n        \/* Responsive per mobile *\/\n        @media (max-width: 768px) {\n            .container {\n                flex-direction: column;\n                align-items: flex-start;\n                gap: 20px;\n            }\n            \n            .foto {\n                flex: 0 0 auto;\n                width: 100%;\n                max-width: 250px;\n                margin: 0 auto;\n            }\n        }\n    <\/style>\n<\/head>\n<body>\n    <div class=\"container\">\n        <div class=\"foto\">\n            <a href=\"https:\/\/diegogiusti.it\/en\/realwedding-new-elisabetta-e-samiel\/\" class=\"foto-link\" target=\"_blank\">\n                <img src=\"https:\/\/diegogiusti.it\/wp-content\/uploads\/2025\/11\/Diego-Giusti-realwedding-2025-matrimonio-Elisabetta-Samiel-i-007.webp\" alt=\"Foto descrittiva\">\n            <\/a>\n        <\/div>\n        <div class=\"testo\">\n            <a href=\"https:\/\/diegogiusti.it\/en\/realwedding-new-elisabetta-e-samiel\/\" class=\"testo-link\" target=\"_blank\">\n                <div class=\"testo-content\">\n                    <h6>Un ponte tra due culture destinate ad incontrarsi<\/h6>\n                <\/div>\n            <\/a>\n        <\/div>\n    <\/div>\n<\/body>\n<\/html><\/div><\/div><\/div><\/div><div data-bb-version=\"5.4.7\"  class=\"bt_bb_column col-xxl-4 col-xl-4 col-xs-12 col-sm-12 col-md-12 col-lg-4 bt_bb_vertical_align_top bt_bb_align_left bt_bb_padding_normal\" style=\"; --column-width:4;\" data-width=\"4\" data-bt-override-class=\"{}\"><div class=\"bt_bb_column_content\"><div class=\"bt_bb_column_content_inner\"><\/div><\/div><\/div><div data-bb-version=\"5.4.7\"  class=\"bt_bb_column col-xxl-4 col-xl-4 col-xs-12 col-sm-12 col-md-12 col-lg-4 bt_bb_vertical_align_top bt_bb_align_left bt_bb_padding_normal\" style=\"; --column-width:4;\" data-width=\"4\" data-bt-override-class=\"{}\"><div class=\"bt_bb_column_content\"><div class=\"bt_bb_column_content_inner\"><div class=\"bt_bb_raw_content\"><!DOCTYPE html>\n<html lang=\"it\">\n<head>\n    <meta charset=\"UTF-8\">\n    <meta name=\"viewport\" content=\"width=device-width, initial-scale=1.0\">\n    <title>Foto e Testo con Link<\/title>\n    <style>\n        .container {\n            display: flex;\n            align-items: center;\n            gap: 30px;\n            max-width: 1000px;\n            margin: 0 auto;\n            padding: 20px;\n            font-family: Arial, sans-serif;\n            min-height: 200px;\n        }\n\n        .foto {\n            flex: 0 0 200px;\n        }\n\n        .foto-link {\n            display: block;\n            text-decoration: none;\n            transition: transform 0.3s ease;\n        }\n\n        .foto-link:hover {\n            transform: scale(1.05);\n        }\n\n        .foto-link img {\n            width: 100%;\n            height: auto;\n            border-radius: 8px;\n            box-shadow: 0 4px 8px rgba(0,0,0,0.1);\n            transition: box-shadow 0.3s ease;\n        }\n\n        .foto-link:hover img {\n            box-shadow: 0 6px 12px rgba(0,0,0,0.2);\n        }\n\n        .testo {\n            flex: 1;\n        }\n\n        .testo-link {\n            text-decoration: none;\n            color: inherit;\n            display: block;\n        }\n\n        .testo-link:hover h2 {\n            color: #0066cc;\n        }\n\n        .testo-link:hover .testo-content {\n            background-color: #f8f9fa;\n            border-radius: 8px;\n            padding: 15px;\n            margin: -15px;\n        }\n\n        .testo h2 {\n            color: #333;\n            margin-bottom: 15px;\n            transition: color 0.3s ease;\n        }\n\n        .testo p {\n            line-height: 1.6;\n            color: #666;\n            margin-bottom: 15px;\n            transition: color 0.3s ease;\n        }\n\n        .testo-link:hover p {\n            color: #333;\n        }\n\n        \/* Responsive per mobile *\/\n        @media (max-width: 768px) {\n            .container {\n                flex-direction: column;\n                align-items: flex-start;\n                gap: 20px;\n            }\n            \n            .foto {\n                flex: 0 0 auto;\n                width: 100%;\n                max-width: 250px;\n                margin: 0 auto;\n            }\n        }\n    <\/style>\n<\/head>\n<body>\n    <div class=\"container\">\n        <div class=\"foto\">\n            <a href=\"https:\/\/diegogiusti.it\/en\/realwedding-new-nicole-e-giovanni\/\" class=\"foto-link\" target=\"_blank\">\n                <img src=\"https:\/\/diegogiusti.it\/wp-content\/uploads\/2025\/11\/Diego-Giusti-realwedding-2025-matrimonio-Nicole-Giovanni-002c.webp\" alt=\"Foto descrittiva\">\n            <\/a>\n        <\/div>\n        <div class=\"testo\">\n            <a href=\"https:\/\/diegogiusti.it\/en\/realwedding-new-nicole-e-giovanni\/\" class=\"testo-link\" target=\"_blank\">\n                <div class=\"testo-content\">\n                    <h6>Un matrimonio tra storia, emozioni e dettagli perfetti<\/h6>\n                <\/div>\n            <\/a>\n        <\/div>\n    <\/div>\n<\/body>\n<\/html><\/div><\/div><\/div><\/div><\/div><\/div><\/div><!-- cell_inner --><\/div><!-- cell --><\/div><!-- port --><\/section><\/p>","protected":false},"excerpt":{"rendered":"","protected":false},"author":2,"featured_media":0,"parent":0,"menu_order":0,"comment_status":"closed","ping_status":"closed","template":"","meta":[],"yoast_head":"<!-- This site is optimized with the Yoast SEO plugin v21.1 - https:\/\/yoast.com\/wordpress\/plugins\/seo\/ -->\n<title>realwedding new Dafne e Ciro - Diego Giusti Fotografo matrimoni Toscana<\/title>\n<meta name=\"description\" content=\"Servizio fotografico matrimoniale di Diego Giusti per una cerimonia nella splendida villa del 1400 di Corliano a San Giuliano Terme\" \/>\n<meta name=\"robots\" content=\"index, follow, max-snippet:-1, max-image-preview:large, max-video-preview:-1\" \/>\n<link rel=\"canonical\" href=\"https:\/\/diegogiusti.it\/en\/realwedding-new-dafne-e-ciro\/\" \/>\n<meta property=\"og:locale\" content=\"en_GB\" \/>\n<meta property=\"og:type\" content=\"article\" \/>\n<meta property=\"og:title\" content=\"realwedding new Dafne e Ciro - Diego Giusti Fotografo matrimoni Toscana\" \/>\n<meta property=\"og:description\" content=\"Servizio fotografico matrimoniale di Diego Giusti per una cerimonia nella splendida villa del 1400 di Corliano a San Giuliano Terme\" \/>\n<meta property=\"og:url\" content=\"https:\/\/diegogiusti.it\/en\/realwedding-new-dafne-e-ciro\/\" \/>\n<meta property=\"og:site_name\" content=\"Diego Giusti Fotografo matrimoni Toscana\" \/>\n<meta property=\"article:publisher\" content=\"https:\/\/www.facebook.com\/diego.giusti.fotografo.livorno\" \/>\n<meta property=\"article:modified_time\" content=\"2026-02-02T18:42:05+00:00\" \/>\n<meta name=\"twitter:card\" content=\"summary_large_image\" \/>\n<meta name=\"twitter:label1\" content=\"Estimated reading time\" \/>\n\t<meta name=\"twitter:data1\" content=\"6 minutes\" \/>\n<script type=\"application\/ld+json\" class=\"yoast-schema-graph\">{\"@context\":\"https:\/\/schema.org\",\"@graph\":[{\"@type\":\"WebPage\",\"@id\":\"https:\/\/diegogiusti.it\/realwedding-new-dafne-e-ciro\/\",\"url\":\"https:\/\/diegogiusti.it\/realwedding-new-dafne-e-ciro\/\",\"name\":\"realwedding new Dafne e Ciro - Diego Giusti Fotografo matrimoni Toscana\",\"isPartOf\":{\"@id\":\"https:\/\/diegogiusti.it\/#website\"},\"datePublished\":\"2026-01-29T17:34:30+00:00\",\"dateModified\":\"2026-02-02T18:42:05+00:00\",\"description\":\"Servizio fotografico matrimoniale di Diego Giusti per una cerimonia nella splendida villa del 1400 di Corliano a San Giuliano Terme\",\"breadcrumb\":{\"@id\":\"https:\/\/diegogiusti.it\/realwedding-new-dafne-e-ciro\/#breadcrumb\"},\"inLanguage\":\"en-GB\",\"potentialAction\":[{\"@type\":\"ReadAction\",\"target\":[\"https:\/\/diegogiusti.it\/realwedding-new-dafne-e-ciro\/\"]}]},{\"@type\":\"BreadcrumbList\",\"@id\":\"https:\/\/diegogiusti.it\/realwedding-new-dafne-e-ciro\/#breadcrumb\",\"itemListElement\":[{\"@type\":\"ListItem\",\"position\":1,\"name\":\"Home\",\"item\":\"https:\/\/diegogiusti.it\/\"},{\"@type\":\"ListItem\",\"position\":2,\"name\":\"realwedding new Dafne e Ciro\"}]},{\"@type\":\"WebSite\",\"@id\":\"https:\/\/diegogiusti.it\/#website\",\"url\":\"https:\/\/diegogiusti.it\/\",\"name\":\"Diego Giusti Fotografo matrimoni Toscana\",\"description\":\"Diego Giusti Fotografo per Matrimoni a Livorno\",\"publisher\":{\"@id\":\"https:\/\/diegogiusti.it\/#organization\"},\"potentialAction\":[{\"@type\":\"SearchAction\",\"target\":{\"@type\":\"EntryPoint\",\"urlTemplate\":\"https:\/\/diegogiusti.it\/?s={search_term_string}\"},\"query-input\":\"required name=search_term_string\"}],\"inLanguage\":\"en-GB\"},{\"@type\":\"Organization\",\"@id\":\"https:\/\/diegogiusti.it\/#organization\",\"name\":\"Diego Giusti Fotografo matrimoni Toscana\",\"url\":\"https:\/\/diegogiusti.it\/\",\"logo\":{\"@type\":\"ImageObject\",\"inLanguage\":\"en-GB\",\"@id\":\"https:\/\/diegogiusti.it\/#\/schema\/logo\/image\/\",\"url\":\"https:\/\/diegogiusti.it\/wp-content\/uploads\/2022\/10\/Diego-Giusti-logo_fotografo-matrimoni2.png\",\"contentUrl\":\"https:\/\/diegogiusti.it\/wp-content\/uploads\/2022\/10\/Diego-Giusti-logo_fotografo-matrimoni2.png\",\"width\":1653,\"height\":413,\"caption\":\"Diego Giusti Fotografo matrimoni Toscana\"},\"image\":{\"@id\":\"https:\/\/diegogiusti.it\/#\/schema\/logo\/image\/\"},\"sameAs\":[\"https:\/\/www.facebook.com\/diego.giusti.fotografo.livorno\",\"https:\/\/www.instagram.com\/diegogiusti_fotografo\/\"]}]}<\/script>\n<!-- \/ Yoast SEO plugin. -->","yoast_head_json":{"title":"realwedding new Dafne e Ciro - Diego Giusti Fotografo matrimoni Toscana","description":"Servizio fotografico matrimoniale di Diego Giusti per una cerimonia nella splendida villa del 1400 di Corliano a San Giuliano Terme","robots":{"index":"index","follow":"follow","max-snippet":"max-snippet:-1","max-image-preview":"max-image-preview:large","max-video-preview":"max-video-preview:-1"},"canonical":"https:\/\/diegogiusti.it\/en\/realwedding-new-dafne-e-ciro\/","og_locale":"en_GB","og_type":"article","og_title":"realwedding new Dafne e Ciro - Diego Giusti Fotografo matrimoni Toscana","og_description":"Servizio fotografico matrimoniale di Diego Giusti per una cerimonia nella splendida villa del 1400 di Corliano a San Giuliano Terme","og_url":"https:\/\/diegogiusti.it\/en\/realwedding-new-dafne-e-ciro\/","og_site_name":"Diego Giusti Fotografo matrimoni Toscana","article_publisher":"https:\/\/www.facebook.com\/diego.giusti.fotografo.livorno","article_modified_time":"2026-02-02T18:42:05+00:00","twitter_card":"summary_large_image","twitter_misc":{"Estimated reading time":"6 minutes"},"schema":{"@context":"https:\/\/schema.org","@graph":[{"@type":"WebPage","@id":"https:\/\/diegogiusti.it\/realwedding-new-dafne-e-ciro\/","url":"https:\/\/diegogiusti.it\/realwedding-new-dafne-e-ciro\/","name":"realwedding new Dafne e Ciro - Diego Giusti Fotografo matrimoni Toscana","isPartOf":{"@id":"https:\/\/diegogiusti.it\/#website"},"datePublished":"2026-01-29T17:34:30+00:00","dateModified":"2026-02-02T18:42:05+00:00","description":"Servizio fotografico matrimoniale di Diego Giusti per una cerimonia nella splendida villa del 1400 di Corliano a San Giuliano Terme","breadcrumb":{"@id":"https:\/\/diegogiusti.it\/realwedding-new-dafne-e-ciro\/#breadcrumb"},"inLanguage":"en-GB","potentialAction":[{"@type":"ReadAction","target":["https:\/\/diegogiusti.it\/realwedding-new-dafne-e-ciro\/"]}]},{"@type":"BreadcrumbList","@id":"https:\/\/diegogiusti.it\/realwedding-new-dafne-e-ciro\/#breadcrumb","itemListElement":[{"@type":"ListItem","position":1,"name":"Home","item":"https:\/\/diegogiusti.it\/"},{"@type":"ListItem","position":2,"name":"realwedding new Dafne e Ciro"}]},{"@type":"WebSite","@id":"https:\/\/diegogiusti.it\/#website","url":"https:\/\/diegogiusti.it\/","name":"Diego Giusti Fotografo matrimoni Toscana","description":"Diego Giusti Wedding Photographer in Livorno","publisher":{"@id":"https:\/\/diegogiusti.it\/#organization"},"potentialAction":[{"@type":"SearchAction","target":{"@type":"EntryPoint","urlTemplate":"https:\/\/diegogiusti.it\/?s={search_term_string}"},"query-input":"required name=search_term_string"}],"inLanguage":"en-GB"},{"@type":"Organization","@id":"https:\/\/diegogiusti.it\/#organization","name":"Diego Giusti Fotografo matrimoni Toscana","url":"https:\/\/diegogiusti.it\/","logo":{"@type":"ImageObject","inLanguage":"en-GB","@id":"https:\/\/diegogiusti.it\/#\/schema\/logo\/image\/","url":"https:\/\/diegogiusti.it\/wp-content\/uploads\/2022\/10\/Diego-Giusti-logo_fotografo-matrimoni2.png","contentUrl":"https:\/\/diegogiusti.it\/wp-content\/uploads\/2022\/10\/Diego-Giusti-logo_fotografo-matrimoni2.png","width":1653,"height":413,"caption":"Diego Giusti Fotografo matrimoni Toscana"},"image":{"@id":"https:\/\/diegogiusti.it\/#\/schema\/logo\/image\/"},"sameAs":["https:\/\/www.facebook.com\/diego.giusti.fotografo.livorno","https:\/\/www.instagram.com\/diegogiusti_fotografo\/"]}]}},"_links":{"self":[{"href":"https:\/\/diegogiusti.it\/en\/wp-json\/wp\/v2\/pages\/11090"}],"collection":[{"href":"https:\/\/diegogiusti.it\/en\/wp-json\/wp\/v2\/pages"}],"about":[{"href":"https:\/\/diegogiusti.it\/en\/wp-json\/wp\/v2\/types\/page"}],"author":[{"embeddable":true,"href":"https:\/\/diegogiusti.it\/en\/wp-json\/wp\/v2\/users\/2"}],"replies":[{"embeddable":true,"href":"https:\/\/diegogiusti.it\/en\/wp-json\/wp\/v2\/comments?post=11090"}],"version-history":[{"count":13,"href":"https:\/\/diegogiusti.it\/en\/wp-json\/wp\/v2\/pages\/11090\/revisions"}],"predecessor-version":[{"id":11581,"href":"https:\/\/diegogiusti.it\/en\/wp-json\/wp\/v2\/pages\/11090\/revisions\/11581"}],"wp:attachment":[{"href":"https:\/\/diegogiusti.it\/en\/wp-json\/wp\/v2\/media?parent=11090"}],"curies":[{"name":"wp","href":"https:\/\/api.w.org\/{rel}","templated":true}]}}